[{"channel_id":1006047431,"post_id":5061,"date":1787938363000,"views":"5","text":"<a target=\"_blank\" rel=\"noreferrer nofollow\" href=\"https:\/\/www.youtube.com\/watch?v=cvOM33d54Hw\">https:\/\/www.youtube.com\/watch?v=cvOM33d54Hw<\/a>","text_length":43},{"channel_id":1006047431,"post_id":5060,"date":1787678867000,"views":"12","text":"<a target=\"_blank\" rel=\"noreferrer nofollow\" href=\"https:\/\/www.youtube.com\/shorts\/zUqaY_C5y6o\">https:\/\/www.youtube.com\/shorts\/zUqaY_C5y6o<\/a>","text_length":42,"media":{"root":"\/013\/xBMAAMcQ9zsAAAAA0_Cd4C7LUi4","webpage":{"url":"https:\/\/youtube.com\/shorts\/zUqaY_C5y6o","type":"video","title":"La moneda que cae","site_name":"YouTube","display_url":"youtube.com\/shorts\/zUqaY_C5y6o","description":"Enjoy the videos and music you love, upload original content, and share it all with friends, family, and the world on YouTube.","thumbs":{"m":{"w":180,"h":320,"hash":"kMl8P26Jp98JYXGz81DsLg&ts=1788177738"},"x":{"w":405,"h":720,"hash":"kl0_0aJclMh3w6VAuvTdsw&ts=1788177738"},"i":{"bytes":"AoABc|CuMKQNhPGetPBBx+7PPvTiASDyOKYIwCDvfj3rW0jO6IZwGjB27ecdaKluAPJAGetFKzGrD3YrJgbcY7ilWeMxqMgyE+nHWkO1nyc5HHWmiGMbThuPem0xXQ2bc9vk4+8MYGKKW4IFuVUdMdaKWo0IJsOQQKcLhDt+7z9aKKm7CxHNJvibgAcdKKKKLsLH\/9k="}},"embed":{"url":"https:\/\/www.youtube.com\/embed\/zUqaY_C5y6o","type":"iframe","w":405,"h":720}}}},{"channel_id":1006047431,"post_id":5059,"date":1787505053000,"views":"15","text":"<a target=\"_blank\" rel=\"noreferrer nofollow\" href=\"https:\/\/www.youtube.com\/watch?v=GRSjVJ1O_DQ\">https:\/\/www.youtube.com\/watch?v=GRSjVJ1O_DQ<\/a>","text_length":43,"media":{"root":"\/00c\/wxMAAMcQ9zsAAAAATAVaobvYGTQ","webpage":{"url":"https:\/\/youtube.com\/watch?v=GRSjVJ1O_DQ","type":"video","title":"Algo muy peligroso se est\u00e1 descongelando en el \u00c1rtico","site_name":"YouTube","display_url":"youtube.com\/watch?v=GRSjVJ1O_DQ","description":"Publi \ud83d\udc49 Obt\u00e9n una prueba gratuita de 30 d\u00edas en MyHeritage y usa el c\u00f3digo CDE19 para conseguir el env\u00edo gratis. Desde $19 puedes conocer m\u00e1s sobre tu ADN y tus ancestros: https:\/\/bit.ly\/CdeCiencia2\n\nEl permafrost se est\u00e1 descongelando y con \u00e9l despiertan virus y bacterias de hace miles de a\u00f1os. En este v\u00eddeo exploramos qu\u00e9 es el permafrost, por qu\u00e9 guarda pat\u00f3genos \"dormidos\" durante milenios, qu\u00e9 pas\u00f3 en el brote de \u00e1ntrax de Siberia en 2016, y qu\u00e9 sabemos sobre los virus gigantes y bacterias resistentes a antibi\u00f3ticos hallados en el hielo \u00e1rtico. \u00bfEs realmente un riesgo para la humanidad?\n\nReferencias:\n\nhttps:\/\/www.npr.org\/sections\/goatsandsoda\/2016\/08\/03\/488400947\/anthrax-outbreak-in-russia-thought-to-be-result-of-thawing-permafrost\nhttps:\/\/link.springer.com\/article\/10.1007\/s10393-021-01549-5\nhttps:\/\/www.pnas.org\/doi\/10.1073\/pnas.1320670111\nhttps:\/\/www.cnn.com\/2023\/03\/08\/world\/permafrost-virus-risk-climate-scn\nhttps:\/\/www.eurekalert.org\/news-releases\/932720\nhttps:\/\/journals.plos.org\/plosone\/article?id=10.1371%2Fjournal.pone.0069533\nhttps:\/\/www.nature.com\/articles\/nature10388\nhttps:\/\/www.livescience.com\/planet-earth\/arctic\/siberias-gateway-to-the-underworld-megaslump-is-revealing-650000-year-old-secrets-from-its-permafrost\nhttps:\/\/doi.org\/10.3390\/microorganisms8101522\nhttps:\/\/pmc.ncbi.nlm.nih.gov\/articles\/PMC11623853\/\nhttps:\/\/www.cam.ac.uk\/research\/news\/neanderthals-may-have-been-infected-by-diseases-carried-out-of-africa-by-humans-say-researchers\nhttps:\/\/news.berkeley.edu\/2019\/11\/20\/deadly-human-diseases-may-have-killed-off-the-neanderthals\/\nhttps:\/\/www.nationalgeographic.com\/culture\/article\/140303-giant-virus-permafrost-siberia-pithovirus-pandoravirus-science\nhttps:\/\/www.scientificamerican.com\/article\/zombie-anthrax-goes-on-a-killing-spree-in-siberia-how\/\nhttps:\/\/www.nature.com\/articles\/s41467-019-12862-7","thumbs":{"m":{"w":320,"h":180,"hash":"pE9bBNof5vyF5QZc14371A&ts=1788177738"},"x":{"w":800,"h":450,"hash":"hs1jV6-nUikTa2oCtgKB3w&ts=1788177738"},"y":{"w":1280,"h":720,"hash":"zQTYX2WGUu704bS10If9AQ&ts=1788177738"},"i":{"bytes":"AXACg|C55YxTZI2x+765\/SqH22Unhhj\/AHKet6\/8TEH\/AHRTEtC15cmOVOfrTSJAv3T1qA3sg\/5aL+VR\/bJs\/MeP90UrFX8icpISeOPrRURvyO+f+A0UCbv0KgkLYIGF74604EFzy2360UUGTYMwQAjqTj6VGz\/3iTz2oopjQ4SDGFHfrRRRTQH\/2Q=="}},"embed":{"url":"https:\/\/www.youtube.com\/embed\/GRSjVJ1O_DQ","type":"iframe","w":1280,"h":720}}}},{"channel_id":1006047431,"post_id":5058,"date":1787355965000,"views":"4","text":"<a target=\"_blank\" rel=\"noreferrer nofollow\" href=\"https:\/\/www.youtube.com\/shorts\/seKDgHYHjvM\">https:\/\/www.youtube.com\/shorts\/seKDgHYHjvM<\/a>","text_length":42,"media":{"root":"\/00d\/whMAAMcQ9zsAAAAAdhTd11aCFQA","webpage":{"url":"https:\/\/youtube.com\/shorts\/seKDgHYHjvM","type":"video","title":"Terremoto en el ascensor","site_name":"YouTube","display_url":"youtube.com\/shorts\/seKDgHYHjvM","description":"Enjoy the videos and music you love, upload original content, and share it all with friends, family, and the world on YouTube.","thumbs":{"m":{"w":180,"h":320,"hash":"Kp6G1BZ33fUXb1q979ofYg&ts=1788177738"},"x":{"w":405,"h":720,"hash":"bJYBR3lptLH9Yv3f9Vk-vA&ts=1788177738"},"i":{"bytes":"AoABc|ChEn3atLFuHSmuoRlAGOasR425bNS3odCiU5oSvPY0VYuF+XrxniihN2DlIgQ+TjHfBqzE26PrjHas+OSQHp8p61KZCPUD6VtZSjbYzUrO5NNIJOmOKKqvIFOBzRRyQ7g6jEjvGXqq\/lUpvgR\/qx+dFFZmZVllDtkLiiiigD\/\/2Q=="}},"embed":{"url":"https:\/\/www.youtube.com\/embed\/seKDgHYHjvM","type":"iframe","w":405,"h":720}}}},{"channel_id":1006047431,"post_id":5057,"date":1787245873000,"views":"15","text":"<a target=\"_blank\" rel=\"noreferrer nofollow\" href=\"https:\/\/www.youtube.com\/shorts\/ZjAoAnvxwHg\">https:\/\/www.youtube.com\/shorts\/ZjAoAnvxwHg<\/a>","text_length":42,"media":{"root":"\/006\/wRMAAMcQ9zsAAAAAsSrK_aaEH6E","webpage":{"url":"https:\/\/www.youtube.com\/shorts\/ZjAoAnvxwHg","type":"video","title":"La raz\u00f3n por la que no tuviste infancia","site_name":"YouTube","display_url":"youtube.com\/shorts\/ZjAoAnvxwHg","description":"Enjoy the videos and music you love, upload original content, and share it all with friends, family, and the world on YouTube.","thumbs":{"m":{"w":180,"h":320,"hash":"PqLTMM5hLv_pzgnNyXpYFQ&ts=1788177738"},"x":{"w":405,"h":720,"hash":"o7aFWqkMWKpI8NdSyT0VZw&ts=1788177738"},"i":{"bytes":"AoABc|CU8DJpgmB7GiQ\/u2x6VCkjYxlTjrUGiVywHU8ZAPoeKKpmUkkBtwPYiiiwgluC6kLwDUO98YNAo+lBdiwWhgKsp5xn60VXxxRRcTQSDZIVHQUCiikNCgc0UUUAz\/\/Z"}},"embed":{"url":"https:\/\/www.youtube.com\/embed\/ZjAoAnvxwHg","type":"iframe","w":405,"h":720}}}},{"channel_id":1006047431,"post_id":5056,"date":1786642671000,"views":"18","text":"<a target=\"_blank\" rel=\"noreferrer nofollow\" href=\"https:\/\/www.youtube.com\/watch?v=A2_pDKi04do\">https:\/\/www.youtube.com\/watch?v=A2_pDKi04do<\/a>","text_length":43,"media":{"root":"\/011\/wBMAAMcQ9zsAAAAAcnqMfnpuiyw","webpage":{"url":"https:\/\/www.youtube.com\/watch?v=A2_pDKi04do","type":"video","title":"Ciencia hace un balance \"positivo\" del eclipse","site_name":"YouTube","display_url":"youtube.com\/watch?v=A2_pDKi04do","description":"El Ministerio de Ciencia, Innovaci\u00f3n y Universidades ha ofrecido este jueves un balance \"muy positivo\" del eclipse solar de ayer, seg\u00fan han se\u00f1alado fuentes ministeriales. Adem\u00e1s, ha felicitado a la ciudadan\u00eda por haber seguido este fen\u00f3meno astron\u00f3mico \"con responsabilidad\" y, especialmente, por haber atendido las recomendaciones de seguridad y protecci\u00f3n de la visi\u00f3n.\n\nPuedes leer la noticia en: https:\/\/www.europapress.es\/ciencia\/laboratorio\/noticia-ciencia-hace-balance-positivo-eclipse-felicita-ciudadania-seguirlo-responsabilidad-20260813111323.html\n\nVisto en: https:\/\/www.youtube.com\/cienciaplus\n\n\n#noticias #MinisteriodeCiencia #Universidades #Eclipsesolar #responsabilidad #gafas #balance #positivo #cienciaep #2026 #13\/08\/2026 #08\/13\/2026 #epd","thumbs":{"m":{"w":320,"h":180,"hash":"8Yqys5XjVwrTEBdGgq8tSQ&ts=1788177738"},"x":{"w":800,"h":450,"hash":"mFuv-_M7vbLeDya1AVOWwA&ts=1788177738"},"y":{"w":1280,"h":720,"hash":"NT2Uva9SiVNAvLVZY2A5dQ&ts=1788177738"},"i":{"bytes":"AXACg|CgsqAD92px696XaGy5G1R6VBUzc2pA7HJpMY3zI84KHHrmkli2gMvKnoahxVstiyRT15ND0BFM0U4iimIvqIdoyq5x6GlHlY6KOfeiioN7ARCFyEQn6Gq87Bm4GMUUUxS0RDiiiiqMT\/\/Z"}},"embed":{"url":"https:\/\/www.youtube.com\/embed\/A2_pDKi04do","type":"iframe","w":1280,"h":720}}}},{"channel_id":1006047431,"post_id":5055,"date":1786579461000,"views":"3","text":"<a target=\"_blank\" rel=\"noreferrer nofollow\" href=\"https:\/\/www.youtube.com\/watch?v=izZMVlwD0uI\">https:\/\/www.youtube.com\/watch?v=izZMVlwD0uI<\/a>","text_length":43,"media":{"root":"\/00d\/vxMAAMcQ9zsAAAAAdhTd11aCFQA","webpage":{"url":"https:\/\/www.youtube.com\/watch?v=izZMVlwD0uI","type":"video","title":"El eclipse total de Sol sume a m\u00e1s de la mitad de Espa\u00f1a en una profunda e hist\u00f3rica oscuridad","site_name":"YouTube","display_url":"youtube.com\/watch?v=izZMVlwD0uI","description":"El eclipse total de Sol ha sumido este mi\u00e9rcoles 12 de agosto a m\u00e1s de la mitad del pa\u00eds en una profunda e hist\u00f3rica oscuridad, trat\u00e1ndose del primer eclipse de estas caracter\u00edsticas en la Pen\u00ednsula Ib\u00e9rica desde hace m\u00e1s de 100 a\u00f1os. Y es que desde 1912 no se produc\u00eda este fen\u00f3meno en nuestro pa\u00eds. \n\nPuedes leer la noticia en: https:\/\/www.europapress.es\/sociedad\/noticia-eclipse-solar-2026-espana-directo-ultima-hora-donde-verlo-horario-seguimiento-20260812080950.html\n\nVisto en: https:\/\/www.youtube.com\/cienciaplus\n\n\n#noticias #Eclipsesolar #cienciaep #2026 #12\/08\/2026 #08\/12\/2026 #epd","thumbs":{"m":{"w":320,"h":180,"hash":"EQY35njW_9vYLZlW05jyiw&ts=1788177738"},"x":{"w":800,"h":450,"hash":"pE72iixKHkgzw8y8zkEbMQ&ts=1788177738"},"y":{"w":1280,"h":720,"hash":"xMObKr5tXCLhKAPTa1LjQQ&ts=1788177738"},"i":{"bytes":"AXACg|CgsqAD92px696jchmyAAPQU2jPNAC0pHPBzSCnCgAAopRRSAZSYoopgLRRRQAuaKKKAP\/Z"}},"embed":{"url":"https:\/\/www.youtube.com\/embed\/izZMVlwD0uI","type":"iframe","w":1280,"h":720}}}},{"channel_id":1006047431,"post_id":5054,"date":1786579402000,"views":"4","text":"<a target=\"_blank\" rel=\"noreferrer nofollow\" href=\"https:\/\/www.youtube.com\/watch?v=1zIcUqmZIg0\">https:\/\/www.youtube.com\/watch?v=1zIcUqmZIg0<\/a>","text_length":43,"media":{"root":"\/003\/vhMAAMcQ9zsAAAAA8pMj9Nu2mqA","webpage":{"url":"https:\/\/www.youtube.com\/watch?v=1zIcUqmZIg0","type":"video","title":"El eclipse ha sido \"espectacular\" para los vecinos de Paracuellos de Jarama (Madrid)","site_name":"YouTube","display_url":"youtube.com\/watch?v=1zIcUqmZIg0","description":"Vecinos y visitantes que han presenciado el eclipse total de sol desde Paracuellos de Jarama (Madrid) han relatado su experiencia. \"Ha sido espectacular\" o \"ha sido impresionante\" han sido algunas de las frases m\u00e1s repetidas. \n\nPuedes leer la noticia en: https:\/\/www.europapress.es\/\n\nVisto en: https:\/\/www.youtube.com\/cienciaplus\n\n\n#noticias #Eclipsesolar #cienciaep #2026 #12\/08\/2026 #08\/12\/2026","thumbs":{"m":{"w":320,"h":180,"hash":"wuJ-Ifwn1mEQ1Be4dctgZg&ts=1788177738"},"x":{"w":800,"h":450,"hash":"EbIxbOMfhmPlMK-RtB2ZjA&ts=1788177738"},"y":{"w":1280,"h":720,"hash":"5qswEc4vRPQIMSBBb_CljQ&ts=1788177738"},"i":{"bytes":"AXACg|CisiAD92vHr3ppId+AAPQU0CpIwFYN6c0mMkiXOcnpT2URttcde9LA4Dlcgk0txh4hk\/MOhqL6mllYYJmORnA7cdKKgBINFVYi5YXySASF\/I0oMOei\/rRRQbJAPJHI2j3GaRthAGQOvrRRSCxC6BVyHDe2KKKKpGTWp\/\/Z"}},"embed":{"url":"https:\/\/www.youtube.com\/embed\/1zIcUqmZIg0","type":"iframe","w":1280,"h":720}}}},{"channel_id":1006047431,"post_id":5053,"date":1786579341000,"views":"4","text":"<a target=\"_blank\" rel=\"noreferrer nofollow\" href=\"https:\/\/www.youtube.com\/watch?v=yt5YGia2ILo\">https:\/\/www.youtube.com\/watch?v=yt5YGia2ILo<\/a>","text_length":43,"media":{"root":"\/006\/vRMAAMcQ9zsAAAAAsSrK_aaEH6E","webpage":{"url":"https:\/\/www.youtube.com\/watch?v=yt5YGia2ILo","type":"video","title":"As\u00ed se ha visto el eclipse solar total desde Paracuellos de Jarama (Madrid)","site_name":"YouTube","display_url":"youtube.com\/watch?v=yt5YGia2ILo","description":"Eclipse solar total desde Paracuellos de Jarama (Madrid).\n\nVisto en: https:\/\/www.youtube.com\/cienciaplus\n\n\n#noticias #Eclipsesolar #sol #luna #eclipse #madrid #cienciaep #2026 #12\/08\/2026 #08\/12\/2026","thumbs":{"m":{"w":320,"h":180,"hash":"tzjLK2lbgthBGAeJzuAThg&ts=1788177738"},"x":{"w":800,"h":450,"hash":"Dv0RfTjTBE1mD0mupnp_dw&ts=1788177738"},"y":{"w":1280,"h":720,"hash":"TmzFireAgWjaE2uSomcOog&ts=1788177738"},"i":{"bytes":"AXACg|Ckjrgfuwcevel2bmyBj2FRhwKcJ8dqQyQRUuzFR\/afakNwT2o1ESkAdDmioDMaKYFkCDaMqpOB2NG2DH3V\/I0UVJvYNsA\/hXp6GgrBg\/Ko\/A0UUDsU3IboMUUUUzBs\/9k="}},"embed":{"url":"https:\/\/www.youtube.com\/embed\/yt5YGia2ILo","type":"iframe","w":1280,"h":720}}}},{"channel_id":1006047431,"post_id":5052,"date":1786579282000,"views":"4","text":"<a target=\"_blank\" rel=\"noreferrer nofollow\" href=\"https:\/\/www.youtube.com\/watch?v=PeoJ3nlw3iU\">https:\/\/www.youtube.com\/watch?v=PeoJ3nlw3iU<\/a>","text_length":43,"media":{"root":"\/00d\/vBMAAMcQ9zsAAAAAdhTd11aCFQA","webpage":{"url":"https:\/\/www.youtube.com\/watch?v=PeoJ3nlw3iU","type":"video","title":"Vecinos de Paracuellos de Jarama esperan con ganas el eclipse","site_name":"YouTube","display_url":"youtube.com\/watch?v=PeoJ3nlw3iU","description":"Vecinos de Paracuellos de Jarama (Madrid) afirman que lo que m\u00e1s les va a sorprender del eclipse solar es \"que se oscurecer\u00e1 la ciudad entera\".  \n\nPuedes leer la noticia en: https:\/\/www.europapress.es\/\n\nVisto en: https:\/\/www.youtube.com\/cienciaplus\n\n\n#noticias #Eclipsesolar #paracuellosdeljarama #cienciaep #2026 #12\/08\/2026 #08\/12\/2026","thumbs":{"m":{"w":320,"h":180,"hash":"6847_2bp-Sd8K9vSlvFFLQ&ts=1788177738"},"x":{"w":800,"h":450,"hash":"ePT6vNE_61QNA8PkXLAEig&ts=1788177738"},"y":{"w":1280,"h":720,"hash":"EMBlt_0wMBJgk2AWDdY2FQ&ts=1788177738"},"i":{"bytes":"AXACg|CisiAD92px60h+ZsgAD2pmAM05WyMelIZK0YEIcH2Ip1uDsByAM96cWBjRSRweePakkOIyq9MDNIexPHtPG9R7iiqkYIO\/0ooYyXEJUZC5x70KIieFUdexoooNLC\/uRztX9aCYguPlwOcc80UUDsRmZACAmPxoooosZOTP\/9k="}},"embed":{"url":"https:\/\/www.youtube.com\/embed\/PeoJ3nlw3iU","type":"iframe","w":1280,"h":720}}}},{"channel_id":1006047431,"post_id":5051,"date":1786555495000,"views":"9","text":"<a target=\"_blank\" rel=\"noreferrer nofollow\" href=\"https:\/\/www.youtube.com\/watch?v=a5oE4tW-1zc\">https:\/\/www.youtube.com\/watch?v=a5oE4tW-1zc<\/a>","text_length":43,"media":{"root":"\/012\/uxMAAMcQ9zsAAAAATAJxvSfRO6A","webpage":{"url":"https:\/\/www.youtube.com\/watch?v=a5oE4tW-1zc","type":"video","title":"Espa\u00f1a vive hoy un hist\u00f3rico eclipse solar y se convierte en el epicentro astron\u00f3mico mundial","site_name":"YouTube","display_url":"youtube.com\/watch?v=a5oE4tW-1zc","description":"Este mi\u00e9rcoles 12 de agosto de 2026, Espa\u00f1a ser\u00e1 testigo de uno de los acontecimientos astron\u00f3micos del siglo: un eclipse solar total visible desde una franja del norte y el este peninsular. En esas zonas, la Luna tapar\u00e1 por completo el Sol, mientras que en el resto del pa\u00eds el fen\u00f3meno podr\u00e1 observarse de forma parcial.\n\n \n\nVisto en: https:\/\/www.youtube.com\/cienciaplus\n\n\n#noticias #Eclipsesolar #ciencia #sol #luna #sociedad #eclipsetotal #gafas #ceguera #ni\u00f1os #eclipseinclusivo #epsocial #cienciaep #2026 #12\/08\/2026 #08\/12\/2026 #epd","thumbs":{"m":{"w":320,"h":180,"hash":"cagqbVUmGF1nxGbeXvHGUw&ts=1788177738"},"x":{"w":800,"h":450,"hash":"9h30jZy9x04pV6eKeR9kvg&ts=1788177738"},"y":{"w":1280,"h":720,"hash":"QDBJ97kbswWDc4sSYbXrxA&ts=1788177738"},"i":{"bytes":"AXACg|Ckjrgfuwcevel2bmyBj2FIoqdMCpbKBIalWPFOEgHPekMtQyh4FFM82igCEGLA4XoOee9GYxzx+tFFUaWF3R9OP1pC8YHABP40UUBYieZc4AxRRRTSM29T\/9k="}},"embed":{"url":"https:\/\/www.youtube.com\/embed\/a5oE4tW-1zc","type":"iframe","w":1280,"h":720}}}},{"channel_id":1006047431,"post_id":5050,"date":1786382109000,"views":"12","text":"<a target=\"_blank\" rel=\"noreferrer nofollow\" href=\"https:\/\/www.youtube.com\/watch?v=lUmaFOK-eI8\">https:\/\/www.youtube.com\/watch?v=lUmaFOK-eI8<\/a>","text_length":43,"media":{"root":"\/00b\/uhMAAMcQ9zsAAAAAVgvLV88bjy8","webpage":{"url":"https:\/\/www.youtube.com\/watch?v=lUmaFOK-eI8","type":"video","title":"\u00bfQu\u00e9 le pasar\u00e1 a la producci\u00f3n el\u00e9ctrica en Espa\u00f1a el 12 de agosto por el eclipse total de Sol?","site_name":"YouTube","display_url":"youtube.com\/watch?v=lUmaFOK-eI8","description":"El pr\u00f3ximo 12 de agosto el suministro el\u00e9ctrico no deber\u00eda experimentar variaciones significativas a causa del eclipse total de Sol que cubrir\u00e1 a trece comunidades aut\u00f3nomas. Aunque se prev\u00e9 que la producci\u00f3n fotovoltaica disminuir\u00e1 temporalmente durante la ocultaci\u00f3n del Sol, Red El\u00e9ctrica ya contempla este tipo de escenarios en su planificaci\u00f3n. \n\n(Fuente: Europa Press\/AcfiPress\/Endesa\/Comisi\u00f3n Europea)\n\nPuedes leer la noticia en: https:\/\/www.europapress.es\/ciencia\/laboratorio\/noticia-le-pasara-produccion-electrica-espana-12-agosto-eclipse-total-sol-20260809114506.html\n\nVisto en: https:\/\/www.youtube.com\/cienciaplus\n\n\n#noticias #Eclipsesolar #eclipse #Energ\u00edarenovable #producci\u00f3nel\u00e9ctrica #RedEl\u00e9ctrica #Endesa #producci\u00f3nfotovoltaica #eclipsetotaldeSol #energ\u00edasolar #cienciaep #2026 #10\/08\/2026 #08\/10\/2026 #epd","thumbs":{"m":{"w":320,"h":180,"hash":"j9M8K9uZT-IN2DEG2_fzmg&ts=1788177738"},"x":{"w":800,"h":450,"hash":"9rGm7rYsVhK410AmRi2F-w&ts=1788177738"},"y":{"w":1280,"h":720,"hash":"HoOw8Z_zGVufYVcOOWmfKw&ts=1788177738"},"i":{"bytes":"AXACg|Ckjrx+7Bx696kRVZs4x7VXH0p60DNGKMDHIqyhRepH51meYNgGxaiLewH40gNz7TGOhH50VhZop2ETgQ7RlVzj3oHk8DC\/XBooqTewfuv9n8jR+59B+tFFA7EMrIr4Cg\/SiiimZOTuf\/\/Z"}},"embed":{"url":"https:\/\/www.youtube.com\/embed\/lUmaFOK-eI8","type":"iframe","w":1280,"h":720}}}},{"channel_id":1006047431,"post_id":5049,"date":1786319521000,"views":"7","text":"<a target=\"_blank\" rel=\"noreferrer nofollow\" href=\"https:\/\/www.youtube.com\/shorts\/HgBETtuMfAU\">https:\/\/www.youtube.com\/shorts\/HgBETtuMfAU<\/a>","text_length":42,"media":{"root":"\/00d\/uRMAAMcQ9zsAAAAAdhTd11aCFQA","webpage":{"url":"https:\/\/www.youtube.com\/shorts\/HgBETtuMfAU","type":"video","title":"Patatas en el avi\u00f3n","site_name":"YouTube","display_url":"youtube.com\/shorts\/HgBETtuMfAU","description":"Enjoy the videos and music you love, upload original content, and share it all with friends, family, and the world on YouTube.","thumbs":{"m":{"w":180,"h":320,"hash":"jWzU_fd1-b7LLKysf7opEQ&ts=1788177738"},"x":{"w":405,"h":720,"hash":"I_Ula4z9f74MgsgiAAPgUg&ts=1788177738"},"i":{"bytes":"AoABc|CnNEYHwx4PQ1btVUxAryx6n0pLmDzwjMTgdxSR2LQOJFlwvcHvUyV1uOLIr2MLh8Y9aKsSswBJHPpRVxg7aA2rhGWLquHUMfmXHH51YOScE5rLErlg+9jjoCauRXBI+dce9YTTCI6SR4yMp8vc9TRUUsyKo8tvlPY5zRVpKxPqQqBViJUcEMMj0ooqmVHcrXkySLtXqp9KKKKEN7n\/2Q=="}},"embed":{"url":"https:\/\/www.youtube.com\/embed\/HgBETtuMfAU","type":"iframe","w":405,"h":720}}}},{"channel_id":1006047431,"post_id":5048,"date":1786210027000,"views":"18","text":"<a target=\"_blank\" rel=\"noreferrer nofollow\" href=\"https:\/\/www.youtube.com\/watch?v=fGj7cC3B1LM\">https:\/\/www.youtube.com\/watch?v=fGj7cC3B1LM<\/a>","text_length":43,"media":{"root":"\/013\/uBMAAMcQ9zsAAAAA0_Cd4C7LUi4","webpage":{"url":"https:\/\/www.youtube.com\/watch?v=fGj7cC3B1LM","type":"video","title":"Astr\u00f3nomo destaca la vertiente de \"experiencia inmersiva\" que tienen los eclipses","site_name":"YouTube","display_url":"youtube.com\/watch?v=fGj7cC3B1LM","description":"El astr\u00f3nomo del Observatorio Astron\u00f3mico Nacional, Mario Tafalla, ha subrayado la vertiente de \"experiencia inmersiva\" que en la actualidad tienen los eclipses, un fen\u00f3meno por el que la Luna se interpone entre el Sol y la Tierra. \"Es una experiencia astron\u00f3mica pero casi inmersiva porque es un fen\u00f3meno en el que estamos dentro y lo podemos captar y adem\u00e1s es un fen\u00f3meno de masas tur\u00edstico\", a ello se le a\u00f1ade que \"el sol es nuestra gran fuente de energ\u00eda y ver un cambio en ella no deja de resultar extra\u00f1o\".\n\nVisto en: https:\/\/www.youtube.com\/cienciaplus\n\n\n#noticias #ObservatorioAstron\u00f3micoNacional #MarioTafalla #telescopio #eclipse #luna #sol #tierra #cienciaep #2026 #09\/07\/2026 #07\/09\/2026","thumbs":{"m":{"w":320,"h":180,"hash":"3-_zx6GQh0rwQvkdN8kh7w&ts=1788177738"},"x":{"w":800,"h":450,"hash":"a4rvg4FvaaOwceqjfqFWuw&ts=1788177738"},"y":{"w":1280,"h":720,"hash":"Qp_eag7NG_1B0MDC7PLpXQ&ts=1788177738"},"i":{"bytes":"AXACg|CkjjA\/dg49e9DDkkKBTgMA8U6QM3YcdqQXH267snHA71PG0angcU2D93GfU9aj8whwCM80FKxoPJ5YBC54zRVaW4DdsjHSiqJK4aLAyBn8aXfH7frRRUHRZCF05wcdu9NIXP3\/ANKKKExOKDjbjf8ApRRRRcXKj\/\/Z"}},"embed":{"url":"https:\/\/www.youtube.com\/embed\/fGj7cC3B1LM","type":"iframe","w":1280,"h":720}}}},{"channel_id":1006047431,"post_id":5047,"date":1786209967000,"views":"18","text":"<a target=\"_blank\" rel=\"noreferrer nofollow\" href=\"https:\/\/www.youtube.com\/watch?v=k3nhpX_GKVo\">https:\/\/www.youtube.com\/watch?v=k3nhpX_GKVo<\/a>","text_length":43,"media":{"root":"\/002\/txMAAMcQ9zsAAAAAvFTxvnUBBdA","webpage":{"url":"https:\/\/www.youtube.com\/watch?v=k3nhpX_GKVo","type":"video","title":"Planetario de Madrid se\u00f1ala que el eclipse ser\u00e1 visible en el tercio norte peninsular","site_name":"YouTube","display_url":"youtube.com\/watch?v=k3nhpX_GKVo","description":"El eclipse solar del pr\u00f3ximo 12 de agosto lleva durante m\u00e1s de un a\u00f1o copando las cabezas de los amantes de la astronom\u00eda y las estrellas de nuestra galaxia. Es por ello que es import\u00e1nte estar informado sobre qu\u00e9 f\u00e9nomeno se va a producir el d\u00eda marcado en rojo, c\u00f3mo se podr\u00e1 ver, desde qu\u00e9 zonas y las precauciones que se deben seguir.  \n\n\n   El divulgador cient\u00edfico del Planetario de Madrid, C\u00e9sar Gonz\u00e1lez Arranz, ha explicado que \"el 12 de agosto de 2026 vamos a poder contemplar, si nos encontramos dentro de la franja de totalidad, un eclipse total de Sol\" que supondr\u00e1 uno de los espect\u00e1culos m\u00e1s relevantes que ofrecer\u00e1 la naturaleza en los pr\u00f3ximos a\u00f1os. Gonz\u00e1lez Arranz ha subrayado que \"esta franja de totalidad cubre el tercio norte peninsular y solo desde esos lugares es desde donde la Luna va a tapar completamente el disco del Sol y vamos a ser testigos de uno de los espect\u00e1culos mejores que nos ofrece la naturaleza, que es que en pleno d\u00eda se haga durante unos cuantos segundos, unos pocos minutos de noche\".\n\n\nVisto en: https:\/\/www.youtube.com\/cienciaplus\n\n\n#noticias #Estrella #Astronom\u00eda #Ciencia #Planetario #Eclipse #Sol #Luna #cienciaep #2026 #17\/07\/2026 #07\/17\/2026","thumbs":{"m":{"w":320,"h":180,"hash":"NhmUzOgBCE003rC2k8KSpg&ts=1788177738"},"x":{"w":800,"h":450,"hash":"yALlxyltyrveXFXclZVNLg&ts=1788177738"},"y":{"w":1280,"h":720,"hash":"KzrtYeRw_l_Qj0SaGqrakg&ts=1788177738"},"i":{"bytes":"AXACg|CisiAD92px61H\/AKyTgYHtTSeKfCWD8UhjZk2Ywcg0Q4GWboKdcvvI4ximxAMCh4zQDJiySoSBgjtRTQoiU85JooERUUUUwF3cYpBwaKKAFJJooooA\/9k="}},"embed":{"url":"https:\/\/www.youtube.com\/embed\/k3nhpX_GKVo","type":"iframe","w":1280,"h":720}}}}]