[{"channel_id":1139145114,"post_id":5116,"date":1787952682000,"forwards":"1","views":"17","text":"Las campanas de San Bartolom\u00e9: cr\u00f3nica de una boda que termin\u00f3 en masacre (1572)<br><a target=\"_blank\" rel=\"noreferrer nofollow\" href=\"https:\/\/abyayalalaotrahistoria.blogspot.com\/2026\/08\/las-campanas-de-san-bartolome-cronica.html\">https:\/\/abyayalalaotrahistoria.blogspot.com\/2026\/08\/las-campanas-de-san-bartolome-cronica.html<\/a><br><br>&amp;nbsp; &amp;nbsp;I. Un reino partido por la fe.&amp;nbsp;&amp;nbsp;A mediados del siglo XVI, el calvinismo franc\u00e9s dej\u00f3 de ser un fen\u00f3meno marginal: la comunidad hugonote lleg\u00f3 a representar hasta un 10 % de la poblaci\u00f3n del reino y sus miembros alcanzaron cargos e influencia en la administraci\u00f3n y el ej\u00e9rcito. Ese protagonismo alarm\u00f3 al bando cat\u00f3lico m\u00e1s intransigente y encendi\u00f3 la primera de las guerras","text_length":574},{"channel_id":1139145114,"post_id":5115,"date":1787797164000,"forwards":"1","views":"6","text":"\ud83d\udd38<b>Votar en la antigua Roma: el combate por la ciudadan\u00eda que termin\u00f3 provocando una guerra<\/b><br><br><a target=\"_blank\" rel=\"noreferrer nofollow\" href=\"https:\/\/www.lavanguardia.com\/historiayvida\/historia-antigua\/20260722\/11597563\/votar-antigua-roma-combate-ciudadania-termino-provocando-guerra.html\">https:\/\/www.lavanguardia.com\/historiayvida\/historia-antigua\/20260722\/11597563\/votar-antigua-roma-combate-ciudadania-termino-provocando-guerra.html<\/a><br><br>\ud83c\udfdb <a href=\"tg:\/\/resolve?domain=HistoriayArqueologia\">@HistoriayArqueologia<\/a>","text_length":264,"media":{"root":"\/003\/-xMAAJr55UMAAAAAsy4DMcyf6zw","webpage":{"url":"https:\/\/lavanguardia.com\/historiayvida\/historia-antigua\/20260722\/11597563\/votar-antigua-roma-combate-ciudadania-termino-provocando-guerra.html","type":"photo","title":"Votar en la antigua Roma: el largo combate por la ciudadan\u00eda que termin\u00f3 provocando una guerra","site_name":"La Vanguardia","display_url":"lavanguardia.com\/historiayvida\/historia-antigua\/20260722\/11597563\/votar-antigua-roma-combate-ciudadania-termino-provocando-guerra.html","description":"La ciudadan\u00eda romana nunca fue un derecho f\u00e1cil de conquistar. Libertos, latinos e it\u00e1licos tuvieron que superar prejuicios, maniobras pol\u00edticas y reformas que limitaron su influencia electoral","thumbs":{"m":{"w":320,"h":180,"hash":"0qcAYPnfogypVNnNKeVvVQ&ts=1788268138"},"x":{"w":800,"h":450,"hash":"UsgfukYxbD6_Ji7kY9h4gw&ts=1788268138"},"y":{"w":1200,"h":675,"hash":"WG0Jcd8ENgw7ktOxloxVFw&ts=1788268138"},"i":{"bytes":"AXACg|Ccmbbz2706N5gwBxj161Cjb0+bdn61IHJu4414Qgk4FPmuHKTb1ztJXGcginhY3YZPPXriqO\/904GRznIPuaTzJto2lTjn2pcwWNBog2f3h596KyLm4uD8ocqeyrxRT5hWJQGB3AYH1pj7SWYZGOc5oorJFigMEADfnTPMkzgt+OSaKKYA6h1IZifeiiihAf\/Z"}}}}},{"channel_id":1139145114,"post_id":5114,"date":1787620915000,"forwards":"1","views":"48","text":"<a target=\"_blank\" rel=\"noreferrer nofollow\" href=\"https:\/\/www.facebook.com\/anecdotashistoricas\"><b>An\u00e9cdotas De la Historia<\/b><\/a><b><br><\/b><br> \u00b7En agosto de 1572, la comunidad cat\u00f3lica parisina iniciaba una cacer\u00eda de protestantes que con un saldo de casi 10 mil asesinados es recordada como la &quot;Matanza de San Bartolom\u00e9&quot;. La creciente e influyente poblaci\u00f3n protestante en Francia a mediados del siglo XVI logr\u00f3 llegar a puestos claves de la administraci\u00f3n p\u00fablica, para no perder protagonismo en las decisiones, la iglesia cat\u00f3lica presion\u00f3 para que se dictaran los Edictos de Amboise, que prohib\u00eda el culto protestante el territorio franc\u00e9s. La reacci\u00f3n de los Hugotones (protestantes) fue el intento de secuestro del rey y sitiar Paris, hechos que derivaron en la batalla de Saint-Germain. En 1570 se firma la paz, la Corona acept\u00f3 la readmisi\u00f3n de los protestantes en la administraci\u00f3n p\u00fablica, as\u00ed como la libertad de culto en privado. Este pacto se sellar\u00eda con un casamiento, Catalina de M\u00e9dici concert\u00f3 el matrimonio de su hija Margarita con el pr\u00edncipe protestante Enrique de Navarra, esto enfureci\u00f3 al clero y a la burgues\u00eda Parisina, incluso el papa Pio V se neg\u00f3 a avalar esta uni\u00f3n. La ceremonia programada para el 18 de agosto de 1572 hizo que cientos de nobles protestantes se pasearan por las calles de Par\u00eds generando el odio de la mayor\u00eda cat\u00f3lica. Las autoridades parisinas no pod\u00edan y no quer\u00edan impedir que sus cat\u00f3licos mas exacerbados propinaran golpizas a protestantes, pero en una semana todo se sali\u00f3 de control. El 22 de agosto el l\u00edder pol\u00edtico protestante Gaspar de Coligny sufri\u00f3 un atentado que le provoc\u00f3 algunas heridas, esto provoc\u00f3 que milicias protestantes se agruparan en las afueras de Paris y que una horda de Hugonotes irrumpiera en el palacio para exigir justicia a la reina. La noche del 23 de agosto, el Rey Carlos IX y Catalina se reunieron con las autoridades Parisinas, creyendo que una revoluci\u00f3n protestante atacar\u00eda la ciudad decidieron un ataque preventivo y disuasorio hacia los instigadores y cabecillas. Las autoridades militares distribuyeron armas entre la burgues\u00eda y los cat\u00f3licos mas exaltados, en la madrugada del 24 de agosto (El d\u00eda de San Bartolom\u00e9) se lanzaron a cazar protestantes a las calles de Paris, en tres d\u00edas ya se hab\u00eda extendido a toda Francia. El saldo fue de alrededor de 10 mil muertos, esto desencadeno la llamada 4\u00b0 guerra religiosa que se prolong\u00f3 por 26 a\u00f1os hasta que en 1598 se promulga el Edicto de Nantes que restituy\u00f3 la libertad de culto aunque no en Paris.","text_length":2429},{"channel_id":1139145114,"post_id":5112,"date":1787620817000,"forwards":"1","views":"5","grouped_id":14300966538089137,"media":{"gallery":[{"root":"\/011\/-BMAAJr55UMAAAAA3g_pzvlYRoE","photo":{"thumbs":{"m":{"w":320,"h":250,"hash":"awBtqRco2s_XBfEIxSlj-A&ts=1788268138"},"x":{"w":800,"h":626,"hash":"iKl_oDziIaMJIH3Z0wkQ9A&ts=1788268138"},"y":{"w":894,"h":700,"hash":"jWewEOmbWsayDiqpYYuzYg&ts=1788268138"},"i":{"bytes":"AfACg|CKFdkY+hpoaQSZGSaRJAE6ik3ukwUnLLjHPGKQFwZxu6CkbjaR2NR3kkixsAxBXBwBVcTOI0O7JORii4y08zyZXGAaKjDF1Bwc\/SilcLFUOgx8oHPXJqaMfaHBB\/eDgr7Uy32LK0c0YY9eecVYeKFyZF3LkdQaYEeopLJJ8iMV74pEtZGtV4+bngmrEY3AYlJA745qZWLR4OUf3ORSuOxGIE8oJuZcDk+9FOXep\/hC+1FILH\/\/2Q=="}}}},{"root":"\/006\/-RMAAJr55UMAAAAAtt66SZp4FNI","photo":{"thumbs":{"m":{"w":320,"h":192,"hash":"JKVQ2SlNAX1ApC8KgfaCZg&ts=1788268138"},"x":{"w":800,"h":480,"hash":"TEKXYPUPjcbccwEzo7ceCA&ts=1788268138"},"y":{"w":1024,"h":614,"hash":"YB-v4xd9S5_5wgSjWEJ7FQ&ts=1788268138"},"i":{"bytes":"AYACg|C0bhSBgADHenGdOgAUn1NVVkRzsUHPr604gs+zA3rgkZrPmZXKh4nEa8Hdk9zQJAkpkIyCOmaZNEPLyG6Hqf8ACkAkADcnIA554ouwsiSS4B4RQP60UjhQgd8g5xgd6KLsOVB5ByOq7e6jOaftL7gBhx\/ERmiigZGEYAgAgg59qTMokGGPvmiikA8hhLvLHB6iiiikNI\/\/2Q=="}}}}]}},{"channel_id":1139145114,"post_id":5111,"date":1787500592000,"views":"7","text":"Ingenio Autodidacta en los Andes: La Verdadera Historia de los Zambrano Inventores<br><a target=\"_blank\" rel=\"noreferrer nofollow\" href=\"https:\/\/abyayalalaotrahistoria.blogspot.com\/2026\/08\/ingenio-autodidacta-en-los-andes-la.html\">https:\/\/abyayalalaotrahistoria.blogspot.com\/2026\/08\/ingenio-autodidacta-en-los-andes-la.html<\/a><br><br>La historia de la tecnolog\u00eda popular en Venezuela est\u00e1 marcada por figuras que, sin formaci\u00f3n acad\u00e9mica formal, desafiaron los l\u00edmites de la ingenier\u00eda mediante la observaci\u00f3n, la experimentaci\u00f3n y la perseverancia. Cuando se menciona a un &quot;Zambrano inventor&quot; en los Andes venezolanos, la historiograf\u00eda se refiere a dos personajes distintos pero igualmente extraordinarios: Luis Zambrano, el genio","text_length":575},{"channel_id":1139145114,"post_id":5110,"date":1787169946000,"forwards":"1","views":"8","text":"Urimare: La Primera Cacica de Venezuela y el Esp\u00edritu de la Resistencia Ind\u00edgena<br><a target=\"_blank\" rel=\"noreferrer nofollow\" href=\"https:\/\/abyayalalaotrahistoria.blogspot.com\/2026\/08\/urimare-la-primera-cacica-de-venezuela.html\">https:\/\/abyayalalaotrahistoria.blogspot.com\/2026\/08\/urimare-la-primera-cacica-de-venezuela.html<\/a><br><br>La historia de la resistencia ind\u00edgena en Venezuela est\u00e1 marcada por figuras de inquebrantable fortaleza, y entre ellas destaca Urimare, reconocida como la primera cacica del pa\u00eds. Perteneciente a la naci\u00f3n Mariche, cuya ubicaci\u00f3n original se extend\u00eda por el sureste del Valle de Caracas, Urimare no solo desafi\u00f3 las estructuras de su propia sociedad para convertirse en guerrera, sino que lider\u00f3","text_length":574},{"channel_id":1139145114,"post_id":5109,"date":1786994822000,"views":"8","text":"Los indios del Caribe no eran can\u00edbales                                                                                              <a target=\"_blank\" rel=\"noreferrer nofollow\" href=\"https:\/\/abyayalalaotrahistoria.blogspot.com\/2018\/11\/los-indios-del-caribe-no-eran-canibales.html\">https:\/\/abyayalalaotrahistoria.blogspot.com\/2018\/11\/los-indios-del-caribe-no-eran-canibales.html<\/a>","text_length":229,"media":{"root":"\/013\/9RMAAJr55UMAAAAAia1lawyltT4","photo":{"thumbs":{"m":{"w":315,"h":160,"hash":"bzHXfVvtNYke1U6Lh0CT_Q&ts=1788268138"},"i":{"bytes":"AUACg|DTUYYCquozmJNqn5mOc+1Wt2eR1rO1GZHlEf8AEvXiudO5rFa6leC5uUlCLmTPIHrTJ1kXJaNhuPcVJHGy3SEtgDFLdeY8zb8hQcAVRezKynBwoyaKsxRgkcc9hRQTc1H5x9ax5f8AXSHuGooqFuyoEhQNKiknAQN170t0djZHYd6KKoUtxbN2NwuecZ\/lRRRVohn\/2Q=="}}}}},{"channel_id":1139145114,"post_id":5108,"date":1786912177000,"views":"8","text":"El peso de la tierra en Venezuela: El latifundio visto desde Miguel Acosta Saignes y Mario Sanoja e Iraida Vargas.<br><a target=\"_blank\" rel=\"noreferrer nofollow\" href=\"https:\/\/abyayalalaotrahistoria.blogspot.com\/2026\/08\/el-peso-de-la-tierra-en-venezuela-el.html\">https:\/\/abyayalalaotrahistoria.blogspot.com\/2026\/08\/el-peso-de-la-tierra-en-venezuela-el.html<\/a><br><br>Venezuela ha sido hist\u00f3ricamente bendecida por el mito de la &quot;Tierra de Gracia&quot;, un espejismo de feracidad inagotable que oculta una de las paradojas m\u00e1s cruentas de nuestra formaci\u00f3n social: la coexistencia de un territorio vasto con la miseria sist\u00e9mica de quienes lo surcan. Como historiador, no puedo ver el latifundio simplemente como un r\u00e9gimen de propiedad; es, en realidad, una estructura de","text_length":609},{"channel_id":1139145114,"post_id":5107,"date":1786912117000,"views":"10","text":"Hiroshima y Nagasaki: 80 a\u00f1os de las bombas at\u00f3micas<br><a target=\"_blank\" rel=\"noreferrer nofollow\" href=\"https:\/\/abyayalalaotrahistoria.blogspot.com\/2026\/08\/hiroshima-y-nagasaki-80-anos-de-las.html\">https:\/\/abyayalalaotrahistoria.blogspot.com\/2026\/08\/hiroshima-y-nagasaki-80-anos-de-las.html<\/a><br><br>Por: Carlos Serrano.&amp;nbsp;BBC News MundoAviso: esta historia contiene im\u00e1genes y descripciones expl\u00edcitas sobre los efectos de las bombas at\u00f3micas.&quot;Han pasado 80 a\u00f1os, pero nada ha cambiado&quot;.As\u00ed es como Masako Wada, sobreviviente de la bomba de Nagasaki, se refiere a los ataques nucleares que Estados Unidos lanz\u00f3 sobre Jap\u00f3n el 6 y 9 de agosto de 1945.&quot;No se ha aprendido nada de nuestra","text_length":536},{"channel_id":1139145114,"post_id":5106,"date":1786372145000,"views":"6","text":"<a target=\"_blank\" rel=\"noreferrer nofollow\" href=\"https:\/\/wjof.wordpress.com\/2018\/07\/08\/la-conquista-de-america-en-algunos-escritos-de-eduardo-galeano\/\">https:\/\/wjof.wordpress.com\/2018\/07\/08\/la-conquista-de-america-en-algunos-escritos-de-eduardo-galeano\/<\/a><br>La conquista de Am\u00e9rica en algunos escritos de Eduardo Galeano.","text_length":165,"media":{"root":"\/00c\/8hMAAJr55UMAAAAAtXgxzd9-oWU","webpage":{"url":"https:\/\/wjof.wordpress.com\/2018\/07\/08\/la-conquista-de-america-en-algunos-escritos-de-eduardo-galeano","type":"video","title":"La conquista de Am\u00e9rica en algunos escritos de Eduardo Galeano.","site_name":"Soy Como Soy","display_url":"wjof.wordpress.com\/2018\/07\/08\/la-conquista-de-america-en-algunos-escritos-de-eduardo-galeano","description":"El 12 de octubre de 1492, el Capitalismo descubri\u00f3 Am\u00e9rica. Crist\u00f3bal Col\u00f3n, financiado por los reyes de Espa\u00f1a y los banqueros de G\u00e9nova, trajo la novedad a las islas del mar Caribe. En su diario \u2026","thumbs":{"m":{"w":310,"h":320,"hash":"tjZ84OIqXk1EioV04ZmyzQ&ts=1788268138"},"i":{"bytes":"AoACc|DZpuTjLHaKCcAms+S4Z2A9eRQBf3dMMD9arPe7W\/1fyA43E01IXYF9wDVFukjJUkgjt1xQvMaNCN1kTcpyDRSQHMSnpkZooEJcEiJgOvpVDgTMRnGf0q5dg+WCBznn6VWtYSZA4GQDzmkxllM84bHHSq8ycjggY\/WrRj3MTnjpg09UAUgjimxCQlTGNowBxiinKoQYHSigAZdy49aZChRMMO9FFAEi9OaWiigAooooA\/\/Z"}}}}},{"channel_id":1139145114,"post_id":5105,"date":1786243848000,"forwards":"2","views":"21","text":"El fin de Granada y el mito de la &quot;Reconquista&quot;<br><a target=\"_blank\" rel=\"noreferrer nofollow\" href=\"https:\/\/abyayalalaotrahistoria.blogspot.com\/2026\/08\/el-fin-de-granada-y-el-mito-de-la.html\">https:\/\/abyayalalaotrahistoria.blogspot.com\/2026\/08\/el-fin-de-granada-y-el-mito-de-la.html<\/a><br><br>\u00abReconquista\u00bb, un concepto tendencioso y simplificadorPublicado el 23 de febrero de 2024La pesada carga de la venenosa ideolog\u00eda nacionalcat\u00f3lica que soporta el concepto de Reconquista es una de las principales razones para rechazarlo por completoEn Espa\u00f1a, el concepto de Reconquista ha sido considerado tradicionalmente el punto de partida de cualquier intento de explicar la Iberia medieval, as\u00ed","text_length":538},{"channel_id":1139145114,"post_id":5104,"date":1786243788000,"forwards":"1","views":"5","text":"La arquitectura invisible del presente: An\u00edbal Quijano y el patr\u00f3n de poder que a\u00fan nos habita<br><a target=\"_blank\" rel=\"noreferrer nofollow\" href=\"https:\/\/abyayalalaotrahistoria.blogspot.com\/2026\/08\/la-arquitectura-invisible-del-presente.html\">https:\/\/abyayalalaotrahistoria.blogspot.com\/2026\/08\/la-arquitectura-invisible-del-presente.html<\/a><br><br>1. El enigma de las fronteras invisiblesA pesar de que las banderas de las metr\u00f3polis europeas dejaron de ondear hace dos siglos, Am\u00e9rica Latina habita una paradoja persistente. Caminamos por ciudades modernas, pero tropezamos con estructuras de desigualdad que parecen calcadas del siglo XVI. \u00bfPor qu\u00e9 la independencia pol\u00edtica no trajo consigo una autonom\u00eda real en nuestra forma de existir y","text_length":586},{"channel_id":1139145114,"post_id":5103,"date":1785896391000,"forwards":"1","views":"3","text":"Waka de Rumiwasi\n\nEn el pensamiento andino, una Waka es todo aquello que posee un car\u00e1cter sagrado y una fuerza vital (Qamaqen), capaz de concentrar poder espiritual y establecer un contacto directo con lo divino.\n\nLa Waka de Rumiwasi sintetiza en su estructura la interacci\u00f3n de los tres mundos (Hanan Pacha, Kay Pacha y Uku Pacha) mediante el l\u00edquido sagrado que act\u00faa como conector universal; el agua (Yaku). Sus escalinatas labradas no est\u00e1n pensadas para el tr\u00e1nsito f\u00edsico, sino como puentes ceremoniales que permit\u00edan a los sabios andinos (paqos) guiar el flujo de las fuerzas vitales entre los distintos planos de la existencia.\n\nLa activaci\u00f3n de esta Waka ocurr\u00eda durante el Yaku Tinkuy (el encuentro sagrado de las aguas) en momentos clave de alineaci\u00f3n astron\u00f3mica, como el paso de las constelaciones oscuras (Yana Phuyu).\n\nEn la parte superior de la roca (que representa el Hanan Pacha) se ubican peque\u00f1as pozas y concavidades c\u00f3nicas donde el agua permanec\u00eda serena. Al actuar como un espejo reflector (Killa Paqcha), esta superficie atrapaba las im\u00e1genes del firmamento, la luna y los astros, logrando que la energ\u00eda celestial descendiera para tocar la superficie terrestre.\n\nEl agua, cargada con la energ\u00eda vital del cosmos, descend\u00eda entre los planos a trav\u00e9s de los canales de la roca. Al recorrer la piedra madre (qaqa), el l\u00edquido \u201cactivaba\u201d los relieves, haciendo que se renovara el ciclo vital entre los tres mundos.\n\n*PER\u00da Con\u00f3celo*","text_length":1454},{"channel_id":1139145114,"post_id":5102,"date":1785896336000,"forwards":"1","views":"2","media":{"root":"\/003\/7hMAAJr55UMAAAAAsy4DMcyf6zw","photo":{"thumbs":{"m":{"w":258,"h":320,"hash":"_FZwJwuQn3dXbkBBRkfjZw&ts=1788268138"},"x":{"w":644,"h":800,"hash":"BXwXT-LqUEdth_uBVjRGbg&ts=1788268138"},"y":{"w":1030,"h":1280,"hash":"etfwqxU5H9aWCadIAcFOhw&ts=1788268138"},"w":{"w":2061,"h":2560,"hash":"OPm9FO1xQR_ykqqNcCOaBg&ts=1788268138"},"i":{"bytes":"AoACA|CuqSF8Oy9enekG3y94RiM44FRyO6zMQGyO5FOjeN+rMjD+JO9SgBCjsArspPbGakEYIwJNx+mKQSBZQTMso9SuCKkC\/PvpS2AkM4K8qCPeo2SNl4gA9wDUTTFrlUz8oIzx1qZpccJCCx54GeKLDuQNEueQyjOPWp1+UdMj607fHKVQDpkkGo3whODkZ4pSTEQtBu+dTgn+dERdHJkRj\/tIelFFUmMmjkO6RiS3GASOcVGDiXr1FFFDEf\/Z"}}}}}]