[{"channel_id":1371604536,"post_id":20053,"date":1777682143000,"forwards":"1","views":"635","comments":"2","text":"El video de Pedro S\u00e1nchez y Mar\u00eda Jes\u00fas Montero para las elecciones andaluzas.","text_length":78,"media":{"root":"\/001\/VU4AADgGwVEAAAAAjIXfGY71H6M.zwoAAHEPrFNOE4r2jUs6JAQ.AlHBBjgAAE5VafVTn70JVeACGUPb6TrADNUiM2k","video":{"duration":57,"w":720,"h":1280,"is_animation":false,"is_round":false,"mime_type":"video\/mp4","size":12465712,"thumbs":{"m":{"w":180,"h":320,"hash":"6KUBNBZtc6B5mfF-hXSRTw&ts=1777737480"},"i":{"bytes":"AoABY|CcffNKeeBmm726DaT9OaZK7Ro2Oo9RSuBIcDjsKKjhLPCrNwTn8aKYFKyBecAd6sXr+UfKGORknrSxOI51O0AZ5xUN+W+1OSMDoKSWpUlYjW4aNeSKKjjQSvg5wB\/DRVkFtEEsoUHk0l5G5kWPGSWwD69KKKk0mRW++FyVHzYwaKKKZKP\/2Q=="}},"streamable":true,"televisor_hash":"Dg6Ux8PzKI6N9TWEkvvIeQ&ts=1777737480"}}},{"channel_id":1371604536,"post_id":20052,"date":1777677024000,"forwards":"8","views":"1.2K","comments":"6","text":"Pedro S\u00e1nchez: \u201cOrgullo de ser socialista. Orgullo de ser espa\u00f1ol\u201d.","text_length":67,"media":{"root":"\/001\/VE4AADgGwVEAAAAAjIXfGY71H6M.LAoAABxrrFP_0Dr8QxUXjQQ.AlHBBjgAAE5UafU9o9-usc9jwGa1BDZvjXNoW20","video":{"duration":63,"w":1276,"h":718,"is_animation":false,"is_round":false,"mime_type":"video\/mp4","size":11811654,"thumbs":{"m":{"w":320,"h":180,"hash":"xX28Gbk1WFEetHdgoyfOXg&ts=1777737480"},"i":{"bytes":"AWACg|CqY8yhdwCk9akP3OADk9R6VBsJRmcH5RxT23H7nIboKaGSBAYiWJJHaoy5j2hxwe3Wox9Tinucw+Yw4Py0wuPijWRnYtyAMDHeiod5iOedwUYGeKKLoLllgnlZwc9\/fpT45ACTj2oopMGaaxKBjg\/UVl3M266VTGuI2I+tFFSlqSkR3bqQI9oxnOQOlFFFUyj\/2Q=="}},"streamable":true,"televisor_hash":"VhirqV9V3A7Q5TYHm20xYA&ts=1777737480"}}},{"channel_id":1371604536,"post_id":20051,"date":1777675823000,"forwards":"10","views":"1.8K","comments":"1","text":"Incautadas m\u00e1s de cuatro toneladas de hach\u00eds en la Costa de Punta Umbr\u00eda, Huelva. Cuatro personas han sido detenidas y se ha incautado la embarcaci\u00f3n que trasportaba la droga.","text_length":175,"media":{"root":"\/001\/U04AADgGwVEAAAAAjIXfGY71H6M.QQsAAD6arFPziQwPZGGCfgQ.AlHBBjgAAE5TafU9o7ox1PoLDMQhOUvD8i5-vz8","video":{"duration":62,"w":1276,"h":718,"is_animation":false,"is_round":false,"mime_type":"video\/mp4","size":18148297,"thumbs":{"m":{"w":320,"h":180,"hash":"P7OPIEP7D2W1xCrS44F2oA&ts=1777737480"},"i":{"bytes":"AWACg|CyyqO1QlkzgKT9Khe7DknGAD34pRfeWOEX8v8A69VcVh3mIGwUOadhGzjIx6ioDqzjpEn1xSpqW45ZFz6gdqfMLlHtFiip\/Ohm\/wBSckDJGKKrmFYx2UhsZpNhDAZ7ZoorIsRk285p8aNIflIGPWiigC9bqY4BIvXPPNFFFUI\/\/9k="}},"streamable":true,"televisor_hash":"kbA2wJOpM5P60YBqtXYuBQ&ts=1777737480"}}},{"channel_id":1371604536,"post_id":20050,"date":1777673735000,"forwards":"4","views":"637","comments":"1","text":"Marco Rubio: \u201cTodos los movimientos isl\u00e1micos radicales del mundo identifican a Occidente, pero a los Estados Unidos en particular, como el mayor mal en la Tierra. El islam radical quiere expandirse, est\u00e1 en su naturaleza\u201d","text_length":222,"media":{"root":"\/011\/Uk4AADgGwVEAAAAAl_cEvvPgHCo.AQsAALINrVPoqBbLWSds8QQ.AlHBBjgAAE5SafUoDGtlBSAHf7CBsPcf1R_Dykc","video":{"duration":94,"w":1276,"h":718,"is_animation":false,"is_round":false,"mime_type":"video\/mp4","size":4488689,"thumbs":{"m":{"w":320,"h":180,"hash":"-_Py9FLAJZMOk8uHL3Aq-Q&ts=1777737480"},"i":{"bytes":"AWACg|CjGoMRPfODT9g2Y70IAYlB4PaplKkLnr3\/AJUi7FWNBIwBOKk+4+3qD3pseRNtHfjins21gXBANBIYopwYMOMUUgFieMBQ0YYj1qWSWMxhvIQA+9FFMtJEYltxg+Wc\/QUNNECP3QbHHNFFArIR54WXCW6ox\/iBooooE0f\/2Q=="}},"streamable":true,"televisor_hash":"0m7UTATkQ4mGxe1nAl1Dtw&ts=1777737480"}}},{"channel_id":1371604536,"post_id":20049,"date":1777671936000,"forwards":"7","views":"2.2K","comments":"1","text":"Trump sobre Ilhan Omar: \u201c\u00a1L\u00e1rgate al infierno, qu\u00e9 falsa!\n\nSomalia...sucia y mugrienta, repugnantemente sucia. Es un lugar horrible. No tienen nada bueno. Dicen que es el peor pa\u00eds del mundo. \u00a1Ella a nosotros nos dice c\u00f3mo dirigir los EE.UU.!\u201d","text_length":243,"media":{"root":"\/011\/UU4AADgGwVEAAAAAl_cEvvPgHCo._woAAH74rFPS-He6FyyW-wQ.AlHBBjgAAE5RafUoDBi94uQl7DWoa6vRTVqXVHY","video":{"duration":100,"w":1276,"h":718,"is_animation":false,"is_round":false,"mime_type":"video\/mp4","size":4626310,"thumbs":{"m":{"w":320,"h":180,"hash":"6tRW2BT4MdZJB0U6fAmKhQ&ts=1777737480"},"i":{"bytes":"AWACg|ClxijtR2pjgn6CrAndl8lOACe+OtMOKRgzQIAPu55pFzs5I4qUxsXHFFHaiqENBNBPFFFJ7APE+I9u3nGM5pgPWiipW4woooqxH\/\/Z"}},"streamable":true,"televisor_hash":"FJpIoexhDfdg6S5VCpw9IA&ts=1777737480"}}},{"channel_id":1371604536,"post_id":20048,"date":1777671621000,"forwards":"6","views":"2.5K","comments":"2","text":"Trump sobre la UFC en la Casa Blanca: \u201cLa arena, van a empezar a construirla la pr\u00f3xima semana. Est\u00e1 justo aqu\u00ed, tendr\u00e1 alrededor de 5.000 asientos. Habr\u00e1 100.000 personas abajo por el Elipse con pantallas \u2014 y todo es gratis.\u201d","text_length":226,"media":{"root":"\/011\/UE4AADgGwVEAAAAAl_cEvvPgHCo.YAoAALcZrVOCYjuw4ZiXYwQ.AlHBBjgAAE5QafUoDM-g49yHyLi2PBx64-sJ-pM","video":{"duration":22,"w":1276,"h":718,"is_animation":false,"is_round":false,"mime_type":"video\/mp4","size":3660284,"thumbs":{"m":{"w":320,"h":180,"hash":"fqqa7k3ZBFDs8-p297YU7Q&ts=1777737480"},"i":{"bytes":"AWACg|ByWihcsVyOoHFNu1jiVNxB3DjbxUhn3o4HUDn161TvHQmIKxY5ORTsiidYAAZDhVzlSOeKtAIyExlsjqCaY6wi1Ac7CBxj1qot15SgY5P3vpSsBcEjEvhDhe9FMF0rrtUbWcEflRTsLQbEEdMqCpzz7jNVPIaScsCPk5IPoKKKQx9zK5jAYnbnOPwqiWJOTRRQDNLT42klDDb8hzz+IooooEf\/2Q=="}},"streamable":true,"televisor_hash":"eSSdbR0Q5U1yYLTNGElmFA&ts=1777737480"}}},{"channel_id":1371604536,"post_id":20047,"date":1777671619000,"forwards":"4","views":"2.4K","comments":"1","text":"Trump dice que el Comandante del CENTCOM lo inform\u00f3 ayer sobre opciones para \u201carrasar hasta el infierno\u201d a Ir\u00e1n y \u201cacabar con ellos para siempre\u201d.","text_length":146,"media":{"root":"\/011\/T04AADgGwVEAAAAAl_cEvvPgHCo.lAoAADE-tFM1nApC6o9slwQ.AlHBBjgAAE5PafUoDCb9jj4T4gui_xaQiWfkjc8","video":{"duration":58,"w":1276,"h":718,"is_animation":false,"is_round":false,"mime_type":"video\/mp4","size":9012405,"thumbs":{"m":{"w":320,"h":180,"hash":"eWbnsLOYHSFefjH77N72cQ&ts=1777737480"},"i":{"bytes":"AWACg|CvtWVgoGzP45pTaKpy74HoBzU4gQdBSPCCpwMGpugGGKIJmJmOOoPNNRSw3jj2pqSrGNxOc1YSRX+6wJ9M0NAys4JbjOPcGirdFTcQ6myMVjY+gNFFIDKkbJ9gMU62cpMp9TRRWz2KZqGiiisST\/\/Z"}},"streamable":true,"televisor_hash":"n_7l2-Kre4IxfhF6N3u2yA&ts=1777737480"}}},{"channel_id":1371604536,"post_id":20046,"date":1777671354000,"forwards":"5","views":"2.6K","comments":"1","text":"Trump: \u201cSubimos los aranceles a los coches que llegan de la Uni\u00f3n Europea porque la Uni\u00f3n Europea no estaba cumpliendo con el acuerdo comercial que tenemos... ahora, cuando construyan sus plantas aqu\u00ed... no habr\u00e1 aranceles.\u201d","text_length":224,"media":{"root":"\/011\/Tk4AADgGwVEAAAAAl_cEvvPgHCo.xgoAAKEqrFPpPjt7MoKQsgQ.AlHBBjgAAE5OafUoDK8hFZWSHqjx2YXbvb-VoxE","video":{"duration":69,"w":1276,"h":718,"is_animation":false,"is_round":false,"mime_type":"video\/mp4","size":7758429,"thumbs":{"m":{"w":320,"h":180,"hash":"zUXW1yHXsT5q8-RIVLF7ag&ts=1777737480"},"i":{"bytes":"AWACg|Cva38kLdQQxyQat3FywtEjUfe4yD1FZp8lVIUyKf8AaHWl84tEADyvY+lArEu+MREKrMxHU1WJNOL7YgV4OeamtWEgbeoOPak9AZCzZTH86KvBI\/7i\/lRU8wrmY7sep\/Okz82faiirKHZIJXsetWLIfK9FFKWwmWulFFFZiP\/Z"}},"streamable":true,"televisor_hash":"OsH3lrp6LGgD1n3vMjYDEA&ts=1777737480"}}},{"channel_id":1371604536,"post_id":20045,"date":1777671351000,"forwards":"6","views":"2.5K","text":"Trump: \u201cNo estoy contento con Italia, y no estoy contento con Espa\u00f1a. Creen que est\u00e1 bien que Ir\u00e1n tenga un arma nuclear. Cualquiera que crea que est\u00e1 bien que Ir\u00e1n tenga un arma nuclear no es muy inteligente.\u201d","text_length":210,"media":{"root":"\/011\/TU4AADgGwVEAAAAAl_cEvvPgHCo.ewoAACnItVMSqBf7YIftKAQ.AlHBBjgAAE5NafUoDGL7pY9x0rLWEpqz9siiNQU","video":{"duration":54,"w":1276,"h":718,"is_animation":false,"is_round":false,"mime_type":"video\/mp4","size":6112165,"thumbs":{"m":{"w":320,"h":180,"hash":"SoW9KaswdhEw-RtdwJZbWQ&ts=1777737480"},"i":{"bytes":"AWACg|DN84A5CDPrUtvcJDtdVO7vk9aqGlP3RQBoTXTXDhscj0qCaRmcnn8agViM1oQ48pcjPFJuwmVC+UxRV4Y\/uj8qKnmFcymGDQfuiiirKHY6VfBEUSkjdxRRSYDoXEqbgMYooorNkn\/\/2Q=="}},"streamable":true,"televisor_hash":"gJmL0XVs0yY9HEvcHlDkag&ts=1777737480"}}},{"channel_id":1371604536,"post_id":20044,"date":1777671349000,"forwards":"7","views":"2.5K","comments":"7","text":"Mar\u00eda Jes\u00fas Montero denuncia \u201cel acoso\u201d que sufre Bego\u00f1a G\u00f3mez \u201cpor ser la mujer de un presidente socialista\u201d y la \u201ccampa\u00f1a de deshumanizaci\u00f3n\u201d del PP: \u201cTodos los d\u00edas, le da el altavoz a delincuentes cuya \u00fanica estrategia de defensa es intentar manchar el honor\u201d del Gobierno","text_length":276,"media":{"root":"\/011\/TE4AADgGwVEAAAAAl_cEvvPgHCo.OAoAAC_3rFMKPj4ZPEBzUwQ.AlHBBjgAAE5MafUoDPVP535zkAzJpddIcQW3boM","video":{"duration":59,"w":1276,"h":718,"is_animation":false,"is_round":false,"mime_type":"video\/mp4","size":7550780,"thumbs":{"m":{"w":320,"h":180,"hash":"pxHPRWP77-fAaYbHt-IBBA&ts=1777737480"},"i":{"bytes":"AWACg|CpFN8jRKgGDkkmnllccrkgcGmoQ27K\/OSecZq3bwqSBv8AlI5FUBWVQ1sxbAK9DUTRtIQCRknjA7VsiCBBgJkNxjtWTt8udyCQqkjIpDIQGVSC2OQPpRSoplLEjr+tFAFjeqs3HQDNTRMCBxzRRSexMi2HGBuyT9aqXvk+U4RCHPOaKKklDIZv3CDaPlFFFFaoo\/\/Z"}},"streamable":true,"televisor_hash":"7di95YVqWFBTexWR7VLUBQ&ts=1777737480"}}},{"channel_id":1371604536,"post_id":20043,"date":1777660293000,"forwards":"10","views":"8.6K","text":"AS\u00cd ES COMO LA BANCA SE FORRA A NUESTRA COSTA - Country Manager Trade Republic <a target=\"_blank\" rel=\"noreferrer nofollow\" href=\"https:\/\/www.youtube.com\/watch?v=0SQC2SZNhc0\">https:\/\/www.youtube.com\/watch?v=0SQC2SZNhc0<\/a>","text_length":122,"media":{"root":"\/00b\/S04AADgGwVEAAAAAAecGeZ7B_mQ","webpage":{"url":"https:\/\/www.youtube.com\/watch?v=0SQC2SZNhc0","type":"video","title":"AS\u00cd ES COMO LA BANCA SE FORRA A NUESTRA COSTA - Country Manager Trade Republic","site_name":"YouTube","display_url":"youtube.com\/watch?v=0SQC2SZNhc0","description":"\u274c VER EPISODIO COMPLETO: https:\/\/youtu.be\/kLoZiEyViRM\n\n\ud83d\udcc8 Crea tu plan de inversi\u00f3n con Trade Republic: https:\/\/trade.re\/wallstreetwolverine\nInvertir conlleva riesgos, los rendimientos no est\u00e1n garantizados. Aplican T&Cs.20% de descuento en todas las entradas con el c\u00f3digo victor-vip: ibizatechforum.com\n\n\u274c X: https:\/\/x.com\/wallstwolverine\n\ud83d\udcf8 Instagram: https:\/\/instagram.com\/victordominguez\n\ud83d\udcd5 El Poder Digital: https:\/\/amzn.to\/4poJclX\n\ud83c\udf99\ufe0fSpotify Podcast: https:\/\/open.spotify.com\/show\/1RHk7FSTrNsGTLKtS2oWw8?\n\ud83d\udcc8 Crea tu plan de inversi\u00f3n con Trade Republic: https:\/\/trade.re\/wallstreetwolverine\nInvertir conlleva riesgos, los rendimientos no est\u00e1n garantizados. Aplican T&Cs.\n\ud83c\udfb6 TikTok: https:\/\/www.tiktok.com\/@cancelledpodcast\n \u25b6\ufe0f Telegram: https:\/\/t.me\/wallstwolverine\n\u26a1\ufe0fAprende de Bitcoin desde 0: https:\/\/go.hotmart.com\/M96791071U?ap=1160\n\ud83d\udc7e Twitch: https:\/\/twitch.tv\/wallstreetwolverine\nsi=18987cd376434a28","thumbs":{"m":{"w":320,"h":180,"hash":"UirM-BzLJYeGCaSlzwEyWQ&ts=1777737480"},"x":{"w":800,"h":450,"hash":"b7Fm9JwYHsKhzIxZC-7tKw&ts=1777737480"},"y":{"w":1280,"h":720,"hash":"mm-Xdw-yEjXY76kj4RPDVQ&ts=1777737480"},"i":{"bytes":"AXACg|CmlpNJGGSPKnpyKijhDSbDgc4NauVjtxyy4GCAelZcLlZA3Q571Kdy2rItfZ7VUG9Jc8g8jj\/ORVMRh5AijaScc1dO4gMckev6VCm37SPlBGTkVXQS1Ys9m9uvO0r3NFWpQjjaQcnnBPFFZ89i\/Z3K9xOTIMge\/vUMx\/eZHaiirE3uiY3JlcIkIDDplqgkVvNbfgEtziiigEkXoYxGoYk8AEUUUVzyZ0pI\/9k="}},"embed":{"url":"https:\/\/www.youtube.com\/embed\/0SQC2SZNhc0","type":"iframe","w":1280,"h":720}}}},{"channel_id":1371604536,"post_id":20042,"date":1777652150000,"forwards":"21","views":"10.4K","comments":"13","text":"La Iglesia de Saint-Cyriaque en Montenach, construida en 1884, ha sufrido un incendio hoy.","text_length":90,"media":{"root":"\/013\/Sk4AADgGwVEAAAAASymzC9hvr9E.qAoAAKLtrVMZobY6257SWAQ.AlHBBjgAAE5KafTT8mXAHXoeTCD_5CSKHTZjkzI","video":{"duration":7,"w":720,"h":1280,"is_animation":false,"is_round":false,"mime_type":"video\/mp4","size":677952,"thumbs":{"m":{"w":180,"h":320,"hash":"xtx4MSTcSwNEmLuW6aqZ6g&ts=1777737480"},"i":{"bytes":"AoABY|CgLLP8f6VKmmhhky4\/4DVlOCKnmfzAoQbatpIlMy3sghx5mfwoq40Lt6H8aKLINRxeNerimQXSiQhiAMkg1F9nUDc0gH4UxrdG6N+lTKV9xpWL73UGeXGfY0Vmm3HqaKi6HcjW4X+NC3OeWqRr1W6xfrRRVAJ9rGfusP8AgX\/1qKKKLAf\/2Q=="}},"streamable":true,"televisor_hash":"RLUsW9Lly6K5pN1458c1JA&ts=1777737480"}}},{"channel_id":1371604536,"post_id":20041,"date":1777651265000,"forwards":"14","views":"10.4K","comments":"28","text":"Unai Sordo advierte de que la vivienda es un \u201cpolvor\u00edn social\u201d y anuncia movilizaciones para defender este derecho: \u201cEste pa\u00eds no puede asumir que gente que trabaja tenga que vivir con sus padres o compartiendo piso\u201d.","text_length":217,"media":{"root":"\/013\/SU4AADgGwVEAAAAASymzC9hvr9E.VgoAAMt-rFN2mZkt9paTtgQ.AlHBBjgAAE5JafTT8uwnVgcvNM1PRgCnytptT28","video":{"duration":49,"w":1276,"h":718,"is_animation":false,"is_round":false,"mime_type":"video\/mp4","size":6475146,"thumbs":{"m":{"w":320,"h":180,"hash":"Z2hpH0S2b8mr9MeuG1fv3w&ts=1777737480"},"i":{"bytes":"AWACg|CSG0iMO45BbpzTzBbhio3KxHUGluDuQ44IGAKpEkwgMSJCSN2aRa1FYoIGjwCB3A5p8THATjnpVUwsgIO\/HU4FWbAYdlIyMZViKAexbMIOMk5PeimSSlHx0zyuaKBqVyvLMM7cEk9GJpEkQXCq8Yc5AB9M96KKESTzXKpMFJcYbPy9+B1qn9r8mRiE4zxz0oopjew2a6aVlJXbj3ooooIP\/9k="}},"streamable":true,"televisor_hash":"MFmmYHbgcXzsDhQ3daaK1Q&ts=1777737480"}}},{"channel_id":1371604536,"post_id":20040,"date":1777650658000,"forwards":"59","views":"10.8K","comments":"5","text":"Bukele: \u201cNo hay Estado que no pueda combatir la delincuencia. Si un Estado no la combate, es porque es c\u00f3mplice\u201d.","text_length":113,"media":{"root":"\/013\/SE4AADgGwVEAAAAASymzC9hvr9E.2goAAOExrVM8tNQADxfArQQ.AlHBBjgAAE5IafTT8vSL6hkgiSXF_fl6gp1jQIY","video":{"duration":36,"w":1276,"h":718,"is_animation":false,"is_round":false,"mime_type":"video\/mp4","size":4380503,"thumbs":{"m":{"w":320,"h":180,"hash":"WPaa0yZWoDdh6lOet3-8nA&ts=1777737480"},"i":{"bytes":"AWACg|BsNwFjPC574FExDKXaNgCBjI61UXmPpyWqaaSR0A37sgZGKBhFMIkKrkE9+9PW4kQg\/M2emarFGC8gjnmpZZJDtO4dj0piHSO3Vk\/E5oqOSVpYzkBQKKVh3FjAGMD8z\/8AWp4Vi+4456UUUAPkzIPmGc+9RCM5OcY7UUUARurIuOKKKKBH\/9k="}},"streamable":true,"televisor_hash":"CcEpSo7FtTkEu_25G5Nrpw&ts=1777737480"}}},{"channel_id":1371604536,"post_id":20039,"date":1777650362000,"forwards":"17","views":"10.3K","comments":"15","text":"S\u00e1nchez se graba un v\u00eddeo celebrando supuestos \u00e9xitos en empleo de su gobierno.","text_length":79,"media":{"root":"\/013\/R04AADgGwVEAAAAASymzC9hvr9E.0QoAAKkSrFNcb2qeqXAdWgQ.AlHBBjgAAE5HafTT8vb6Txile8VY_aXIoBZbqW8","video":{"duration":77,"w":720,"h":1280,"is_animation":false,"is_round":false,"mime_type":"video\/mp4","size":8989971,"thumbs":{"m":{"w":180,"h":320,"hash":"76HsnjJ-IEI9FTbPvDKSSQ&ts=1777737480"},"i":{"bytes":"AoABY|C8aAaaGDdDVeIhZmJKj36ZpDsWJJir7RgcZyaKhngkeXejDBGMEUUhlRpy6LgFR0pZnBiix1xk1GykrgDFRnJGK0RJo27F4VJPP1opttnyB35NFZvcYl4+WP3cL0xVclDHvXhm4xRRVsI9SWN2VAA2KKKKxb1NUtD\/2Q=="}},"streamable":true,"televisor_hash":"n9M0QaWhU8qsUftVM4HZcg&ts=1777737480"}}}]