[{"channel_id":1371604536,"post_id":21141,"date":1788347447000,"views":"559","comments":"1","text":"Mohammedypunto afirma: \u201cMarruecos nunca ha reconocido Ceuta y Melilla como espa\u00f1ola\u201d","text_length":84,"media":{"root":"\/002\/lVIAADgGwVEAAAAAAFjBHO_3umA.YgwAAFn2xFAPawwT1X1jxQQ.AlHBBjgAAFKVapgFPlGE9clGYvm4PQYzZhxHrrI","video":{"duration":30,"w":1276,"h":718,"is_animation":false,"is_round":false,"mime_type":"video\/mp4","size":5068183,"thumbs":{"m":{"w":320,"h":180,"hash":"6jzgXizasYmc0sox9Jox9w&ts=1788393904"},"i":{"bytes":"AWACg|Bu5s\/Nx9aVuh55qsJ5TywIJ68cGnByQMmgCzkf\/WphJbgdT0qMS45Bpyybm4OCTwT2oAjd7hIeVXAbrRVkxKQQ8ikls5BopgNCCQnk5FNZNp5AI7UUVJaEwqAsFFCnfnCrxRRQMkVN6g+vSiiimQf\/2Q=="}},"streamable":true,"televisor_hash":"jniX-Gb8_3qv1FEiT25bbQ&ts=1788393904"}}},{"channel_id":1371604536,"post_id":21140,"date":1788346534000,"forwards":"13","views":"1.8K","comments":"2","text":"La portavoz de JUPOL asegura que habla \u201cpor sus compa\u00f1eros y vocaci\u00f3n\u201d al afirmar que Marlaska conoc\u00eda los hechos.","text_length":114,"media":{"root":"\/002\/lFIAADgGwVEAAAAAAFjBHO_3umA.egsAAAz2xVDdJw2O0c2UggQ.AlHBBjgAAFKUapgFPvHSr5YW8XwwLUhhhWGaEg8","video":{"duration":32,"w":1276,"h":718,"is_animation":false,"is_round":false,"mime_type":"video\/mp4","size":4005314,"thumbs":{"m":{"w":320,"h":180,"hash":"lJjnKkLOPpmdY2tANQdsTw&ts=1788393904"},"i":{"bytes":"AWACg|BFjtjCpdGDAc5NRSwKQphi69eMirRCuowg8sjlu2KZF5MSbZpSTkn5GOP0pjtcpmGYf8s\/\/HKk+zgxj923mH\/Z4\/lVwNZswCvIST0DNTxDHk7VnB7E7+Kd0KzM0iWGNcxRtyeq5oq+LOQqwcE5bORRSAoxaj5cYXZnaMA4pRqcnTLEdumaKKRaHf2pJ2LU19VmK\/KSDRRQMsRancSJnbGD9DRRRQZn\/9k="}},"streamable":true,"televisor_hash":"_ffGjfrnOTQQofQ804oz5Q&ts=1788393904"}}},{"channel_id":1371604536,"post_id":21139,"date":1788346242000,"forwards":"7","views":"2.0K","comments":"4","text":"Javier Bardem sobre la crisis de Ceuta: \u201cLo que ha sucedido es una forma de manipulaci\u00f3n de Marruecos frente al Gobierno. Arrollidarnos frente a Marruecos es saber que pueden hacer lo que quieran con el grifo de la inmigraci\u00f3n\u201d.","text_length":228,"media":{"root":"\/002\/k1IAADgGwVEAAAAAAFjBHO_3umA.uAsAAF1qxVBQFVJ5aP9Q0gQ.AlHBBjgAAFKTapgFPmAs0TK1F6Dm2kkMgiooddA","video":{"duration":56,"w":720,"h":1280,"is_animation":false,"is_round":false,"mime_type":"video\/mp4","size":5481779,"thumbs":{"m":{"w":180,"h":320,"hash":"U3NLoebG-upgHAmnZDp7HA&ts=1788393904"},"i":{"bytes":"AoABY|CiryBCm0cjHTqKezzR4UqMnpTbR8S4zgkdetTXDK0TEHNDbuO2hTcsXJYck5opp5NFXcQ4cHjirN1JG0ahM561WBGcHinYXB+Y\/lWbVx3BI2cHaM49KKdbSGNmx+tFPUQgtZ2G4RMR64oETYPSiigBUt5sbghIPcUUUU0I\/9k="}},"streamable":true,"televisor_hash":"_LsiatjLyw4ifgs4imb8vg&ts=1788393904"}}},{"channel_id":1371604536,"post_id":21138,"date":1788339974000,"forwards":"1","views":"3.0K","text":"La incompatibilidad de la rigidez del sistema educativo reglado y el avance del sector privado. <a target=\"_blank\" rel=\"noreferrer nofollow\" href=\"https:\/\/www.youtube.com\/watch?v=z-Wv5UeyckI\">https:\/\/www.youtube.com\/watch?v=z-Wv5UeyckI<\/a>","text_length":139,"media":{"root":"\/001\/klIAADgGwVEAAAAAjIXfGY71H6M","webpage":{"url":"https:\/\/youtube.com\/watch?v=z-Wv5UeyckI","type":"video","title":"La incompatibilidad de la rigidez del sistema educativo reglado y el avance del sector privado.","site_name":"YouTube","display_url":"youtube.com\/shorts\/z-Wv5UeyckI","description":"Enjoy the videos and music you love, upload original content, and share it all with friends, family, and the world on YouTube.","thumbs":{"m":{"w":180,"h":320,"hash":"9xKLCeJu_BAMPccAWYZnbw&ts=1788393904"},"x":{"w":405,"h":720,"hash":"K8JQsP7xvlMLYzwvtZYuHA&ts=1788393904"},"i":{"bytes":"AoABc|DOJ4PFLFbvOxCkcDvQKtWhAXGOc4JqS0rkHlvG3luuD2xRVqRAsxbPOMCiob1No0rogjt98fmu4SIHBNXo7e2aEPEeB39TWXk7PL3HbncRV23cJbKMEDOQM9a0MC1tVovmUHB5op8KYj+fvRRyj52jFKSByNhwe+K0bOIyfO44HQUUUElxqKKKoR\/\/2Q=="}},"embed":{"url":"https:\/\/www.youtube.com\/embed\/z-Wv5UeyckI","type":"iframe","w":405,"h":720}}}},{"channel_id":1371604536,"post_id":21137,"date":1788339260000,"forwards":"9","views":"3.6K","comments":"11","text":"Detenido un marroqu\u00ed de 17 a\u00f1os por agresi\u00f3n sexual a tres menores de entre 10 y 11 a\u00f1os en un centro tras la avalancha de Ceuta.\n\nLa Polic\u00eda Nacional ha detenido a un chico de 17 a\u00f1os por agredir sexualmente a tres menores en un centro para menores de Ceuta, seg\u00fan informan fuentes policiales a ABC. Tanto el arrestado como las v\u00edctimas entraron a Espa\u00f1a durante la avalancha de finales de julio en la que accedieron a la ciudad aut\u00f3noma decenas de personas. Se investiga si este adolescente, de nacionalidad marroqu\u00ed, ha llegado a cometer m\u00e1s delitos en las instalaciones del edificio.\n\nEl escenario de estas denuncias fue el Centro Piniers ubicado en el conflictivo barrio de El Pr\u00edncipe de Ceuta. Este sitio est\u00e1 considerado como un campamento y de recepci\u00f3n de emergencias asistencial, destinado principalmente a la acogida temporal de menores extranjeros no acompa\u00f1ados. El chico de 17 a\u00f1os fue detenido por cometer presuntamente tres agresiones sexuales a ni\u00f1os de entre\u2026","text_length":978,"media":{"root":"\/001\/kVIAADgGwVEAAAAAjIXfGY71H6M.MQ9rG4nIxVBU5JtMlyi1NAQ.AlHBBjgAAFKRapf1jXRxIy3Gtd22Nex7rpg1zaE","photo":{"thumbs":{"m":{"w":320,"h":224,"hash":"MTVgpeeMbm0YGX8goqbUQw&ts=1788393904"},"x":{"w":800,"h":560,"hash":"ZnX9SgBPdCgOEt6NU4h8RA&ts=1788393904"},"y":{"w":808,"h":566,"hash":"8pu0Mz1om_Oob2qkCMs1NQ&ts=1788393904"},"i":{"bytes":"AcACg|BwuuAQyjGW\/wDrUxbh5IslRnOSapSkp8hByUFSkp9njPBXPQ9qBsuR3CxKVBy2OhFAuyoyY8g8g5qvCoLj5AFYEgZ5ppbfGXDcBsYNFhFv7Z86goMHNFUS65GWJOT0GcD\/APXRTQmNu0IkXjnbinxoIgAfmfPPsamuFG3PuBTMfvXPfdmkMWQEhSCR7\/hUKRsoxk9cketXQAQv0FO2L6UIDN8oiVVP8VFaEkSBhJj5hRTEf\/\/Z"}}}}},{"channel_id":1371604536,"post_id":21136,"date":1788334546000,"forwards":"16","views":"3.0K","comments":"6","text":"Pedro S\u00e1nchez: \u201cLa alternancia es buena en democracia, pero es que hoy no tenemos una propuesta de alternancia\u201d.","text_length":112,"media":{"root":"\/006\/kFIAADgGwVEAAAAAlfZkHNxIEXU.tAsAAFgPxFCUGATBAITVYgQ.AlHBBjgAAFKQapfc9IdkWkuPAHR5gMBXVOhQAQc","video":{"duration":18,"w":1280,"h":718,"is_animation":false,"is_round":false,"mime_type":"video\/mp4","size":1419237,"thumbs":{"m":{"w":320,"h":179,"hash":"6JiKk5TTpXb8bGqmBKJ_vA&ts=1788393904"},"i":{"bytes":"AWACg|CipBIBOB61MTHsx8ucdQpqtmlLt\/eP510XESooZyM8D0p33CRRB5Q\/1hYN2xTHILkjoelQp2lcfQfuoqME0V0KSZJIbVE+9I34L\/8AXpPJi2kjecDPUDtmiiuJNsoSXarRnHykdKRzGy7lDAg4xRRTGWIY8R5IU555GfSiiiqEf\/\/Z"}},"streamable":true,"televisor_hash":"o6MMJXSy6cXD8JlFUPb92g&ts=1788393904"}}},{"channel_id":1371604536,"post_id":21135,"date":1788333277000,"forwards":"1","views":"186","text":"La Polic\u00eda Nacional ha identificado a condenados por reclutar a yihadistas para el Daesh entre los inmigrantes que entraron en Espa\u00f1a en la avalancha a Ceuta del pasado mes de julio, seg\u00fan informan fuentes policiales a ABC. Varios de las personas filiadas ya han cumplido su condena y los agentes solo pueden apuntar sus datos como sujetos de inter\u00e9s y transmitir la alerta a los servicios de informaci\u00f3n.\n\nFuentes policiales adelantan a ABC que estos polic\u00edas han identificado entre los inmigrantes de la avalancha de Ceuta a varios condenados por delitos de yihadismo en Espa\u00f1a. Uno de ellos era especialmente preocupante ya que su papel era \u00abreclutar soldados para el Estado Isl\u00e1mico\u00bb, seg\u00fan estas mismas fuentes. Este hombre hab\u00eda sido detectado en pa\u00edses como Siria trabajando a las \u00f3rdenes de los radicales.","text_length":813,"media":{"root":"\/006\/j1IAADgGwVEAAAAAlfZkHNxIEXU","photo":{"thumbs":{"m":{"w":320,"h":224,"hash":"iLhFC7_Y_5zmnoA01IScLg&ts=1788393904"},"x":{"w":800,"h":560,"hash":"qo1tU4QkBy8BdqKzy9AT0g&ts=1788393904"},"y":{"w":1200,"h":840,"hash":"rXEwAmm6wGX5ILsj8y-LDA&ts=1788393904"},"i":{"bytes":"AcACg|BEd\/kZFIxzwM5pxu8FVPLZwcmhZTH8ojY56Yx0qnInmyqIxwfTtSVwL32jeCixjd6E0sDv5r78bewHaoLmRvMXGcA4JAqvLORjaSAaYF9bomZRt+Q8Z96KzoZCBxnd2+tFIDRjYbhk+tQRq8UJSM5HJzQeGyDUi8Yx3oArvuM2f4arSYZCxb5vStKQDZmqkqhdxHemAy2XeCpPWipLZARn0NFMD\/\/Z"}}}}},{"channel_id":1371604536,"post_id":21134,"date":1788304526000,"forwards":"20","views":"1.3K","comments":"6","text":"La Polic\u00eda y el CNI tienen fotograf\u00edas y nombres de los polic\u00edas marroqu\u00edes que habr\u00edan coordinado el asalto a Ceuta.","text_length":117,"media":{"root":"\/00d\/jlIAADgGwVEAAAAAHRwpQ40jDcE.UwwAAPL1vVAoyDTgKqMjdwQ.AlHBBjgAAFKOapdr9DgXuys2Qo-rpW-8UbuC5os","video":{"duration":188,"w":1276,"h":718,"is_animation":false,"is_round":false,"mime_type":"video\/mp4","size":17855700,"thumbs":{"m":{"w":320,"h":180,"hash":"wcvhVK7chvUYi-BGNotivA&ts=1788393904"},"i":{"bytes":"AWACg|CoADgHpUpb5eCD7EVGp\/8A1mn7YwD85z7CquOyQzP+wv4CrMcKuqFnRS2eCOn60yFz0JUDHemSPncPUYXA96RIt5GqYClTjuveioi2VAIHHeimBLbxiU7e9TCCPPeiipY0SxwJ\/dH1PNR3EKqAcAemB7UUUhoUQoUGFH5UUUUAf\/\/Z"}},"streamable":true,"televisor_hash":"gTyRgB9e7HZOs4uJLI-Fww&ts=1788393904"}}},{"channel_id":1371604536,"post_id":21133,"date":1788303877000,"forwards":"5","views":"456","comments":"1","text":"La Polic\u00eda informa a la Justicia de que agentes de Marruecos planificaron y ejecutaron el salto de Ceuta el 30 y 31 de julio.\n\nLa Polic\u00eda Nacional ha informado a la juez Mar\u00eda Tard\u00f3n, que investiga el salto de unas 80.000 personas de Marruecos a Espa\u00f1a por la frontera de Ceuta los d\u00edas 30 y 31 de julio, de que la acci\u00f3n fue planificada y ejecutada por agentes de los cuerpos de seguridad de Marruecos, en abierto contraste con lo mantenido por el Gobierno espa\u00f1ol: el presidente Pedro S\u00e1nchez, aunque en un primer momento asegur\u00f3 que se hab\u00eda tratado de un \u201cataque a la integridad territorial\u201d espa\u00f1ola -algo que por definici\u00f3n s\u00f3lo puede realizar otro pa\u00eds-, ha sostenido que Marruecos ni concibi\u00f3 ni ejecut\u00f3 la acci\u00f3n, culpando de ello a \u201cmafias\u201d de trata de personas y a pa\u00edses como Rusia e Israel.\n\nLa Polic\u00eda Nacional, en cambio, sostiene lo contrario. En concreto, el informe enviado este lunes a la magistrada Tard\u00f3n, quien se encontraba de guardia en la Audiencia\u2026","text_length":974,"media":{"root":"\/011\/jVIAADgGwVEAAAAAl_cEvvPgHCo.RRBrG-XavFA5GEbfgW3TGAQ.AlHBBjgAAFKNapdcSpEsXs3nt6_ZB3EgbR6qjcY","photo":{"thumbs":{"m":{"w":320,"h":213,"hash":"Sn0yyRnG8QApfwlJmNPypw&ts=1788393904"},"x":{"w":800,"h":532,"hash":"zOeJC7Ix0cliB2tDdksVNQ&ts=1788393904"},"y":{"w":828,"h":551,"hash":"E-c9k_60todk8SEpMQOfTQ&ts=1788393904"},"i":{"bytes":"AbACg|CaIHipt20getVUkb0OPanNIw5wABz1piLW41WuJkV8M3JFBkm\/hVfxNVJIrhnLbhk9cUDJTKhz1\/Kiq5gm9enrRS1HoXYjxTL1We3KpySaZF0p0jNxz3FNkoltsm2TP90VIfes9JXWLAbAGcVZSRjDknnFK47A2BKw9QDRULkkEk84H9aKLhY\/\/9k="}}}}},{"channel_id":1371604536,"post_id":21132,"date":1788292576000,"forwards":"6","views":"8.3K","text":"La IA Ya Est\u00e1 Sustituyendo a los MANAGERS: Estos Ser\u00e1n los Primeros en Caer <a target=\"_blank\" rel=\"noreferrer nofollow\" href=\"https:\/\/www.youtube.com\/watch?v=UqS1P5AWShU\">https:\/\/www.youtube.com\/watch?v=UqS1P5AWShU<\/a>","text_length":119,"media":{"root":"\/002\/jFIAADgGwVEAAAAAAFjBHO_3umA","webpage":{"url":"https:\/\/youtube.com\/watch?v=UqS1P5AWShU","type":"video","title":"La IA Ya Est\u00e1 Sustituyendo a los MANAGERS: Estos Ser\u00e1n los Primeros en Caer","site_name":"YouTube","display_url":"youtube.com\/watch?v=UqS1P5AWShU","description":"\u27a1\ufe0f VER EPISODIO COMPLETO: \n\n\ud83c\udf81 Clase gratis de Bienvenido: https:\/\/cb.conquerx.com\/kmR1Ba\/\n\ud83d\ude80 Andorra Economic Forum: https:\/\/andorra.economicforum.es\/es\n\n\u274c X: https:\/\/x.com\/wallstwolverine\n\ud83d\udcf8 Instagram: https:\/\/instagram.com\/victordominguez\n\ud83d\udcd5 El Poder Digital: https:\/\/amzn.to\/4poJclX\n\ud83c\udf99\ufe0fSpotify Podcast: https:\/\/open.spotify.com\/show\/1RHk7FSTrNsGTLKtS2oWw8?\n\ud83d\udcc8 Crea tu plan de inversi\u00f3n con Trade Republic: https:\/\/trade.re\/wallstreetwolverine\nInvertir conlleva riesgos, los rendimientos no est\u00e1n garantizados. Aplican T&Cs.\n\ud83c\udfb6 TikTok: https:\/\/www.tiktok.com\/@cancelledpodcast\n \u25b6\ufe0f Telegram: https:\/\/t.me\/wallstwolverine\n\u26a1\ufe0fAprende de Bitcoin desde 0: https:\/\/go.hotmart.com\/M96791071U?ap=1160\n\ud83d\udc7e Twitch: https:\/\/twitch.tv\/wallstreetwolverine\nsi=18987cd376434a28","thumbs":{"m":{"w":320,"h":180,"hash":"ut-QWs8zQyiV6nDnOd-lZg&ts=1788393904"},"x":{"w":800,"h":450,"hash":"Fa85zOu5hIXAC6cXywPnTA&ts=1788393904"},"y":{"w":1280,"h":720,"hash":"eVWarDUoZaXzbgYeVs5aUQ&ts=1788393904"},"i":{"bytes":"AXACg|CGLTw8X3wD6VUaBlLAKSFOCQOK0I51eAOUUsOvOMVVhujG7mP5VZqRbSsQeS5GQhI+lCwszhCNpJxzWlLLHcREyAknpzwKopzcrkvIM45602THUfNZPBEWYqV9qKuMqSDGz5jx1oqblcplo+QUPTp9KQ4HAooqibgp3MFDYzU0Mj2zbkYbm4xiiigZsWcSlFmI+Zhn6UUUUCP\/2Q=="}},"embed":{"url":"https:\/\/www.youtube.com\/embed\/UqS1P5AWShU","type":"iframe","w":1280,"h":720}}}},{"channel_id":1371604536,"post_id":21131,"date":1788281128000,"forwards":"31","views":"12.0K","comments":"58","text":"Podemos ve \u201cracismo\u201d en las manifestaciones a favor de Ceuta: \u201cMolesta que quienes llegan sean personas negras y moras\u201d","text_length":119,"media":{"root":"\/006\/i1IAADgGwVEAAAAAlfZkHNxIEXU","video":{"duration":35,"w":720,"h":1280,"is_animation":false,"is_round":false,"mime_type":"video\/mp4","size":4194953,"thumbs":{"m":{"w":180,"h":320,"hash":"EF0x_-OLC25QmbMzz690eQ&ts=1788393904"},"i":{"bytes":"AoABY|AUgdcYHPNR+aWG8jCZxmn3KFIGO9T24NVmcfZOFxnitJys9BRVy0MfX8KKWJDJErbl5HrRVcqeor2I5AXiK9zUTJi0Kn7wpyuNwJPboKeHB68Vi3qaCQZWFQRjFFCt1Ge9FNSsFiKQ7U6jPrmmK+XHzKR9QKKKZJNCSVJ4644NFFFVYD\/\/2Q=="}},"streamable":true,"televisor_hash":"gerqtwx9Okd3HeLc8HgMJg&ts=1788393904"}}},{"channel_id":1371604536,"post_id":21130,"date":1788274243000,"forwards":"34","views":"13.0K","comments":"25","text":"Elma Saiz: \u201cNo existe ninguna evidencia de que Marruecos participara en lo acontecido en Ceuta\u201d","text_length":95,"media":{"root":"\/003\/ilIAADgGwVEAAAAAkniK-gEgMNU","video":{"duration":19,"w":1276,"h":718,"is_animation":false,"is_round":false,"mime_type":"video\/mp4","size":1809003,"thumbs":{"m":{"w":320,"h":180,"hash":"648L-lqmAOC1MYg22evuCg&ts=1788393904"},"i":{"bytes":"AWACg|B\/ekIpe9NZ1QEtwPWmBWuZZkfaq\/KO+OtTROXiViOoqB5GDsG+YGn27Egg9B0pXNHBpXJsDpRQXRZUjwcsDk0UzMaZAq7sU54vNVo84bIHSiigCNrbbMqMQWx+FPEPlDdng0UVJbbsIXxzjn1oooqiD\/\/Z"}},"streamable":true,"televisor_hash":"3z8euz6Za3lwAST8LTOl5g&ts=1788393904"}}},{"channel_id":1371604536,"post_id":21129,"date":1788272136000,"forwards":"26","views":"12.6K","comments":"21","text":"Elma Saiz: \u201cDistintos foros digitales, tanto de Israel como Rusia, amplificaron lo acontecido con la intenci\u00f3n de fracturar y polarizar Europa\u201d","text_length":143,"media":{"root":"\/001\/iVIAADgGwVEAAAAAjIXfGY71H6M","video":{"duration":45,"w":1276,"h":718,"is_animation":false,"is_round":false,"mime_type":"video\/mp4","size":3604303,"thumbs":{"m":{"w":320,"h":180,"hash":"kJmp2Z5_ap3VOEhJlJhzbA&ts=1788393904"},"i":{"bytes":"AWACg|CW\/VIZl2gAPkn0qAKkkDswBwwAxTZr24mQOIMLjqRn8ajF27r5bqAOpwKehXM7WLJtoe4xketJDDE8hQFgdu7INQyTqU+VTkcFj2qNLxgCVUKAMEg0IkuSqFQqCST3JoquXjKxg7yWXJJOaKAIzcF440YHA64PXimN97Pb2oopDiIxBUg7sd8GmFcKVHQ880UUy2lYdCpZyru3TjbRRRQZn\/\/Z"}},"streamable":true,"televisor_hash":"SZJc-DlwnjujJsZAGs2JGA&ts=1788393904"}}},{"channel_id":1371604536,"post_id":21128,"date":1788260139000,"forwards":"71","views":"15.5K","comments":"11","text":"A d\u00eda de hoy se contabilizan 32 denuncias por agresi\u00f3n sexual en Ceuta por abuso o violaci\u00f3n.","text_length":93,"media":{"root":"\/00b\/iFIAADgGwVEAAAAAAecGeZ7B_mQ","video":{"duration":30,"w":1276,"h":718,"is_animation":false,"is_round":false,"mime_type":"video\/mp4","size":5627123,"thumbs":{"m":{"w":320,"h":180,"hash":"6FmhUldXRWukmYuizUXw3w&ts=1788393904"},"i":{"bytes":"AWACg|C5DIkmSob8abKrLucH6CoUkUKVjUtzng1BLu3MwPzDuTQBOlw4f5mJ46VbjuELDBPPrWSSBtwTvPXmrsHzonHzdzQNktxLmQANgA\/nRSm1Vhgk7vWikK5EkW0ZLE1WmIDsSuaKKCokUZVmChRWjAjqV5XbRRQPoTs2GxRRRTMz\/9k="}},"streamable":true,"televisor_hash":"5AOnNz1TG7poMSz2SS1Sfg&ts=1788393904"}}},{"channel_id":1371604536,"post_id":21127,"date":1788246699000,"forwards":"1","views":"14.8K","text":"Bienvenido S\u00e1ez sobre la implementaci\u00f3n de la IA en la Administraci\u00f3n P\u00fablica. <a target=\"_blank\" rel=\"noreferrer nofollow\" href=\"https:\/\/www.youtube.com\/watch?v=mVRqWDaEIpk\">https:\/\/www.youtube.com\/watch?v=mVRqWDaEIpk<\/a>","text_length":122,"media":{"root":"\/011\/h1IAADgGwVEAAAAAl_cEvvPgHCo","webpage":{"url":"https:\/\/youtube.com\/watch?v=mVRqWDaEIpk","type":"video","title":"Bienvenido S\u00e1ez sobre la implementaci\u00f3n de la IA en la Administraci\u00f3n P\u00fablica.","site_name":"YouTube","display_url":"youtube.com\/shorts\/mVRqWDaEIpk","description":"Enjoy the videos and music you love, upload original content, and share it all with friends, family, and the world on YouTube.","thumbs":{"m":{"w":180,"h":320,"hash":"ZfRjU-jTeaiS6m9MC96ufQ&ts=1788393904"},"x":{"w":405,"h":720,"hash":"w3wTYP2at-7ZYJy7ehp6Ww&ts=1788393904"},"i":{"bytes":"AoABc|DMUEtgU5ldW3lDj3qeyCmTJI3AgirdyXeIqQg\/HtSuaq5Qwd2MUVJjqaKk3sVVcowI7VPLcF4+Bz03U67gitXUYLhuck9KiVoAMc5+n\/16s5bsYkpVstzRS7Vd8BQgHU5zRSdilKSRoXUMd2A4k2uB0PSqQspDHuUhm6gD0oopJg0gaOePJaI80UUUxczWh\/\/Z"}},"embed":{"url":"https:\/\/www.youtube.com\/embed\/mVRqWDaEIpk","type":"iframe","w":405,"h":720}}}}]