[{"channel_id":1382991987,"post_id":61748,"date":1777582142000,"forwards":"10","views":"592","fwd_from":[],"text":"La Corte d&#039;Appello ha rimesso il caso della <b>Famiglia nel Bosco <\/b>al Tribunale per i Minorenni, anzich\u00e9 disporre il ricongiungimento. Per i coniugi Trevallion e i loro tre figli sono 161 giorni di separazione forzata.<br><br>E il quadro si fa ancora pi\u00f9 grave: la perizia che mette in dubbio la capacit\u00e0 genitoriale dei coniugi \u00e8 stata firmata dalla psichiatra Simona Ceccoli, che si \u00e8 avvalsa della collaborazione della dottoressa Valentina Garrapetta, nota per aver pubblicamente attaccato la famiglia sui social con post di insulti e delegittimazione. Un conflitto di interessi evidente.<br><br>Lo stesso psichiatra Tonino Cantelmi, che segue il caso da vicino, ha definito quella perizia &quot;unilaterale, logorroica e inconsistente&quot;.<br><br>Nel frattempo i tre bambini vivono in condizioni che non possono non preoccupare: cibo ultra-processato, abuso di schermi, sedentariet\u00e0 forzata. E uno di loro, pochi giorni fa, ha chiesto in lacrime di tornare a casa.<br><br>La Garante dell&#039;Infanzia Terragni, il senatore Malan e gli psichiatri della ASL locale hanno tutti chiesto il ricongiungimento immediato. Noi abbiamo gi\u00e0 consegnato al ministro Nordio oltre 75.000 firme e torniamo a chiedergli di agire.<br><br>Firma anche tu e chiedi che questa famiglia venga riunita adesso\ud83d\udc47<br>\ud83d\udd17 <a target=\"_blank\" rel=\"noreferrer nofollow\" href=\"https:\/\/www.provitaefamiglia.it\/petizione\/il-ministro-nordio-tuteli-la-famiglia-nei-boschi-e-il-primato-educativo-dei-genitori-firma-ora\">https:\/\/www.provitaefamiglia.it\/petizione\/il-ministro-nordio-tuteli-la-famiglia-nei-boschi-e-il-primato-educativo-dei-genitori-firma-ora<\/a>","text_length":1384,"media":{"root":"\/002\/NPEAAHPIblIAAAAAhwj33Flwlc8","photo":{"thumbs":{"m":{"w":320,"h":180,"hash":"cqLqwbu8uxrgXSgwHtgLxA&ts=1777631008"},"x":{"w":800,"h":450,"hash":"jgDTBFoiJvpeZmaUdD4VwA&ts=1777631008"},"i":{"bytes":"AXACg|CRjhucE9ziormMtBuGS2eMfWprQB5CXXBwAM1YAVXPXjpUJdRpGImWNaFrK\/l+npTikcxEpT5jzjuaa7tuVAgXHTnNO1xbbkl5g2z565HWioXkacPC4GccEetFPlaEnckhBBLnoDgD3qxLMn2YgAk4xzRRVJLluF3zJDARiMHoTg1Xu1AuVUHqpBoopR3KnsJbf68MnIwOT1zRRRSluKOx\/9k="}}}}},{"channel_id":1382991987,"post_id":61747,"date":1777581541000,"forwards":"6","views":"1.1K","comments":"1","text":"\ud83c\uddee\ud83c\uddf7 <b>TEHERAN, DIFESE AEREE ATTIVE CONTRO MINI DRONI<\/b><br>Le difese aeree iraniane stanno ingaggiando piccoli droni o micro droni da ricognizione sopra Teheran. Situazione in evoluzione.<br><br><img class='tg-emoji' loading='lazy' src='https:\/\/televisor.tlgrm.dev\/emoji\/5890986063840679898\/thumb.webp?hash=BalL7ibYFRDwGXfjSoNXYA&ts=1777631008' alt='\ud83d\udfe5'> <a target=\"_blank\" rel=\"noreferrer nofollow\" href=\"https:\/\/giubberossenews.it\/campagna-donazioni-2024-paypal\"><b>SOSTIENI GIUBBE ROSSE<\/b><\/a><br><a title=\"Giubbe Rosse\" href=\"\/channels\/@rossobruni\">Telegram<\/a> | <a target=\"_blank\" rel=\"noreferrer nofollow\" href=\"https:\/\/giubberossenews.it\">Portale<\/a> | <a target=\"_blank\" rel=\"noreferrer nofollow\" href=\"https:\/\/giubberosse.substack.com\">Substack<\/a> | <a target=\"_blank\" rel=\"noreferrer nofollow\" href=\"https:\/\/mobile.twitter.com\/giubberosse1\">X<\/a> | <a target=\"_blank\" rel=\"noreferrer nofollow\" href=\"https:\/\/www.facebook.com\/giubberossenews\">Facebook<\/a> | <a target=\"_blank\" rel=\"noreferrer nofollow\" href=\"https:\/\/www.instagram.com\/giubberosse.news\">Instagram<\/a> | <a target=\"_blank\" rel=\"noreferrer nofollow\" href=\"https:\/\/www.youtube.com\/@giubberossenews\">YouTube<\/a>","text_length":273,"media":{"root":"\/001\/M_EAAHPIblIAAAAABSYOlWac30o","video":{"duration":10,"w":640,"h":352,"is_animation":true,"is_round":false,"mime_type":"video\/mp4","size":147053,"thumbs":{"m":{"w":320,"h":176,"hash":"usPF8Dw0k_qmCgdOpOMttA&ts=1777631008"},"i":{"bytes":"AWACg|DIxSgUoFOAoAbikIqTFIRQBGRRTiKKAGBiKfuIoooGODE+lP2NtzkdM0UVIxmNyg96KKKYj\/\/Z"}},"streamable":true,"televisor_hash":"gmyLw8YwS1jbAilrlWl3wA&ts=1777631008"}}},{"channel_id":1382991987,"post_id":61746,"date":1777581103000,"forwards":"24","views":"1.5K","comments":"1","text":"<b>&quot;NON SERVIVA UN NOBEL, BASTAVANO CONOSCENZE BASILARI DI MEDICINA&quot; - PANDEMIA, IL BILANCIO 6 ANNI DOPO <\/b><blockquote>\u201cNo, non \u00e8 possibile che nessuno si fosse in buona fede non accorto di tutti questi aspetti\u201c.<\/blockquote>L\u20198 aprile 2026 il farmacologo Marco Cosentino \u00e8 stato audito dalla Commissione parlamentare d\u2019inchiesta sul Covid. I tre nodi centrali della sua testimonianza? La distribuzione dell\u2019mRNA nell\u2019organismo, i limiti strutturali degli studi clinici autorizzativi, e la mancata protezione dal contagio.<br><br>Marco Cosentino \u00e8 professore ordinario di Farmacologia all\u2019Universit\u00e0 degli Studi dell\u2019Insubria, dove dirige il Centro di Ricerca in Farmacologia Medica. Vicepresidente dell\u2019associazione ContiamoCi!, \u00e8 stato audito in Commissione insieme al presidente Dario Giacomini. Durante la pandemia ha pubblicato diversi lavori sulla farmacotossicologia dei vaccini a mRNA, con posizioni critiche sugli aspetti regolativi e sugli endpoint degli studi clinici.<br><br><a target=\"_blank\" rel=\"noreferrer nofollow\" href=\"https:\/\/www.youtube.com\/watch?v=TBz2B0zi63Q\">Intervista a Radio Radio, 30 aprile 2026<\/a><br><br><img class='tg-emoji' loading='lazy' src='https:\/\/televisor.tlgrm.dev\/emoji\/5890986063840679898\/thumb.webp?hash=BalL7ibYFRDwGXfjSoNXYA&ts=1777631008' alt='\ud83d\udfe5'> <a target=\"_blank\" rel=\"noreferrer nofollow\" href=\"https:\/\/giubberossenews.it\/campagna-donazioni-2024-paypal\"><b>SOSTIENI GIUBBE ROSSE<\/b><\/a><br><a title=\"Giubbe Rosse\" href=\"\/channels\/@rossobruni\">Telegram<\/a> | <a target=\"_blank\" rel=\"noreferrer nofollow\" href=\"https:\/\/giubberossenews.it\">Portale<\/a> | <a target=\"_blank\" rel=\"noreferrer nofollow\" href=\"https:\/\/giubberosse.substack.com\">Substack<\/a> | <a target=\"_blank\" rel=\"noreferrer nofollow\" href=\"https:\/\/mobile.twitter.com\/giubberosse1\">X<\/a> | <a target=\"_blank\" rel=\"noreferrer nofollow\" href=\"https:\/\/www.facebook.com\/giubberossenews\">Facebook<\/a> | <a target=\"_blank\" rel=\"noreferrer nofollow\" href=\"https:\/\/www.instagram.com\/giubberosse.news\">Instagram<\/a> | <a target=\"_blank\" rel=\"noreferrer nofollow\" href=\"https:\/\/www.youtube.com\/@giubberossenews\">YouTube<\/a>","text_length":1080,"media":{"root":"\/006\/MvEAAHPIblIAAAAA4oPt1Ah-1lY","webpage":{"url":"https:\/\/www.youtube.com\/watch?v=TBz2B0zi63Q","type":"video","title":"\"NON SERVIVA UN NOBEL, BASTAVANO CONOSCENZE BASILARI DI MEDICINA \u25b7 PANDEMIA, IL BILANCIO 6 ANNI DOPO","site_name":"YouTube","display_url":"youtube.com\/watch?v=TBz2B0zi63Q","description":" \u25b7 AIUTA L'INFORMAZIONE LIBERA, SOSTIENICI: https:\/\/donazioni.radioradio.it\/\n\n\"No, non \u00e8 possibile che nessuno si fosse in buona fede non accorto di tutti questi aspetti\".\nL'8 aprile 2026 il farmacologo Marco Cosentino \u00e8 stato audito dalla Commissione parlamentare d'inchiesta sul Covid. I tre nodi centrali della sua testimonianza? La distribuzione dell'mRNA nell'organismo, i limiti strutturali degli studi clinici autorizzativi, e la mancata protezione dal contagio.\n\nMarco Cosentino \u00e8 professore ordinario di Farmacologia all'Universit\u00e0 degli Studi dell'Insubria, dove dirige il Centro di Ricerca in Farmacologia Medica. Vicepresidente dell'associazione ContiamoCi!, \u00e8 stato audito in Commissione insieme al presidente Dario Giacomini. Durante la pandemia ha pubblicato diversi lavori sulla farmacotossicologia dei vaccini a mRNA, con posizioni critiche sugli aspetti regolativi e sugli endpoint degli studi clinici.\n\nIl primo punto riguarda la distribuzione dei vaccini nell'organismo. Contrariamente a quanto ripetuto durante la campagna vaccinale, i prodotti a mRNA non restano nella sede di iniezione ma si distribuiscono sistemicamente, come gi\u00e0 documentato da studi preclinici del 2015. La proteina spike che ne deriva \u00e8 funzionalmente identica a quella virale, con le stesse propriet\u00e0 pro-infiammatorie e pro-trombotiche. La domanda rimasta senza risposta in Commissione \u00e8 quali cellule la producano, in che quantit\u00e0 e per quanto tempo: \"A questa domanda nessuno ancora oggi \u00e8 in grado di rispondere, nemmeno i produttori. Questi sono prodotti che sono stati utilizzati e tuttora vengono utilizzati in una maniera che \u00e8 fuori controllo.\"\n\nIl secondo punto riguarda i limiti degli studi autorizzativi, definiti da Cosentino un esempio di come non si dovrebbe condurre uno studio clinico. Ma anche accettandone i risultati alla lettera, ci\u00f2 che era stato dimostrato era circoscritto: una riduzione della probabilit\u00e0 di ammalarsi, non altro.\n\nIl terzo punto \u00e8 il pi\u00f9 diretto. I vaccini anti-Covid non sono mai stati studiati per impedire il contagio n\u00e9 la trasmissione del virus \u2014 ed era scritto nelle schede tecniche: \"Non vi fosse nessun effetto particolarmente significativo sul rischio di essere contagiato, cio\u00e8 di contrarre il virus e di portarselo in giro, e tanto meno sul rischio che una volta contagiati si trasferisse il virus da una persona all'altra. Questo non \u00e8 mai stato provato in nessuno studio clinico.\" Chi si \u00e8 vaccinato convinto di essere immune e di non poter trasmettere il virus si \u00e8 comportato di conseguenza, con effetti controproducenti rispetto agli stessi obiettivi della campagna.\n\nAlla domanda se fosse possibile che nessuno si fosse accorto di queste lacune, Cosentino \u00e8 stato netto: \"No, non \u00e8 possibile che nessuno in buona fede non si sia accorto di tutti questi aspetti. Ho avuto sott'occhio i documenti che sono sempre stati fin dall'inizio a disposizione, a partire dalla scheda tecnica, dal riassunto delle caratteristiche del prodotto, che diceva chiaramente quello che era provato dagli studi clinici e quello che invece gli studi clinici non avevano provato.\" E ancora: \"Non era necessario essere un premio Nobel per dirlo.\"\n\nLa Commissione parlamentare d'inchiesta sul Covid, istituita nella XIX Legislatura e presieduta dal senatore Marco Lisei, sta conducendo un lavoro di ricostruzione sulla gestione dell'emergenza sanitaria in Italia. L'audizione integrale \u00e8 disponibile sul canale webtv della Camera dei deputati.\n\n \u25b7 ISCRIVITI AL NOSTRO CANALE YOUTUBE: https:\/\/bit.ly\/2MeYWI7\n \u25b7 ULTERIORI APPROFONDIMENTI SU: https:\/\/www.radioradio.it\/","thumbs":{"m":{"w":320,"h":180,"hash":"5ifTRFCYg5rqry8AtzI5Tg&ts=1777631008"},"x":{"w":800,"h":450,"hash":"JDtv9p_KR4Lq9LD692qeLg&ts=1777631008"},"y":{"w":1280,"h":720,"hash":"gOFzlTAR9d8IvdjDA92LNw&ts=1777631008"},"i":{"bytes":"AXACg|DOCswJBHBx97GKVo3GfnAx\/tH3\/wAKliCeWSWhBGfvdepp2+Pf\/wAsDyTyKB3IQrq6B2OGPY1fTy5IwgVuRwaoMMXQZdpGf4elX7eQqm4kYHp6VLGtimZdmYyrZJwc0VLsLuGPTqTRQFyBHlUADIAORwP8ajMTOSzZyT6D\/GiiqJLMdvmNTyAT2qSG3IlORwOgoooGWIY\/3ZIGBu4ooooEf\/\/Z"}},"embed":{"url":"https:\/\/www.youtube.com\/embed\/TBz2B0zi63Q","type":"iframe","w":1280,"h":720}}}},{"channel_id":1382991987,"post_id":61745,"date":1777578594000,"forwards":"18","views":"2.9K","comments":"1","text":"\ud83c\uddee\ud83c\uddf1\ud83c\uddfa\ud83c\uddf8 <b>GLI STATI UNITI INVIANO 6.500 TONNELLATE DI ARMI A &#039;ISRAELE&#039; IN MEZZO ALLA GUERRA CONTRO L&#039;IRAN E IL LIBANO<\/b><br><b>Due navi cargo statunitensi hanno consegnato 6.500 tonnellate di equipaggiamento militare a &quot;Israele&quot;, rafforzando un gasdotto di rifornimenti in rapida espansione che ha trasferito oltre 115.600 tonnellate di armi dall&#039;inizio della guerra in Iran<\/b><br>Fonte: <a target=\"_blank\" rel=\"noreferrer nofollow\" href=\"https:\/\/english.almayadeen.net\/news\/politics\/us-sends-6-500-tons-of-weapons-to--israel--amid-war-on-iran\">Al Mayadeen<\/a> <i><br><\/i><blockquote>Israele ha ricevuto una nuova consegna di equipaggiamento militare statunitense, con due navi cargo che trasportano circa 6.500 tonnellate di armi e risorse logistiche arrivate nelle ultime 24 ore, secondo il Ministero della Guerra israeliano.<br>Le spedizioni, attraccate nei porti di Haifa e Ashdod, includevano una vasta gamma di materiali, tra cui &quot;migliaia di munizioni aeree, munizioni terrestri, camion militari, veicoli da combattimento JLTV e attrezzature aggiuntive&quot;, ha detto il ministero del regime di occupazione.<br>Dopo il loro arrivo, l&#039;equipaggiamento \u00e8 stato trasferito via terra a numerosi siti militari nei territori occupati.<br>L&#039;ultima consegna fa parte di un pi\u00f9 ampio flusso di forniture che si \u00e8 ampliato significativamente dallo scoppio della guerra contro l&#039;Iran il 28 febbraio. Le autorit\u00e0 del governo israeliano riferiscono che in questo periodo sono state consegnate pi\u00f9 di 115.600 tonnellate di carico militare attraverso 403 ponti aerei e 10 spedizioni marittime.<br>I funzionari hanno segnalato che il flusso di armi dovrebbe aumentare ulteriormente. Il direttore generale del Ministero, Amir Baram, ha dichiarato che lo sforzo di approvvigionamento &quot;continuer\u00e0 e si intensificher\u00e0 nelle prossime settimane.&quot;<br>Il ministro della Guerra Israel Katz ha dichiarato che l&#039;obiettivo \u00e8 garantire che l&#039;esercito <i>&quot;riceva tutti i mezzi necessari affinch\u00e9 possa tornare a operare a piena forza contro i nostri nemici in qualsiasi momento e luogo richiesto.&quot;<\/i><\/blockquote><img class='tg-emoji' loading='lazy' src='https:\/\/televisor.tlgrm.dev\/emoji\/5890986063840679898\/thumb.webp?hash=BalL7ibYFRDwGXfjSoNXYA&ts=1777631008' alt='\ud83d\udfe5'> <a target=\"_blank\" rel=\"noreferrer nofollow\" href=\"https:\/\/giubberossenews.it\/campagna-donazioni-2024-paypal\"><b>SOSTIENI GIUBBE ROSSE<\/b><\/a><br><a title=\"Giubbe Rosse\" href=\"\/channels\/@rossobruni\">Telegram<\/a> | <a target=\"_blank\" rel=\"noreferrer nofollow\" href=\"https:\/\/giubberossenews.it\">Portale<\/a> | <a target=\"_blank\" rel=\"noreferrer nofollow\" href=\"https:\/\/giubberosse.substack.com\">Substack<\/a> | <a target=\"_blank\" rel=\"noreferrer nofollow\" href=\"https:\/\/mobile.twitter.com\/giubberosse1\">X<\/a> | <a target=\"_blank\" rel=\"noreferrer nofollow\" href=\"https:\/\/www.facebook.com\/giubberossenews\">Facebook<\/a> | <a target=\"_blank\" rel=\"noreferrer nofollow\" href=\"https:\/\/www.instagram.com\/giubberosse.news\">Instagram<\/a> | <a target=\"_blank\" rel=\"noreferrer nofollow\" href=\"https:\/\/www.youtube.com\/@giubberossenews\">YouTube<\/a>","text_length":1945,"media":{"root":"\/00c\/MfEAAHPIblIAAAAAP5B2rl6FTa4","webpage":{"url":"https:\/\/english.almayadeen.net\/news\/politics\/us-sends-6-500-tons-of-weapons-to--israel--amid-war-on-iran","type":"photo","title":"US sends 6,500 tons of weapons to 'Israel' amid war on Iran, Lebanon","site_name":"Al Mayadeen English","display_url":"english.almayadeen.net\/news\/politics\/us-sends-6-500-tons-of-weapons-to--israel--amid-war-on-iran","description":"Two US cargo ships delivered 6,500 tons of military equipment to \u201cIsrael,\u201d reinforcing a rapidly expanding supply pipeline that has transferred over 115,600 tons of weapons since the war on Iran began","author":"Al Mayadeen English","thumbs":{"m":{"w":320,"h":214,"hash":"zDP6I_rvM8Ww_tdEM6cBjA&ts=1777631008"},"x":{"w":800,"h":536,"hash":"-bZDxUXMPSMd4Qgr2owFIw&ts=1777631008"},"y":{"w":1000,"h":670,"hash":"SOdf8XBRkKHqF70JIOG-vw&ts=1777631008"},"i":{"bytes":"AbACg|BwTApdlQRu8xAL7cjscVJ5gVim\/IXHJ5q+cjlHEU3g0kgBkDfNtx1B4FRosbHsVzxxzT50HKyQrRSRgecqGTK9DgYxRS50HKyvi4GP3aHHsKVDN5nzxAe+0VOrH1pxJ9agsakm1ci1IbHqMZqIiXzQzIHA9TU+abmiwEZ81gCdinOTxRTvWilYZ\/\/Z"}}}}},{"channel_id":1382991987,"post_id":61744,"date":1777578358000,"forwards":"22","views":"3.0K","comments":"10","text":"\ud83c\udde8\ud83c\uddf3\ud83e\udd16 <b>Charles Lieber, nanoscienziato condannato di Harvard e dell&#039;Universit\u00e0 di Wuhan, ha ricostruito il suo laboratorio di impianti cerebrali in Cina per perseguire una tecnologia che il governo cinese identifica come priorit\u00e0 nazionale: l&#039;integrazione dell&#039;elettronica nel cervello umano.<\/b><br><br>La Cina ha nominato la tecnologia dell\u2019interfaccia cervello-computer una priorit\u00e0 di crescita nazionale nel suo nuovo piano quinquennale nel marzo 2026. Zheng Shanjie, presidente della Commissione nazionale cinese per lo sviluppo e la riforma, ha dichiarato in ottobre che l&#039;ascesa delle interfacce cervello-computer e delle tecnologie correlate \u201cequivarr\u00e0 alla creazione di un altro settore high-tech cinese nei prossimi 10 anni\u201d<br><br>Lieber \u00e8 stato dichiarato colpevole da una giuria e condannato nel dicembre 2021 di aver rilasciato false dichiarazioni agli investigatori federali sui suoi legami con un programma statale cinese per reclutare talenti stranieri e sui reati fiscali relativi a pagamenti che ha ricevuto da un&#039;universit\u00e0 cinese. Ha scontato due giorni di prigione e sei mesi agli arresti domiciliari, \u00e8 stato multato di 50.000 dollari e condannato a pagare 33.600 dollari di risarcimento all&#039;Internal Revenue Service. Durante il caso, la sua difesa ha affermato che soffriva di un linfoma incurabile, in remissione, e che stava lottando per la sua vita.<br>Tre anni dopo la sua condanna, Reuters ha appreso che Lieber sta ora supervisionando l&#039;i-BRAIN, finanziato dallo stato cinese, ovvero l&#039;Institute for Brain Research, Advanced Interfaces and Neurotechnologies, con accesso ad apparecchiature dedicate alla nanofabbricazione e infrastrutture per la ricerca sui primati a lui non disponibili ad Harvard. Il laboratorio \u00e8 un ramo dell&#039;Accademia medica di ricerca e traduzione di Shenzhen, o SMART.<br><br>Fonte: <a target=\"_blank\" rel=\"noreferrer nofollow\" href=\"https:\/\/www.reuters.com\/world\/china\/convicted-former-harvard-scientist-rebuilds-brain-computer-lab-china-2026-04-30\">Reuters<\/a><br><br><img class='tg-emoji' loading='lazy' src='https:\/\/televisor.tlgrm.dev\/emoji\/5890986063840679898\/thumb.webp?hash=BalL7ibYFRDwGXfjSoNXYA&ts=1777631008' alt='\ud83d\udfe5'> <a target=\"_blank\" rel=\"noreferrer nofollow\" href=\"https:\/\/giubberossenews.it\/campagna-donazioni-2024-paypal\"><b>SOSTIENI GIUBBE ROSSE<\/b><\/a><br><a title=\"Giubbe Rosse\" href=\"\/channels\/@rossobruni\">Telegram<\/a> | <a target=\"_blank\" rel=\"noreferrer nofollow\" href=\"https:\/\/giubberossenews.it\">Portale<\/a> | <a target=\"_blank\" rel=\"noreferrer nofollow\" href=\"https:\/\/giubberosse.substack.com\">Substack<\/a> | <a target=\"_blank\" rel=\"noreferrer nofollow\" href=\"https:\/\/mobile.twitter.com\/giubberosse1\">X<\/a> | <a target=\"_blank\" rel=\"noreferrer nofollow\" href=\"https:\/\/www.facebook.com\/giubberossenews\">Facebook<\/a> | <a target=\"_blank\" rel=\"noreferrer nofollow\" href=\"https:\/\/www.instagram.com\/giubberosse.news\">Instagram<\/a> | <a target=\"_blank\" rel=\"noreferrer nofollow\" href=\"https:\/\/www.youtube.com\/@giubberossenews\">YouTube<\/a>","text_length":1911,"media":{"root":"\/003\/MPEAAHPIblIAAAAAB9cFV_G_Alo","webpage":{"url":"https:\/\/www.reuters.com\/world\/china\/convicted-former-harvard-scientist-rebuilds-brain-computer-lab-china-2026-04-30","type":"photo","title":"Convicted former Harvard scientist rebuilds brain computer lab in China","site_name":"Reuters","display_url":"reuters.com\/world\/china\/convicted-former-harvard-scientist-rebuilds-brain-computer-lab-china-2026-04-30","description":"An American scientist convicted of lying to U.S. authorities about payments from China while he was at Harvard University has rebuilt his research lab in Shenzhen to pursue technology the Chinese government has identified as a national priority: embedding electronics into the human brain.","author":"David Kirton","thumbs":{"m":{"w":320,"h":168,"hash":"nuIKyKB_pX18VovI64bUqw&ts=1777631008"},"x":{"w":800,"h":419,"hash":"Srl862P6fYE2jXCG0H4boA&ts=1777631008"},"y":{"w":1280,"h":670,"hash":"wOPL0iljVl-k2rI6XRqHpA&ts=1777631008"},"w":{"w":1920,"h":1005,"hash":"VH28WUk6fLN73jUhypSdoQ&ts=1777631008"},"i":{"bytes":"AVACg|CJ5jGISOzkn9K0QQTycAVnEIYiCAxPQdaI7twwPzCMHBz1pFFzz\/KZgrK4A3Hc2MfpVSa6jYkMSrA9jmoxeRteZlIaE5DcdfT+lUSQGBA75poTLcl0SPk+7RUQVfLGTt9qKYiEscA5o3Hrk5oooATvnFC8tRRQA8tvflRRRRQI\/9k="}}}}},{"channel_id":1382991987,"post_id":61743,"date":1777572180000,"forwards":"7","views":"2.9K","comments":"7","text":"\u26fd\ud83c\uddfa\ud83c\uddf8 I prezzi della benzina in Michigan, Indiana, Ohio, Illinois e Wisconsin hanno raggiunto i livelli pi\u00f9 alti dall'estate del 2022 e si stanno avvicinando a nuovi record assoluti.\n\nPatrick De Haan, Gasbuddy","text_length":209},{"channel_id":1382991987,"post_id":61742,"date":1777569243000,"forwards":"13","views":"1.6K","comments":"10","fwd_from":[],"text":"SENATORE KING (DEM):\"PERCH\u00c9 STIAMO ABBANDONANDO L'UCRAINA?\"\nHEGSETH:\"PERCH\u00c9 \u00c8 IMPORTANTE PER L'EUROPA E ALLORA \u00c8 L'EUROPA CHE DEVE METTERCI I SOLDI\".\n\n(RT)","text_length":155,"media":{"root":"\/012\/LvEAAHPIblIAAAAAlVL3X8xWaU8","video":{"duration":40,"w":1280,"h":720,"is_animation":false,"is_round":false,"mime_type":"video\/mp4","size":5972715,"thumbs":{"m":{"w":320,"h":180,"hash":"VlovmqWqclND2NQJeJ12Bg&ts=1777631008"},"i":{"bytes":"AWACg|Crl3iBwdp6cU6KdSAo4PvUkLbLeDPYkn9aoyYWU7eOeKLDuWLraqnGcmq6tkknsKmm5t43P3mJ\/SqpPNCBslDY7A5GOaKZngUUEknmHFN+VjnBzRRUlkrSBovL29Oh9KhKE9DRRTEx8ce8qhPqaKKKYj\/\/2Q=="}},"streamable":true,"televisor_hash":"LVkx4S84UjUL3ehqTMZqiQ&ts=1777631008"}}},{"channel_id":1382991987,"post_id":61741,"date":1777554981000,"forwards":"79","views":"8.2K","comments":"60","text":"\ud83c\uddea\ud83c\uddfa <b>L\u2019AGGIUNTA DI NUOVE \u2018RISORSE PROPRIE\u2019 PER L\u2019UE \u2013 AL SECOLO \u2018TASSE\u2019 \u2013 \u00c8 \u201cINDISPENSABILE\u201d <\/b><br><br>Von der Leyen avvisa: \u201cSenza nuove tasse, ci sar\u00e0 meno Europa l\u00ec dove serve\u201d<br>La presidente della Commissione parla all&#039;Europarlamento e spiega che senza nuove &#039;risorse proprie&#039;, la scelta \u00e8 netta: contributi nazionali pi\u00f9 elevati o minore capacit\u00e0 di spesa di Bruxelles<br><br>Fonte: <a target=\"_blank\" rel=\"noreferrer nofollow\" href=\"https:\/\/eurofocus.adnkronos.com\/politics\/von-der-leyen-avvisa-senza-nuove-tasse-ci-sara-meno-europa-li-dove-serve\">Adnkronos<\/a><br><br><img class='tg-emoji' loading='lazy' src='https:\/\/televisor.tlgrm.dev\/emoji\/5890986063840679898\/thumb.webp?hash=BalL7ibYFRDwGXfjSoNXYA&ts=1777631008' alt='\ud83d\udfe5'> <a target=\"_blank\" rel=\"noreferrer nofollow\" href=\"https:\/\/giubberossenews.it\/campagna-donazioni-2024-paypal\"><b>SOSTIENI GIUBBE ROSSE<\/b><\/a><br><a title=\"Giubbe Rosse\" href=\"\/channels\/@rossobruni\">Telegram<\/a> | <a target=\"_blank\" rel=\"noreferrer nofollow\" href=\"https:\/\/giubberossenews.it\">Portale<\/a> | <a target=\"_blank\" rel=\"noreferrer nofollow\" href=\"https:\/\/giubberosse.substack.com\">Substack<\/a> | <a target=\"_blank\" rel=\"noreferrer nofollow\" href=\"https:\/\/mobile.twitter.com\/giubberosse1\">X<\/a> | <a target=\"_blank\" rel=\"noreferrer nofollow\" href=\"https:\/\/www.facebook.com\/giubberossenews\">Facebook<\/a> | <a target=\"_blank\" rel=\"noreferrer nofollow\" href=\"https:\/\/www.instagram.com\/giubberosse.news\">Instagram<\/a> | <a target=\"_blank\" rel=\"noreferrer nofollow\" href=\"https:\/\/www.youtube.com\/@giubberossenews\">YouTube<\/a>","text_length":475,"media":{"root":"\/011\/LfEAAHPIblIAAAAAFCrSUMvoy_s","webpage":{"url":"https:\/\/eurofocus.adnkronos.com\/politics\/von-der-leyen-avvisa-senza-nuove-tasse-ci-sara-meno-europa-li-dove-serve","type":"photo","title":"Von der Leyen avvisa: \"Senza nuove tasse, ci sar\u00e0 meno Europa l\u00ec dove serve\"","site_name":"Eurofocus | Adnkronos","display_url":"eurofocus.adnkronos.com\/politics\/von-der-leyen-avvisa-senza-nuove-tasse-ci-sara-meno-europa-li-dove-serve","description":"La presidente della Commissione parla all'Europarlamento e spiega che senza nuove 'risorse proprie', la scelta \u00e8 netta: contributi nazionali pi\u00f9 elevati o minore capacit\u00e0 di spesa di Bruxelles","thumbs":{"m":{"w":320,"h":213,"hash":"IVLN1dOncnbFIkae3ymrxQ&ts=1777631008"},"x":{"w":800,"h":533,"hash":"9TbNUdJubChtasUnOAS-Bw&ts=1777631008"},"y":{"w":1200,"h":800,"hash":"SMvZTpQRwmwimQpGo4ZSIQ&ts=1777631008"},"i":{"bytes":"AbACg|Co3lmFQPvj\/GowOaTOTzT40L+1aIkveTF5QzGMeuOfzqiYyHKDk5xxV4RsLXPOPX8arFnjXAI5OcjrSinqOTWhCQcEYHvxRRLjaCpO7vRQxIYOTVkSJlAgxxzTbFFkmw4BGO9aa2sAPEYp3swsI7AacB64\/nWZIcnrWwY0KbSo2gdKjNvD\/wA81\/KkpWFYyZCRDtIGDyD3oq1qESRxAooHPaijco\/\/2Q=="}}}}},{"channel_id":1382991987,"post_id":61740,"date":1777550762000,"forwards":"38","views":"8.3K","comments":"22","text":"\ud83c\udde9\ud83c\uddea\ud83c\uddfa\ud83c\uddf8 <b>LA GERMANIA ORA PRODUCE PI\u00d9 MUNIZIONI DEGLI STATI UNITI<\/b><br><br>Fonte: <a target=\"_blank\" rel=\"noreferrer nofollow\" href=\"https:\/\/www.newsweek.com\/germany-overtakes-us-in-ammunition-production-capacity-11886409\">Newsweek<\/a><br><br><img class='tg-emoji' loading='lazy' src='https:\/\/televisor.tlgrm.dev\/emoji\/5890986063840679898\/thumb.webp?hash=BalL7ibYFRDwGXfjSoNXYA&ts=1777631008' alt='\ud83d\udfe5'> <a target=\"_blank\" rel=\"noreferrer nofollow\" href=\"https:\/\/giubberossenews.it\/campagna-donazioni-2024-paypal\"><b>SOSTIENI GIUBBE ROSSE<\/b><\/a><br><a title=\"Giubbe Rosse\" href=\"\/channels\/@rossobruni\">Telegram<\/a> | <a target=\"_blank\" rel=\"noreferrer nofollow\" href=\"https:\/\/giubberossenews.it\">Portale<\/a> | <a target=\"_blank\" rel=\"noreferrer nofollow\" href=\"https:\/\/giubberosse.substack.com\">Substack<\/a> | <a target=\"_blank\" rel=\"noreferrer nofollow\" href=\"https:\/\/mobile.twitter.com\/giubberosse1\">X<\/a> | <a target=\"_blank\" rel=\"noreferrer nofollow\" href=\"https:\/\/www.facebook.com\/giubberossenews\">Facebook<\/a> | <a target=\"_blank\" rel=\"noreferrer nofollow\" href=\"https:\/\/www.instagram.com\/giubberosse.news\">Instagram<\/a> | <a target=\"_blank\" rel=\"noreferrer nofollow\" href=\"https:\/\/www.youtube.com\/@giubberossenews\">YouTube<\/a>","text_length":174,"media":{"root":"\/00e\/LPEAAHPIblIAAAAAkXVVofD1Mmg","webpage":{"url":"https:\/\/www.newsweek.com\/germany-overtakes-us-in-ammunition-production-capacity-11886409","type":"photo","title":"Germany can now make more ammunition than the U.S. says defence giant boss","site_name":"Newsweek","display_url":"newsweek.com\/germany-overtakes-us-in-ammunition-production-capacity-11886409","description":"European countries are ramping up their industrial production as demand for military equipment and ammunition grows.","thumbs":{"m":{"w":320,"h":213,"hash":"vXNpV5keJwx6gcNQG44ABw&ts=1777631008"},"x":{"w":800,"h":533,"hash":"g3VXUmKeTVAwcYCJeJsB-w&ts=1777631008"},"y":{"w":1200,"h":800,"hash":"Eb9SQPZ6Lq_Va2zT-b8mcQ&ts=1777631008"},"i":{"bytes":"AbACg|CvGjxlXHyk\/dNWYXuNnCKRgnJGcn86rZ+ZQT0p7ytHFCI2wSCT+dK7GTeZcyHYT5R74qwFjtoQpYOQCc1SeTJaRThsj+VJcuHMfPOwZ+tO7EWZ3BhVsbTzkelFVZCPs55\/jxRUjGLneKjcnzOewp8nExqJj89MRPz9nx\/SmAkkd\/b6UAny6jU\/NSAkmfnbwOc9MUVDKSWopgf\/2Q=="}}}}},{"channel_id":1382991987,"post_id":61739,"date":1777547275000,"forwards":"25","views":"8.7K","comments":"12","text":"\ud83c\uddfa\ud83c\uddf8\ud83c\uddee\ud83c\uddf7 5 aerocisterne e un P-8A Poseidon attivi vicino al confine con l&#039;Iran.<br><br>via MenchOsint<br><br><img class='tg-emoji' loading='lazy' src='https:\/\/televisor.tlgrm.dev\/emoji\/5890986063840679898\/thumb.webp?hash=BalL7ibYFRDwGXfjSoNXYA&ts=1777631008' alt='\ud83d\udfe5'> <a target=\"_blank\" rel=\"noreferrer nofollow\" href=\"https:\/\/giubberossenews.it\/campagna-donazioni-2024-paypal\"><b>SOSTIENI GIUBBE ROSSE<\/b><\/a><br><a title=\"Giubbe Rosse\" href=\"\/channels\/@rossobruni\">Telegram<\/a> | <a target=\"_blank\" rel=\"noreferrer nofollow\" href=\"https:\/\/giubberossenews.it\">Portale<\/a> | <a target=\"_blank\" rel=\"noreferrer nofollow\" href=\"https:\/\/giubberosse.substack.com\">Substack<\/a> | <a target=\"_blank\" rel=\"noreferrer nofollow\" href=\"https:\/\/mobile.twitter.com\/giubberosse1\">X<\/a> | <a target=\"_blank\" rel=\"noreferrer nofollow\" href=\"https:\/\/www.facebook.com\/giubberossenews\">Facebook<\/a> | <a target=\"_blank\" rel=\"noreferrer nofollow\" href=\"https:\/\/www.instagram.com\/giubberosse.news\">Instagram<\/a> | <a target=\"_blank\" rel=\"noreferrer nofollow\" href=\"https:\/\/www.youtube.com\/@giubberossenews\">YouTube<\/a>","text_length":188,"media":{"root":"\/002\/K_EAAHPIblIAAAAAhwj33Flwlc8.2w1rG3mmmFP8fu3u8WupBwQ.AlJuyHMAAPErafND1A-nzUSKWuld8fyZD3mHkaQ","photo":{"thumbs":{"m":{"w":195,"h":320,"hash":"F3AZgefg9V2bYZsNOfU9AQ&ts=1777631008"},"x":{"w":488,"h":800,"hash":"tYNLGEMWzI5OMCrHEjRI7A&ts=1777631008"},"y":{"w":781,"h":1280,"hash":"WQO2BA8bVzXKXguNr-re1Q&ts=1777631008"},"i":{"bytes":"AoABg|BZLK2ROHbeRkDtVUx4fYeAauSm1KbUj5I+\/t6VTz8vvmmIQxgOQBRSs+5s9KKQGhNJN5PMOI8cncKz2BR\/1FXbhH8rLzg\/L93HaqYIOA2TjpimA5QknATafUUVOoCjAGKKAFla2MJxI5fHGSahhjGAx5PaiigCaiiigD\/\/2Q=="}}}}},{"channel_id":1382991987,"post_id":61738,"date":1777545541000,"forwards":"31","views":"10.6K","comments":"7","text":"<img class='tg-emoji' loading='lazy' src='https:\/\/televisor.tlgrm.dev\/emoji\/5235983467933614653\/thumb.webp?hash=ryuQ5tszzR_hunt_WTNq3g&ts=1777631008' alt='\ud83c\uddfa\ud83c\uddf8'> <b>AXIOS: A TRUMP VERRANNO PRESENTATE ALCUNE OPZIONI NECESSARIE ALLA RIPRESA DELLE OPERAZIONI MILITARI CONTRO L&#039;IRAN <\/b><br><br>Il Comando Centrale delle Forze Armate statunitensi ha preparato un piano &quot;conciso ma forte&quot; su eventuali attacchi alle infrastrutture iraniane &quot;nella speranza di far uscire dallo stallo i negoziati&quot;, <a target=\"_blank\" rel=\"noreferrer nofollow\" href=\"https:\/\/www.axios.com\/2026\/04\/30\/trump-military-plans-iran-briefing-centcom\">scrive<\/a> Axios citando tre fonti informate. In questo modo, si intende costringere l&#039;Iran a mostrare &quot;una maggiore flessibilit\u00e0 sulla questione nucleare&quot;.<br><br>\u25aa\ufe0f C&#039;\u00e8 anche un &quot;piano B&quot; \u2014 mirato a catturare una parte dello Stretto di Hormuz, per riaprirlo alla navigazione commerciale. Secondo una delle fonti, in tale operazione potrebbero essere impiegate delle truppe di terra. La terza opzione prevede un&#039;operazione delle forze speciali statunitensi per catturare le riserve di uranio altamente arricchito nel territorio dell&#039;Iran.<br><br>Tutte queste opzioni verranno presentate a Trump oggi in un briefing, a cui parteciper\u00e0 anche il presidente del Comitato congiunto dei Capi di Stato Maggiore delle Forze Armate statunitensi, il generale Dan Kaine. \u00c8 evidente che si potr\u00e0 scegliere anche su una combinazione tra le opzioni di azione che verranno presentate. Tra l&#039;altro, un briefing simile si \u00e8 tenuto due giorni prima del 28 febbraio, giorno dell&#039;attacco degli Stati Uniti e di Israele all&#039;Iran.<br><br>Le fonti di Axios precisano che, per ora, Trump considera il blocco come la principale leva di pressione, ma \u00e8 anche pronto a ricorrere ad azioni militari se Teheran non ceder\u00e0. Il Pentagono tiene anche conto della possibilit\u00e0 che l&#039;Iran intraprenda azioni militari contro le forze statunitensi nella regione in risposta al blocco.<br><br>\u25aa\ufe0f \u00c8 facile supporre che Israele sarebbe favorevole al riavvio delle operazioni attive statunitensi contro l&#039;Iran. Se si parla di azioni di risposta dell&#039;Iran al blocco statunitense del suo commercio marittimo, allora la repubblica islamica \u00e8 pienamente nel suo diritto. Per il diritto internazionale infatti il blocco navale \u00e8 un atto di aggressione.<br><br>Allo stesso tempo, non \u00e8 molto chiaro perch\u00e9 Teheran, in conformit\u00e0 con l&#039;articolo 51 della Carta delle Nazioni Unite, non abbia ancora notificato ufficialmente al Consiglio di Sicurezza delle Nazioni Unite l&#039;intenzione di esercitare il proprio diritto all&#039;autodifesa. <b>Agendo esclusivamente in difesa, Teheran cede l&#039;iniziativa strategica agli Stati Uniti e a Israele. E questi non mancheranno di sfruttarla per ottenere un fattore di sorpresa.<\/b><br><br><img class='tg-emoji' loading='lazy' src='https:\/\/televisor.tlgrm.dev\/emoji\/5890986063840679898\/thumb.webp?hash=BalL7ibYFRDwGXfjSoNXYA&ts=1777631008' alt='\ud83d\udfe5'> <a target=\"_blank\" rel=\"noreferrer nofollow\" href=\"https:\/\/giubberossenews.it\/campagna-donazioni-2024-paypal\"><b>SOSTIENI GIUBBE ROSSE<\/b><\/a><br><a title=\"Giubbe Rosse\" href=\"\/channels\/@rossobruni\">Telegram<\/a> | <a target=\"_blank\" rel=\"noreferrer nofollow\" href=\"https:\/\/giubberossenews.it\">Portale<\/a> | <a target=\"_blank\" rel=\"noreferrer nofollow\" href=\"https:\/\/giubberosse.substack.com\">Substack<\/a> | <a target=\"_blank\" rel=\"noreferrer nofollow\" href=\"https:\/\/mobile.twitter.com\/giubberosse1\">X<\/a> | <a target=\"_blank\" rel=\"noreferrer nofollow\" href=\"https:\/\/www.facebook.com\/giubberossenews\">Facebook<\/a> | <a target=\"_blank\" rel=\"noreferrer nofollow\" href=\"https:\/\/www.instagram.com\/giubberosse.news\">Instagram<\/a> | <a target=\"_blank\" rel=\"noreferrer nofollow\" href=\"https:\/\/www.youtube.com\/@giubberossenews\">YouTube<\/a>","text_length":2540,"media":{"root":"\/006\/KvEAAHPIblIAAAAA4oPt1Ah-1lY","webpage":{"url":"https:\/\/www.axios.com\/2026\/04\/30\/trump-military-plans-iran-briefing-centcom","type":"photo","title":"Scoop: Commanders to brief Trump on new Iran military options Thursday","site_name":"Axios","display_url":"axios.com\/2026\/04\/30\/trump-military-plans-iran-briefing-centcom","description":"The options could include ground forces.","author":"Barak Ravid","thumbs":{"m":{"w":320,"h":180,"hash":"gxReUNo18kSoZWOUwR0uhQ&ts=1777631009"},"x":{"w":800,"h":450,"hash":"jxSJ0MgwwNzYU9snx_Zu_g&ts=1777631009"},"y":{"w":1280,"h":720,"hash":"SndC181R9mLt8j_j9R8Jzw&ts=1777631009"},"w":{"w":1366,"h":768,"hash":"oHNgP9JFQLvajpN_wA9zqw&ts=1777631009"},"i":{"bytes":"AXACg|CjKCZF6kkYrRhwkYh6ccjPWqkx8sKVUMM7lk\/pSrcqZg7cAEDFVzag4kkY\/e+WTjBpyySRlkxvGTzjNRmcC4YjBBH9MVFLJ5js\/fOaGC1LEsryRlSNoPciiqmc9aKm5XKSYG5JWA8tycD0qHKvcbYwOvpxRRVImW7JGCiQKWwxHpxUTsM4Xn3oookEdkxN3FFFFSi2f\/\/Z"}}}}},{"channel_id":1382991987,"post_id":61735,"date":1777544962000,"forwards":"17","views":"7.4K","comments":"1","fwd_from":[],"text":"Aggiornamento di Bloomberg sulle esportazioni di greggio marittimo russe:\n\nLa Russia ha aumentato le sue spedizioni di petrolio marittimo al livello pi\u00f9 alto in oltre un mese, poich\u00e9 l'impatto dei precedenti attacchi con droni ucraini sulle strutture di esportazione del Paese si \u00e8 attenuato.\n\nLe spedizioni nell'ultima settimana sono aumentate a 3,79 milioni di barili al giorno, un nuovo massimo per il periodo dal 22 marzo.\n\nSu una base media di quattro settimane, il valore lordo delle esportazioni di Mosca \u00e8 salito a 2,35 miliardi di euro a settimana nei 28 giorni fino al 26 aprile, da 2,14 miliardi di euro rivisti nel periodo fino al 19 aprile, con un lieve calo dei prezzi dell'Ural compensato dall'aumento dei flussi. (Questo \u00e8 il pi\u00f9 alto fatturato medio di 4 settimane dal 2022!)\n\nSu base settimanale, il valore delle esportazioni \u00e8 stato in media di circa 2,31 miliardi di euro nei 7 giorni fino al 26 aprile.","text_length":923,"grouped_id":14220359702334700,"media":{"gallery":[{"root":"\/002\/J_EAAHPIblIAAAAAhwj33Flwlc8.cAxrGxgxmEeuZQ_x023kfgE.AlJuyHMAAPEnafND1CjTBWN6_zPizJFieiWKRKg","photo":{"thumbs":{"m":{"w":320,"h":228,"hash":"LeYFmDioIvjQ2I9T07IoHQ&ts=1777631009"},"x":{"w":800,"h":569,"hash":"oRVXxddsM6UXBRP_30-XyA&ts=1777631009"},"y":{"w":906,"h":644,"hash":"rgQqOD7DGrRSkXc-KmnNrQ&ts=1777631009"},"i":{"bytes":"AcACg|DVbr3\/AO+jQDjJ\/wDZjUmaQsAcUAN3H0H50oJPYfnShgTwaQkY5waAHUUxSCeMUUADJuPJOKBGMH1Pen0mMUAN8teeOtHlrzxSk4P40uMUAIAAeBiinYxRQB\/\/2Q=="}}}},{"root":"\/002\/KPEAAHPIblIAAAAAhwj33Flwlc8.bwxrGxgxmEfB0ULTZdS2KQE.AlJuyHMAAPEoafND1M9t1o_l1bUwwu-ozSKKlQs","photo":{"thumbs":{"m":{"w":320,"h":231,"hash":"w1ab1pter5SqjUWOKVluyQ&ts=1777631009"},"x":{"w":800,"h":577,"hash":"QYvhy3Rxek1pK5FtphZM9g&ts=1777631009"},"y":{"w":906,"h":653,"hash":"KZae8hT0xqRt9ZoUI07rfQ&ts=1777631009"},"i":{"bytes":"AdACg|DVkHfn8GxSBc85PP8AtmnsVGM03egIwetACjK8cfi1LuP+z+dN81M4\/pQZUx1\/SgB4JPXH4UUyNw\/TPFFK4EN2rNJHhiqgHOD34pnOOTn3q2yBuozSeUnpUSi2UmkVqKmIQPjb+tP8pPSp9myuZEdv1aipVRV6CitIqyIbuz\/\/2Q=="}}}},{"root":"\/002\/KfEAAHPIblIAAAAAhwj33Flwlc8.bgxrGxgxmEc0TEi9I6mc0QE.AlJuyHMAAPEpafND1PPekJPrw8XWi7GEOK3QSfo","photo":{"thumbs":{"m":{"w":320,"h":213,"hash":"C6G5HXwHw5QZp4173IZUgg&ts=1777631009"},"x":{"w":800,"h":532,"hash":"trSW5vQb5hadna1iN7oXFQ&ts=1777631009"},"y":{"w":906,"h":603,"hash":"T0c-i2zaS2byE2C79uKPdw&ts=1777631009"},"i":{"bytes":"AbACg|DWZctnn8zSKpHTP4kmh5VRgCQO\/Jp+4Bc9qAEy3tS\/N7UgdS20EZp1ACAg9waKRDu5x3I\/WigAZEY5Kgn6VGsIBHzEheg9KmpD0oAZ5Me3AUYzmm+UcZErHHIyeKl2j3\/OhRxQAijAop1FAH\/\/2Q=="}}}}]}},{"channel_id":1382991987,"post_id":61734,"date":1777535140000,"forwards":"48","views":"9.9K","comments":"13","text":"\ud83c\udde9\ud83c\uddea <b>\u00abSE LA GERMANIA NON STA ATTENTA, RISCHIA DI FARE LA FINE DELL\u2019ITALIA NEGLI ANNI NOVANTA\u00bb.<\/b><br><br>Gli investimenti pubblici nella difesa, sempre a debito, cambieranno strutturalmente l\u2019economia tedesca? <br>\u00abS\u00ec, ma in misura limitata. Sta gi\u00e0 succedendo. Alcune imprese chiudono, mentre l\u2019industria della difesa in parte riutilizza questa manodopera. Il problema per\u00f2 \u00e8 che la difesa tedesca \u00e8 troppo piccola per assorbire il declino degli altri settori. Non avr\u00e0 mai il peso dell\u2019automotive\u00bb. <br><br>Sulla disciplina fiscale la Germania era un modello. A dire il vero, spesso percepita come troppo rigida nell\u2019Ue. <br>\u00ab\u00c8 stata l\u2019\u00e1ncora di stabilit\u00e0 della moneta, contribuendo a mantenere i tassi bassi nell\u2019eurozona per tutti. Questo modello tedesco \u2014 discutibile ma anche vantaggioso per gli altri \u2014 per il momento \u00e8 stato abbandonato. Oggi la Germania \u00e8 il Paese che si indebita pi\u00f9 rapidamente: il debito dovrebbe salire all\u201980-90% entro il 2040. E questo implica che, se Paesi con un debito elevato, come la Francia, dovessero andare in difficolt\u00e0, la Germania sar\u00e0 meno in grado di soccorrerli\u00bb. <br><br>C\u2019\u00e8 gi\u00e0 una perdita di reputazione finanziaria? <br>\u00abIn parte \u00e8 avvenuto. I tassi d\u2019interesse sui titoli tedeschi sono saliti e il divario con gli altri si \u00e8 assottigliato\u00bb. <br><br>In poche parole: come si spiega la profonda crisi della Germania? <br>\u00abCi sono fattori esterni. Prima il contesto globale avvantaggiava la Germania, Paese esportatore, ora non pi\u00f9. Ci sono rotture geopolitiche: la guerra in Ucraina, la fine del gas russo, l\u2019Iran. Poi c\u2019\u00e8 il protezionismo Usa e, infine, la concorrenza cinese. Vent\u2019anni fa, la Germania era la \u201cvincitrice della Cina\u201d perch\u00e9 esportava macchinari e tecnologie utili alla loro industrializzazione, tanto quanto l\u2019Italia era la \u201cperdente\u201d, quando i vostri prodotti vennero soppiantati da quelli cinesi. Ora invece perde anche la Germania, perch\u00e9 i cinesi sono competitivi nei settori alti, tradizionalmente tedeschi\u00bb. <br><br>E i fattori interni? <br>\u00abAbbiamo commesso errori noi stessi, per esempio con una politica energetica molto costosa. E ci siamo adagiati\u00bb. <br><br>Il presidente degli industriali, Peter Leibinger, ha parlato di caduta libera, della peggiore crisi del dopoguerra. \u00c8 d\u2019accordo? <br>\u00abS\u00ec. Non solo l\u2019economia ristagna. Se guardiamo agli investimenti privati \u2014 che rappresentano il 90% del totale \u2014 sono in calo dal 2019, addirittura siamo tornati al 2015. Vuol dire che il Pil regge solo grazie alla spesa pubblica, finanziata a debito\u00bb.<br><br>Fonte: <a target=\"_blank\" rel=\"noreferrer nofollow\" href=\"https:\/\/www.corriere.it\/esteri\/26_aprile_30\/germania-fuest-decennio-perduto-17404413-6289-4523-b579-8e7f811d6xlk.shtml\">Corriere<\/a><br><br><img class='tg-emoji' loading='lazy' src='https:\/\/televisor.tlgrm.dev\/emoji\/5890986063840679898\/thumb.webp?hash=X_qwi1zQOeH05fthFMUMhA&ts=1777631009' alt='\ud83d\udfe5'> <a target=\"_blank\" rel=\"noreferrer nofollow\" href=\"https:\/\/giubberossenews.it\/campagna-donazioni-2024-paypal\"><b>SOSTIENI GIUBBE ROSSE<\/b><\/a><br><a title=\"Giubbe Rosse\" href=\"\/channels\/@rossobruni\">Telegram<\/a> | <a target=\"_blank\" rel=\"noreferrer nofollow\" href=\"https:\/\/giubberossenews.it\">Portale<\/a> | <a target=\"_blank\" rel=\"noreferrer nofollow\" href=\"https:\/\/giubberosse.substack.com\">Substack<\/a> | <a target=\"_blank\" rel=\"noreferrer nofollow\" href=\"https:\/\/mobile.twitter.com\/giubberosse1\">X<\/a> | <a target=\"_blank\" rel=\"noreferrer nofollow\" href=\"https:\/\/www.facebook.com\/giubberossenews\">Facebook<\/a> | <a target=\"_blank\" rel=\"noreferrer nofollow\" href=\"https:\/\/www.instagram.com\/giubberosse.news\">Instagram<\/a> | <a target=\"_blank\" rel=\"noreferrer nofollow\" href=\"https:\/\/www.youtube.com\/@giubberossenews\">YouTube<\/a>","text_length":2575,"media":{"root":"\/00e\/JvEAAHPIblIAAAAAkXVVofD1Mmg","webpage":{"url":"https:\/\/www.corriere.it\/esteri\/26_aprile_30\/germania-fuest-decennio-perduto-17404413-6289-4523-b579-8e7f811d6xlk.shtml","type":"photo","title":"Germania, parla l'economista Fuest: \u00abSi rischia un decennio perduto, come l'Italia degli anni '90. Il Pil regge solo grazie alla spesa pubblica (finanziata a debito)\u00bb","site_name":"Corriere della Sera","display_url":"corriere.it\/esteri\/26_aprile_30\/germania-fuest-decennio-perduto-17404413-6289-4523-b579-8e7f811d6xlk.shtml","description":"Intervista all'economista tedesco che guida l'Ifo, che ogni mese d\u00e0 le previsioni sulla crescita: \u00abIl governo Merz ha usato lo stimolo all'economia per coprire buchi di bilancio. Fine del modello Germania? Spero di no, ma dipende da noi\u00bb","thumbs":{"m":{"w":320,"h":180,"hash":"nkMVuvXsh7ERdld12sYfgg&ts=1777631009"},"x":{"w":800,"h":450,"hash":"5ut4Z5v0lPxl1CuD202KDg&ts=1777631009"},"y":{"w":1200,"h":675,"hash":"dwYLwAnETNVAzYDrrSEPpg&ts=1777631009"},"i":{"bytes":"AXACg|C1L8xOKYEqdFBp\/lilYu9iqydBnFRyK42ndz3HY1Nc8JuGMioGJJG8rt9RSsA11opz0UAW0bing5ooqiXuRTx7xjPFRyWv7mRc9uDRRQg6GO5aNyATRRRTEf\/Z"}}}}}]