[{"channel_id":1383921802,"post_id":16545,"date":1777447488000,"forwards":"1","views":"266","text":"\ud83d\udd34 Bruselas acusa a Meta de violar la ley UE por no impedir que menores de 13 a\u00f1os usen Instagram y Facebook <a target=\"_blank\" rel=\"noreferrer nofollow\" href=\"https:\/\/www.europapress.es\/sociedad\/noticia-bruselas-acusa-meta-violar-ley-ue-no-impedir-menores-13-anos-usen-instagram-facebook-20260429092256.html\">https:\/\/www.europapress.es\/sociedad\/noticia-bruselas-acusa-meta-violar-ley-ue-no-impedir-menores-13-anos-usen-instagram-facebook-20260429092256.html<\/a>","text_length":257,"media":{"root":"\/00e\/oUAAAIr4fFIAAAAAi89fWoRtgQw","webpage":{"url":"https:\/\/www.europapress.es\/sociedad\/noticia-bruselas-acusa-meta-violar-ley-ue-no-impedir-menores-13-anos-usen-instagram-facebook-20260429092256.html","type":"photo","title":"Bruselas acusa a Meta de violar la ley UE por no impedir que menores de 13 a\u00f1os usen Instagram y Facebook","site_name":"Europa Press","display_url":"europapress.es\/sociedad\/noticia-bruselas-acusa-meta-violar-ley-ue-no-impedir-menores-13-anos-usen-instagram-facebook-20260429092256.html","description":"La Comisi\u00f3n Europea ha acusado este mi\u00e9rcoles a Meta de violar la ley europea de servicios digitales...","author":"Europa Press","thumbs":{"m":{"w":320,"h":213,"hash":"xBPRSvCfiIcQXfU6_zrHKQ&ts=1777495817"},"x":{"w":800,"h":533,"hash":"hEoHBB23TzJlwkYQHdc3xA&ts=1777495817"},"y":{"w":1280,"h":853,"hash":"a9b2T29xnbAFo526EECKRQ&ts=1777495817"},"w":{"w":2560,"h":1707,"hash":"z0aSausLpyAK4hZJt11yqw&ts=1777495817"},"i":{"bytes":"AbACg|DMmOSB6Cp5\/s\/2cbPv8UyJRLdbWPyk+vpT57ZPtEcUZ+9174pp20HyXVxXskSyE\/mfNgHFQeQzp5m5OmSvQ1PeW5giXEuVJxjpUP2lvJ8vaOmM45pSv0JV7aEQjcruCEr64oqzHciO1aMAFj39KKpJdxPm7EAJjk4JGO4p29kkDg8jvS3AAfgU09BWZvFbodNO820MeF6CoacaSmK1htFKaKCT\/9k="}}}}},{"channel_id":1383921802,"post_id":16544,"date":1777447374000,"forwards":"5","views":"297","text":"\ud83d\udd34 Polic\u00eda Nacional evita que varios migrantes asalten la Embajada de Gambia en Madrid para conseguir certificado de vulnerabilidad <a target=\"_blank\" rel=\"noreferrer nofollow\" href=\"https:\/\/www.europapress.es\/madrid\/noticia-policia-nacional-evita-varios-migrantes-asalten-embajada-gambia-conseguir-certificado-vulnerabilidad-20260429091750.html\">https:\/\/www.europapress.es\/madrid\/noticia-policia-nacional-evita-varios-migrantes-asalten-embajada-gambia-conseguir-certificado-vulnerabilidad-20260429091750.html<\/a>","text_length":294,"media":{"root":"\/00e\/oEAAAIr4fFIAAAAAi89fWoRtgQw","webpage":{"url":"https:\/\/www.europapress.es\/madrid\/noticia-policia-nacional-evita-varios-migrantes-asalten-embajada-gambia-conseguir-certificado-vulnerabilidad-20260429091750.html","type":"photo","title":"Polic\u00eda Nacional evita que varios migrantes asalten la Embajada de Gambia para conseguir certificado de vulnerabilidad","site_name":"Europa Press","display_url":"europapress.es\/madrid\/noticia-policia-nacional-evita-varios-migrantes-asalten-embajada-gambia-conseguir-certificado-vulnerabilidad-20260429091750.html","description":"La Polic\u00eda Nacional intervino en la ma\u00f1ana del martes para evitar que varias personas migrantes que...","author":"Europa Press","thumbs":{"m":{"w":320,"h":296,"hash":"NeSUQTn-cPKtDWVB1e60EQ&ts=1777495817"},"x":{"w":800,"h":741,"hash":"r0_vNrcYBx7LNdZC-7r2Mw&ts=1777495817"},"y":{"w":1280,"h":1185,"hash":"5K73AaUQpOi0sUwpzuw-hg&ts=1777495817"},"w":{"w":2560,"h":2371,"hash":"79yGg0MNtlzliOXbEUQguQ&ts=1777495817"},"i":{"bytes":"AlACg|CVpCYlHUnnNU7iWRH2hjjGauOhjAIkBXGOO1U7iPaVfJORzxxT6AVy7NIN3U09MFT84UjkVE4JYYB45pUy7qFBY56DvSA1bGVpLUbiSQDzn\/PtRU+xY7fAVV7kAd6KAJtgxjpWdqg8uOPA7mtBp4kPLjPoOazdUk84RqqEHPGe9JDM\/eSQQat6XGpuGkY42dAB1zUVzCYJVReuBjitG3iMFw\/7slHAwR2wKYiSUu4wFOPU0VZH0opDKlvErHjj371DMgXVLdR04PP40UUANvOdUhB9V\/nWgxwM0UUAN3nNFFFAH\/\/Z"}}}}},{"channel_id":1383921802,"post_id":16543,"date":1777446386000,"forwards":"6","views":"370","text":"\ud83d\udd34 Hallan un cad\u00e1ver sepultado en Alicante que podr\u00eda corresponder a un empresario testigo del crimen de la viuda de la CAM <a target=\"_blank\" rel=\"noreferrer nofollow\" href=\"https:\/\/www.europapress.es\/comunitat-valenciana\/noticia-hallan-cadaver-sepultado-alicante-podria-corresponder-empresario-testigo-crimen-viuda-cam-20260429085752.html\">https:\/\/www.europapress.es\/comunitat-valenciana\/noticia-hallan-cadaver-sepultado-alicante-podria-corresponder-empresario-testigo-crimen-viuda-cam-20260429085752.html<\/a>","text_length":289,"media":{"root":"\/00e\/n0AAAIr4fFIAAAAAi89fWoRtgQw","webpage":{"url":"https:\/\/www.europapress.es\/comunitat-valenciana\/noticia-hallan-cadaver-sepultado-alicante-podria-corresponder-empresario-testigo-crimen-viuda-cam-20260429085752.html","type":"photo","title":"Hallan un cad\u00e1ver sepultado en Alicante que podr\u00eda corresponder a un empresario testigo del crimen de la viuda de la CAM","site_name":"Europa Press","display_url":"europapress.es\/comunitat-valenciana\/noticia-hallan-cadaver-sepultado-alicante-podria-corresponder-empresario-testigo-crimen-viuda-cam-20260429085752.html","description":"La Polic\u00eda Nacional ha localizado este martes un cad\u00e1ver sepultado bajo el hormig\u00f3n en un piso de...","author":"Europa Press","thumbs":{"m":{"w":320,"h":213,"hash":"7L-i0vPm1Ln1bQ0HRcMtQQ&ts=1777495817"},"x":{"w":800,"h":533,"hash":"NWGmukmF-44Tnjovoab4PQ&ts=1777495817"},"y":{"w":1280,"h":853,"hash":"BKzoiRUkUbRvk6n7UeVDUQ&ts=1777495817"},"w":{"w":2560,"h":1707,"hash":"8zpZBpGTwfYX4sWw_CN7rg&ts=1777495817"},"i":{"bytes":"AbACg|CrdTPcTGQA57D0psRmj+YAj3NOU74z5KHIzkntS24hk2Aq7OeTnJH6UwAyum5twBbrjvSAhx1dj6AVb2wpkxgZ298ce\/c06Od4UKll4\/iZsmi4FJg4TBjYD3HSinyXbiR8lSSMZHNFCuDKiSsqnBIz1qWO6kjQKmOmAT2quO9PXpSAmaeU9ZCD\/sjFMDJ1IyfU1GeaSgCZ7jMWwAAewGTRUB6UUAf\/2Q=="}}}}},{"channel_id":1383921802,"post_id":16542,"date":1777446209000,"forwards":"2","views":"360","text":"\ud83d\udd34 El IPC se modera al 3,2% en abril pese al alza de los carburantes y la inflaci\u00f3n subyacente cae al 2,8% <a target=\"_blank\" rel=\"noreferrer nofollow\" href=\"https:\/\/www.europapress.es\/economia\/macroeconomia-00338\/noticia-ipc-modera-32-abril-pese-alza-carburantes-inflacion-subyacente-cae-28-20260429090029.html\">https:\/\/www.europapress.es\/economia\/macroeconomia-00338\/noticia-ipc-modera-32-abril-pese-alza-carburantes-inflacion-subyacente-cae-28-20260429090029.html<\/a>","text_length":260,"media":{"root":"\/00c\/nkAAAIr4fFIAAAAAaEn7CROdxwk","webpage":{"url":"https:\/\/www.europapress.es\/economia\/macroeconomia-00338\/noticia-ipc-modera-32-abril-pese-alza-carburantes-inflacion-subyacente-cae-28-20260429090029.html","type":"photo","title":"El IPC se modera al 3,2% en abril pese al alza de los carburantes y la inflaci\u00f3n subyacente cae al 2,8%","site_name":"Europa Press","display_url":"europapress.es\/economia\/macroeconomia-00338\/noticia-ipc-modera-32-abril-pese-alza-carburantes-inflacion-subyacente-cae-28-20260429090029.html","description":"El \u00cdndice de Precios de Consumo (IPC) recort\u00f3 dos d\u00e9cimas su tasa interanual en abril, hasta el 3,2%,...","author":"Europa Press","thumbs":{"m":{"w":320,"h":213,"hash":"3tY4Lsnrb7SAIP9FC7eFMw&ts=1777495817"},"x":{"w":800,"h":533,"hash":"Ps1AncAvwXHVoOcAkXdTrA&ts=1777495817"},"y":{"w":1280,"h":853,"hash":"nr1yz22VMnkOCTH2inK7-Q&ts=1777495817"},"w":{"w":2560,"h":1707,"hash":"h7GqztUxUfmx_zkQkUn26Q&ts=1777495817"},"i":{"bytes":"AbACg|AjgUjrii5iAi455pkbvuK4wPXNPMuw4GT+tCdirXKDc\/wYrQth\/o6UGXYu5yAPepAQR0FNyuSo2Gj7xooU\/MaKkZF8qDFKO+3j1NQOTVlB+5\/Cg0bsQSR5bk5qdCSnJqM9vpT0+6aCBU6mikj6migR\/9k="}}}}},{"channel_id":1383921802,"post_id":16541,"date":1777443763000,"forwards":"1","views":"75","text":"Trump responde al cuestionamiento del canciller alem\u00e1n sobre el plan de EEUU con Ir\u00e1n: &quot;No me extra\u00f1a que a Alemania le vaya tan mal&quot; <a target=\"_blank\" rel=\"noreferrer nofollow\" href=\"https:\/\/tinyurl.com\/2s3rchup\">https:\/\/tinyurl.com\/2s3rchup<\/a>","text_length":162,"media":{"root":"\/013\/nUAAAIr4fFIAAAAAsQ3wb8DuEmI.iQ1rG3dXiFOJOZFkJVi3pgQ.AlJ8-IoAAECdafGk9NyKCAgOXq_jgU5b2YIdnhc","photo":{"thumbs":{"m":{"w":320,"h":213,"hash":"mgw5UaaQlE3BODH-2Ww1BA&ts=1777495817"},"x":{"w":800,"h":533,"hash":"OgFyMDUc7X505FYEao2S5w&ts=1777495817"},"y":{"w":1200,"h":800,"hash":"1wHp65tloOAe11w3zXJP8Q&ts=1777495817"},"i":{"bytes":"AbACg|CurEYwBg9DmpQ8meg\/OqySGT5GbCqOD6VKtzk4IycHkHA\/WpsMlBkz90Y+tKv3wMAN6VEt6BxtYcHGelVvtUjlnZyH7EUWAt3Kr5i7jhieBiiojOZhG7sNy8migRUjkMcocYOOx6U9JFWTfjtUlmodZQwyAAQDUdzxJtHAHQVQBw+QuMnH+FJ5OB8zbcfeyOlSOS0Eee9aKKroCyqfwFIDKQkpx0FFaLhUUhEQA9cKKKGhn\/\/Z"}}}}},{"channel_id":1383921802,"post_id":16540,"date":1777389098000,"forwards":"2","views":"504","text":"Dana | La jueza de la dana da 5 d\u00edas a Maz\u00f3n para aportar voluntariamente las llamadas y mensajes del d\u00eda de la tragedia<br><br>\u27a1\ufe0f Decide aplazar la declaraci\u00f3n testifical del expresident hasta que la Audiencia resuelva su recurso de personaci\u00f3n <a target=\"_blank\" rel=\"noreferrer nofollow\" href=\"https:\/\/www.europapress.es\/comunitat-valenciana\/noticia-jueza-dana-aplaza-testifical-mazon-audiencia-resuelva-recurso-personacion-20260428130928.html\">https:\/\/www.europapress.es\/comunitat-valenciana\/noticia-jueza-dana-aplaza-testifical-mazon-audiencia-resuelva-recurso-personacion-20260428130928.html<\/a>","text_length":389,"media":{"root":"\/002\/nEAAAIr4fFIAAAAAS_VCPc3TcgE","webpage":{"url":"https:\/\/www.europapress.es\/comunitat-valenciana\/noticia-jueza-dana-aplaza-testifical-mazon-audiencia-resuelva-recurso-personacion-20260428130928.html","type":"photo","title":"La jueza de la dana aplaza la testifical de Maz\u00f3n hasta que la Audiencia resuelva su recurso de personaci\u00f3n","site_name":"Europa Press","display_url":"europapress.es\/comunitat-valenciana\/noticia-jueza-dana-aplaza-testifical-mazon-audiencia-resuelva-recurso-personacion-20260428130928.html","description":"La jueza que investiga la gesti\u00f3n de la catastr\u00f3fica dana del 29 de octubre de 2024, que ha dejado 230...","author":"Europa Press","thumbs":{"m":{"w":320,"h":234,"hash":"WpLyp_dfWvk0vgaD5c4Ivg&ts=1777495817"},"x":{"w":800,"h":584,"hash":"yUZ4tL1Zv8Gzcj6Oh0tnRg&ts=1777495817"},"y":{"w":1280,"h":935,"hash":"RhjqhzH3Kfw06AxA05KZ0g&ts=1777495817"},"w":{"w":2560,"h":1870,"hash":"6EC2ClABvAcVxfIUr7b3tQ&ts=1777495817"},"i":{"bytes":"AdACg|C4xwO9V5z+9h+vpUK3YuFZ9rLt9CMUsLiR8PkkcjFKwyUyFJXdOSpHFTXEwdIW6bucenFVWfOdqgZPXNSozytzgBASPaiwDXcY6nrRU0g8tGkJ4H5UVNh3M7T4xMGDfIojwWA6jOc1NDbg7cM3z5z7AVJpMm6ExkD5R19ev+NEztFOyRnaAOlWSVk7DtV60AEjo3RkDCsUO2MZNa9kMwRPk5CEfrQMmuIXeNkU\/IfvfT\/OaKsqeBRQI\/\/Z"}}}}},{"channel_id":1383921802,"post_id":16539,"date":1777382668000,"forwards":"4","views":"277","text":"\ud83d\udd34 Emiratos \u00c1rabes Unidos (EAU) deja la OPEP y la OPEP+ a partir del 1 de mayo <a target=\"_blank\" rel=\"noreferrer nofollow\" href=\"https:\/\/www.europapress.es\/economia\/noticia-emiratos-arabes-unidos-eau-deja-opep-opep-partir-mayo-20260428151908.html\">https:\/\/www.europapress.es\/economia\/noticia-emiratos-arabes-unidos-eau-deja-opep-opep-partir-mayo-20260428151908.html<\/a>","text_length":196,"media":{"root":"\/001\/m0AAAIr4fFIAAAAAIiJPyk2c4mI","webpage":{"url":"https:\/\/www.europapress.es\/economia\/noticia-emiratos-arabes-unidos-eau-deja-opep-opep-partir-mayo-20260428151908.html","type":"photo","title":"Emiratos \u00c1rabes Unidos (EAU) deja la OPEP y la OPEP+ a partir del 1 de mayo","site_name":"Europa Press","display_url":"europapress.es\/economia\/noticia-emiratos-arabes-unidos-eau-deja-opep-opep-partir-mayo-20260428151908.html","description":"Las autoridades de Emiratos \u00c1rabes Unidos (EAU) ha anunciado su decisi\u00f3n de retirarse de la Organizaci\u00f3n...","author":"Europa Press","thumbs":{"m":{"w":320,"h":214,"hash":"XZNjOWCnXDyRfXPcZVkCyA&ts=1777495817"},"x":{"w":800,"h":535,"hash":"-EJcxmE1rvseMyz30uiWBw&ts=1777495817"},"y":{"w":1280,"h":856,"hash":"Ay1CNi-8B2P0cEMfHcfdCg&ts=1777495817"},"w":{"w":2560,"h":1712,"hash":"WLOK0ygRTpMqsrSS9EZ0sA&ts=1777495817"},"i":{"bytes":"AbACg|C3UU8vlBWxkZwalqC7UtEAATzziqewQSckmSqwdQynINOqtGjxwrLHkj+JanjcSLkflQnch6SaHUUtFMAo7UUvagZGdyEugye6+tNXy5X3xnZIPvIalprIpZWKjI70rBuOooopiP\/Z"}}}}},{"channel_id":1383921802,"post_id":16538,"date":1777379938000,"forwards":"2","views":"470","text":"\ud83d\udd34 La CIAF remarca la hip\u00f3tesis de la rotura de carril como causa del descarrilamiento y posterior colisi\u00f3n en Adamuz <a target=\"_blank\" rel=\"noreferrer nofollow\" href=\"https:\/\/tinyurl.com\/53b38pmb\">https:\/\/tinyurl.com\/53b38pmb<\/a>","text_length":146,"media":{"root":"\/002\/mkAAAIr4fFIAAAAAS_VCPc3TcgE","webpage":{"url":"https:\/\/tinyurl.com\/53b38pmb","type":"photo","title":"La CIAF remarca la hip\u00f3tesis de la rotura de carril como causa del descarrilamiento y posterior colisi\u00f3n en Adamuz","site_name":"Europa Press","display_url":"europapress.es\/andalucia\/noticia-ciaf-remarca-hipotesis-rotura-carril-causa-descarrilamiento-posterior-colision-adamuz-20260428141934.html","description":"La Comisi\u00f3n de Investigaci\u00f3n de Accidentes Ferroviarios (CIAF) ha presentado un nuevo informe ante la...","author":"Europa Press","thumbs":{"m":{"w":320,"h":154,"hash":"cbnsbE8Z8sXG64_PDpGbTA&ts=1777495817"},"x":{"w":800,"h":386,"hash":"PCG2Uj_TZxROEgxcfkLEQQ&ts=1777495817"},"y":{"w":1280,"h":617,"hash":"0Q806_0JFQx_KGrwM1sM1g&ts=1777495817"},"w":{"w":2560,"h":1235,"hash":"kKzfJ1vWuTM98EbujfLjfQ&ts=1777495817"},"i":{"bytes":"ATACg|ClZqOB3PU+1X5YA0foKqWrxxxgyDJf0PQVeD\/ISrEr61N7AUoUPnMsZxxVmZH8kBsnnjNR6a4a6nJGMgYBq3c44x+lMZHAZVgwOFGeRRViL5bZSMcf40UwMBT0+gq6ZHSyO1iM+lFFAh+nsWG88sR1qebhh9BRRUoaH7isCYOOT\/OiiimM\/9k="}}}}},{"channel_id":1383921802,"post_id":16537,"date":1777377345000,"forwards":"1","views":"217","text":"\ud83c\udfe0 Sumar afronta la derrota del decreto de alquileres con reproches al PSOE, PNV y Junts <a target=\"_blank\" rel=\"noreferrer nofollow\" href=\"https:\/\/tinyurl.com\/23yxr9s5\">https:\/\/tinyurl.com\/23yxr9s5<\/a>","text_length":117,"media":{"root":"\/011\/mUAAAIr4fFIAAAAAtsWDU0wCSn0","webpage":{"url":"https:\/\/tinyurl.com\/23yxr9s5","type":"photo","title":"Sumar afronta la derrota del decreto de alquileres con reproches al PSOE, PNV y Junts","site_name":"Europa Press","display_url":"europapress.es\/economia\/construccion-y-vivienda-00342\/noticia-sumar-afronta-derrota-decreto-alquileres-reproches-psoe-pnv-junts-20260428125658.html","description":"Sumar afronta la previsible derrota que sufrir\u00e1 este martes el decreto ley que prorroga autom\u00e1ticamente...","author":"Europa Press","thumbs":{"m":{"w":320,"h":213,"hash":"EAnK59VWhSB2h-xej_sCgA&ts=1777495817"},"x":{"w":800,"h":533,"hash":"Yv6bLggkhrEdZtdTU_zrcA&ts=1777495817"},"y":{"w":1280,"h":853,"hash":"qA2qkd6dJgc1YpqPVVjBbA&ts=1777495817"},"w":{"w":2560,"h":1707,"hash":"5DVVlM6SwnkwUBrKvbgpsg&ts=1777495817"},"i":{"bytes":"AbACg|BhvHzjZJ\/39NILp2IAjck\/9NWqWSJQ5p0CL5gP93mlzFWIGeYAyFGEY4OWb\/GjzGIz5Q\/Et\/jUvnqi7ZGLYHI7GkinglU5dQ2TweKLsLIg85v+eKfr\/jRUwVTgDFFK4WLRKO+CM846VTurswSSRIgAK4z0NTWn+sx7VBej\/SZD32iiwmwTSZGTcZF+YenSlGjvj\/XL+Vasf+qX6CnUxFGGEQjymIZ1PXFFKxI1M4\/uj+VFIo\/\/2Q=="}}}}},{"channel_id":1383921802,"post_id":16536,"date":1777376249000,"forwards":"1","views":"351","text":"\u2757 La Euroc\u00e1mara acuerda levantar la inmunidad a &#039;Alvise&#039; para que pueda ser juzgado por el Tribunal Supremo por presunto acoso en redes sociales <a target=\"_blank\" rel=\"noreferrer nofollow\" href=\"https:\/\/tinyurl.com\/ajrvm5bw\">https:\/\/tinyurl.com\/ajrvm5bw<\/a>","text_length":173,"media":{"root":"\/002\/mEAAAIr4fFIAAAAAS_VCPc3TcgE","webpage":{"url":"https:\/\/tinyurl.com\/ajrvm5bw","type":"photo","title":"La Euroc\u00e1mara levanta la inmunidad a 'Alvise' para que sea juzgado por el Tribunal Supremo","site_name":"Europa Press","display_url":"europapress.es\/nacional\/noticia-eurocamara-levanta-inmunidad-alvise-sea-juzgado-tribunal-supremo-20260428121744.html","description":"El Parlamento Europeo ha acordado este martes levantar la inmunidad parlamentaria al l\u00edder de Se acab\u00f3 La...","author":"Europa Press","thumbs":{"m":{"w":320,"h":213,"hash":"ymiE9G5s1gyduX6qbIJW2g&ts=1777495817"},"x":{"w":800,"h":533,"hash":"Q79an_OTr4FhGw2qzxyREA&ts=1777495817"},"y":{"w":1280,"h":853,"hash":"zsp17erP7vtpAUyr3w_FuA&ts=1777495817"},"w":{"w":2560,"h":1706,"hash":"NjsIjz2kq6aMQvvYpDEndQ&ts=1777495817"},"i":{"bytes":"AbACg|DXIwCaizzkOOlQm6BUx8A7eeelRSkeU0mV2bSPfNFwsSR3UUj7VkQn6Yqdcgj6+tY0QjQghgepyatxSvsDuwUA5P5UXHYu3Hzx4AzyD+tFU2uXlZgh245HvRSuKw2J9znEMYDdcmqdzN5j4Awg4AHaplP7kfSqJ+9TQ2KDgcjI9amecmFkB4OCahBwGA6ZqdIkNlJIRlhjBzQxEkBKQKzPy3QUUyP\/AFRPotFJjT0P\/9k="}}}}},{"channel_id":1383921802,"post_id":16535,"date":1777373877000,"forwards":"4","views":"510","text":"\ud83d\udd34 Al menos cuatro heridos por un tiroteo en el centro de Atenas <a target=\"_blank\" rel=\"noreferrer nofollow\" href=\"https:\/\/www.europapress.es\/internacional\/noticia-menos-cuatro-heridos-tiroteo-centro-atenas-20260428125453.html\">https:\/\/www.europapress.es\/internacional\/noticia-menos-cuatro-heridos-tiroteo-centro-atenas-20260428125453.html<\/a>","text_length":176,"media":{"root":"\/00e\/l0AAAIr4fFIAAAAAi89fWoRtgQw","webpage":{"url":"https:\/\/www.europapress.es\/internacional\/noticia-menos-cuatro-heridos-tiroteo-centro-atenas-20260428125453.html","type":"photo","title":"Al menos cuatro heridos por un tiroteo en el centro de Atenas","site_name":"Europa Press","display_url":"europapress.es\/internacional\/noticia-menos-cuatro-heridos-tiroteo-centro-atenas-20260428125453.html","description":"Al menos cuatro personas han resultado heridas este martes por un tiroteo registrado en una oficina de la...","author":"Europa Press","thumbs":{"m":{"w":320,"h":213,"hash":"BWg0OJCFXt_FGKhOmAnHHA&ts=1777495817"},"x":{"w":800,"h":533,"hash":"8umcgo8Pxbd_isywZaiVLw&ts=1777495817"},"y":{"w":1280,"h":853,"hash":"oX-KLy-YBoQT82KZVITJqg&ts=1777495817"},"w":{"w":2560,"h":1707,"hash":"pIhjde5WVEnrBRVPewx7CA&ts=1777495817"},"i":{"bytes":"AbACg|BzQEYPGD0NVVlTf8\/3c460hldpQPNYE5zzUToVTbjOearmZPKi75UbkmJ8pnANOFuoPOTVWCR42CbSQeSKkedg2GjfPs1LmkNRRY8iM9sUVB9rAPGQB1BopXl3HZEC54bblaHYEj61K33TVRure1AFlZiSSO1OkuN6AEcg8VDDzGD3NR3HBGKYDkfMpIOM0UkqhcbRjFFAH\/\/Z"}}}}},{"channel_id":1383921802,"post_id":16534,"date":1777370803000,"forwards":"4","views":"301","text":"\ud83c\udfe5 La emoci\u00f3n de Leo, el ni\u00f1o sevillano que alz\u00f3 la voz en Bruselas por la \u201cpiel de mariposa\u201d, ya es uno de los primeros pacientes en recibir terapia g\u00e9nica en Espa\u00f1a: &quot;Llevamos 12 a\u00f1os luchando. Esto ha sido hist\u00f3rico&quot; <a target=\"_blank\" rel=\"noreferrer nofollow\" href=\"http:\/\/shorturl.at\/9arcf\">http:\/\/shorturl.at\/9arcf<\/a>","text_length":244,"media":{"root":"\/00e\/lkAAAIr4fFIAAAAAi89fWoRtgQw","video":{"duration":64,"w":1080,"h":1920,"is_animation":false,"is_round":false,"mime_type":"video\/mp4","size":13566258,"thumbs":{"m":{"w":180,"h":320,"hash":"6C2zmXcDZgVIRxaIhR6SDg&ts=1777495817"},"i":{"bytes":"AoABY|CmqBj944PYVMqIi8YA9aSRI40DoeT6d6rzs0gAXoOo96Q7FoFG+64NFV44JCuQhNFAh87fINwpsQVtpBx81X4ooWt0aYJ06tTgtovTyRn3FFir6iJGUZiJcL6HtRVW7lVpdiEbFA5XuaKdhORULlJOD2xTxOcDGc465oopiGxq0gZhyc0UUUyT\/9k="}},"streamable":true,"televisor_hash":"yXjnPePF-QEX6chKlyb2PA&ts=1777495817"}}},{"channel_id":1383921802,"post_id":16533,"date":1777367198000,"forwards":"1","views":"102","text":"\ud83d\udca1 Se cumple un a\u00f1o del apag\u00f3n: as\u00ed lo vivi\u00f3 la gerente de una tienda de emisoras de radio: \u201cCuando todo lo dem\u00e1s falla, lo anal\u00f3gico sigue funcionando\u201d <a target=\"_blank\" rel=\"noreferrer nofollow\" href=\"http:\/\/shorturl.at\/N1HDt\">http:\/\/shorturl.at\/N1HDt<\/a>","text_length":177,"media":{"root":"\/00b\/lUAAAIr4fFIAAAAAjtv2zpPo0_w","video":{"duration":57,"w":1080,"h":1920,"is_animation":false,"is_round":false,"mime_type":"video\/mp4","size":19998530,"thumbs":{"m":{"w":180,"h":320,"hash":"al4PzIughNPSGE-8etmQOg&ts=1777495817"},"i":{"bytes":"AoABY|B0ZjhiAyW2DkHiozM6sZfJO09Dmhl3uoU53HvUszuVIAXA4qblJaD7cpcLuX73fNFZ0cjRHIbB9qKQrEocIyMCWCnqKlmO1SAGIPQmpI5bYIA4XcBz8tSGeArnggdttOxSdtDKfrRUs7LK+VRVUdMDH50UWAYZCflwMnuKlX\/VP6j3oooRrU3IzwOTRRRTMj\/\/2Q=="}},"streamable":true,"televisor_hash":"1FMRgc6kTgNUexHBRqI2ig&ts=1777495817"}}},{"channel_id":1383921802,"post_id":16532,"date":1777361412000,"forwards":"2","views":"200","text":"\ud83d\udd34 Los hogares con todos sus miembros en paro suben un 10% hasta marzo, su mayor alza en 14 a\u00f1os <a target=\"_blank\" rel=\"noreferrer nofollow\" href=\"https:\/\/www.europapress.es\/economia\/laboral-00346\/noticia-hogares-todos-miembros-paro-suben-10-marzo-mayor-alza-14-anos-20260428092146.html\">https:\/\/www.europapress.es\/economia\/laboral-00346\/noticia-hogares-todos-miembros-paro-suben-10-marzo-mayor-alza-14-anos-20260428092146.html<\/a>","text_length":236,"media":{"root":"\/001\/lEAAAIr4fFIAAAAAIiJPyk2c4mI","webpage":{"url":"https:\/\/www.europapress.es\/economia\/laboral-00346\/noticia-hogares-todos-miembros-paro-suben-10-marzo-mayor-alza-14-anos-20260428092146.html","type":"photo","title":"Los hogares con todos sus miembros en paro suben un 10% hasta marzo, su mayor alza en 14 a\u00f1os","site_name":"Europa Press","display_url":"europapress.es\/economia\/laboral-00346\/noticia-hogares-todos-miembros-paro-suben-10-marzo-mayor-alza-14-anos-20260428092146.html","description":"Los hogares con todos sus miembros en paro subieron en 78.500 en el primer trimestre, un 10,1% m\u00e1s...","author":"Europa Press","thumbs":{"m":{"w":320,"h":194,"hash":"fDkPKXIU2ewMokjJFP_Pdw&ts=1777495817"},"x":{"w":800,"h":485,"hash":"j34RPjnXqrjpA5SqGRVFBQ&ts=1777495817"},"y":{"w":1280,"h":776,"hash":"vYHSU8wxrUHCzROwhR2p2g&ts=1777495817"},"w":{"w":2560,"h":1552,"hash":"tSjfV3iQluUHWIbuNXEIRA&ts=1777495817"},"i":{"bytes":"AYACg|CjbBnk2A9RmtK2l8i3YsSAHwStZsbiGbeASMcVehaNomMgyhfmgCVtQRTjzH\/T\/CkNzFcLsJds844rNuiBOMDggVftpIxbKg+\/g9qB3KTLh8An8qKkbbyQ4OKKBFr7IhPenrbARGPPyk5oooAhl08SPu34wMDipYrMR45yQMUUUAIbCMkc4xRRRQB\/\/9k="}}}}},{"channel_id":1383921802,"post_id":16531,"date":1777361109000,"forwards":"2","views":"231","text":"El apag\u00f3n cumple un a\u00f1o, y tras informes y comisiones de investigaci\u00f3n sigue sin haber un claro culpable <a target=\"_blank\" rel=\"noreferrer nofollow\" href=\"https:\/\/tinyurl.com\/yp4z93ph\">https:\/\/tinyurl.com\/yp4z93ph<\/a>","text_length":133,"media":{"root":"\/006\/k0AAAIr4fFIAAAAAbSrJQAPafn8","photo":{"thumbs":{"m":{"w":257,"h":320,"hash":"GHhpTz6Ad0cDYFP4zC73Dg&ts=1777495817"},"x":{"w":642,"h":800,"hash":"GGnyH6JluHVf5kG9bOnozA&ts=1777495817"},"y":{"w":1027,"h":1280,"hash":"T-4qLYEv8ptiymHaBAEbrQ&ts=1777495817"},"i":{"bytes":"AoACA|DJI5qRAGIxzTHxgAde9S2+AwLcCgBYITLIqgdatS24ROlJpoAuhn0rQuAmxs0mBzp61KoJTaCc9qsQ6a8sSyCVBuGcHNT\/ANmSg8TR5\/H\/AApgVInaI+ZyMHAqeW6aRevFPfTJn4M8WB9f8KqyWtxCpZ0+Ud8iiwD4tSliiWNUQhRjnP8AjTxq8\/8Azzi\/X\/GiigAOrT9PLi\/X\/Gq815NMGVmwrH7o6UUUAf\/Z"}}}}}]