[{"channel_id":1548742618,"post_id":388,"date":1769250958000,"views":"648","text":"Estamos de vuelta con el \u00a1Camino del Artista! \ud83c\udfa8\n\nEl arte necesita ritmo, escucha, entorno, acompa\u00f1amiento y marc\u00f3 d\u00f3nde sostener todo esto.\nCuando estos cinco pilares se encuentran, la obra y proyectos surgen.\n\n*Crear duele menos que no crear*. Desbloquea tu creatividad, acompa\u00f1ado\/a. Semana a semana. Si lo sientes, ya sabes porque lo est\u00e1s leyendo\ud83d\udd25\n\n13 semanas bajo un m\u00e9todo probado desde hace m\u00e1s de 20 a\u00f1os. 13 semanas de acci\u00f3n y compromiso sostenido. \ud83d\udc9a\n\n\ud83c\udf3b Info y Reservas: +34 645706560 Andrea \ud83c\udf3b","text_length":508,"media":{"root":"\/00d\/hAEAANrvT1wAAAAASdEQ2Qv1ImU","photo":{"thumbs":{"m":{"w":227,"h":320,"hash":"lUYxqR1qnFH4ivJIbf5qOw&ts=1777738041"},"x":{"w":567,"h":800,"hash":"7mor6Tf6dBJnQwY8XYd-iw&ts=1777738041"},"y":{"w":907,"h":1280,"hash":"KdDDj5V519u92iuGZOAxXg&ts=1777738041"},"i":{"bytes":"AoABw|AR08ssMYHBJpwz1wvPvVZ1YJsRSWPYc1oC3l2AsAOOeagzsyDb7D86XOO1SNHIgyw4qNmAOMUC1Ft0kL74scHGauzOfuAZ9Tmq9pIkMR3HA9gTSS3MYY5LZyDx70JWNY2LgXdFtPSsyTO7qKuwTxiIDOMe1VGXLZ25pomQgI2Y6UvTuKKKHuS0I4+XJ6joR2qKMsEAViR9KKKEgif\/2Q=="}}}}},{"channel_id":1548742618,"post_id":386,"date":1769155585000,"forwards":"3","views":"345","comments":"2","text":"<b>\u00bfTe atreves a ser IRRECONOCIBLE dentro de 365 d\u00edas? \ud83e\udde0\ud83d\ude80<\/b><br><br>La mayor\u00eda de la gente tiene &quot;alucinaciones&quot;, no sue\u00f1os. Esperan que su vida cambie por suerte, pero el 92% abandona sus metas antes de febrero.<br><br>La verdad duele: <b>Te sobra inspiraci\u00f3n y te falta un SISTEMA.<\/b><br><br>\ud83d\udcd6 <b>&quot;Todo comienza con un sue\u00f1o&quot;<\/b> no es otro libro de positividad t\u00f3xica. Es tu manual de operaciones para el pr\u00f3ximo a\u00f1o.<br><br><b>\u00bfQu\u00e9 conseguir\u00e1s?                                                                                               <\/b>\ud83d\udd25 <b>Mentalidad de acero:<\/b> 365 citas de mentores y estoicos.                         <br>\ud83d\uddfa\ufe0f <b>Estrategia clara:<\/b> Entiende por qu\u00e9 te autosaboteas.                                 \u26a1<b>Acci\u00f3n Diaria:<\/b> 365 Micro-Acciones de &lt;5 minutos.                                     No busques cambios radicales de la noche a la ma\u00f1ana. Busca ganar <b>el d\u00eda de hoy<\/b>. El efecto compuesto har\u00e1 el resto.\ud83d\udc47 <br><br><b>Empieza tu transformaci\u00f3n AHORA y no pierdas otro <\/b><a target=\"_blank\" rel=\"noreferrer nofollow\" href=\"https:\/\/www.amazon.es\/dp\/B0GCJT3S5X\"><b>a\u00f1o:<\/b><\/a><a target=\"_blank\" rel=\"noreferrer nofollow\" href=\"https:\/\/www.amazon.es\/dp\/B0GCJT3S5X\"><u>https:\/\/www.amazon.es\/dp\/B0GCJT3S5X<\/u><\/a>","text_length":966,"media":{"root":"\/013\/ggEAANrvT1wAAAAAbcEBp4ajmDc","photo":{"thumbs":{"m":{"w":214,"h":320,"hash":"4pUvn8-i0KzSrWsv_Rru6g&ts=1777738041"},"x":{"w":536,"h":800,"hash":"ZIsUasUUaWpxalbl99_hhg&ts=1777738041"},"y":{"w":858,"h":1280,"hash":"oDhLMxQ0IKfz9NK7_pYpGQ&ts=1777738041"},"i":{"bytes":"AoABs|DXbO07cA9iRWb9umCJny8sgPQ8Zx7+9WLqZ0YqjBTtyMso\/nVWIzO0YYxMpGOCpyM8fyP5UAW7W5edn3BR3GO3JH9Ks1nRvNtI3oJDzuBXn\/OD+daWKQFC8iZ5WA2YZAPm7Yz\/AI0xLdxcJMWUHcSRn1JP9atTRu0mVXjHXNIFkHOzr71Dk7lWRTaydgcOoYLtU\/59ia1c1VKS88cH3qyF4pxb6iaEYcZ+bPsaZhv9v\/P40UVQhyqSTnd+Jp+QO9FFMD\/\/2Q=="}}}}},{"channel_id":1548742618,"post_id":385,"date":1767281617000,"forwards":"1","views":"872","media":{"root":"\/002\/gQEAANrvT1wAAAAALO1kGuJU4oM","sticker":{"alt":"\ud83e\udd73","mime_type":"application\/x-tgsticker","size":21676,"thumbs":{"m":{"w":128,"h":128,"hash":"3DinSmjtwPx6r8mf4g7Czw&ts=1777738041"}},"televisor_hash":"KLR6h2tIg2mul6_Jw8A9Ag&ts=1777738041"}}},{"channel_id":1548742618,"post_id":384,"date":1766890621000,"views":"55","text":"hhh","text_length":3},{"channel_id":1548742618,"post_id":383,"date":1766856862000,"views":"2.0K","media":{"root":"\/00c\/fwEAANrvT1wAAAAAFUt52uQT3CI","sticker":{"alt":"\ud83d\udc4b","mime_type":"application\/x-tgsticker","size":8180,"thumbs":{"m":{"w":128,"h":128,"hash":"LCNXh_BtmB1wIRxlTmBhew&ts=1777738041"}},"televisor_hash":"GE6KwTdXZ3vJEjsrfhoN9A&ts=1777738041"}}},{"channel_id":1548742618,"post_id":382,"date":1754597061000,"views":"74","comments":"4","text":"\ud83d\udcda \u00a1<b>Atenci\u00f3n amantes de la lectura! \ud83d\udd25<\/b><br><br>Muchos me hab\u00e9is estado pidiendo libros en formato PDF... \u00a1<b>y por fin tengo una joya para compartir con vosotros! \ud83d\udc8e<\/b><br><br>\ud83c\udf10 He encontrado una p\u00e1gina incre\u00edble: <a target=\"_blank\" rel=\"noreferrer nofollow\" href=\"http:\/\/es.welib.org\">es.welib.org<\/a>  <br>Aqu\u00ed pod\u00e9is encontrar miles de libros en PDF \ud83d\udcc1 <b>totalmente gratis.<\/b> Desde novelas cl\u00e1sicas hasta libros educativos \ud83e\udd13, pasando por desarrollo personal \ud83e\uddd8\u200d\u2642, historia, ciencia ficci\u00f3n y mucho m\u00e1s. \u00a1Una aut\u00e9ntica biblioteca digital al alcance de todos! \ud83d\udcd6\u2728<br><br>Si encuentras alg\u00fan libro interesante, \u00a1comp\u00e1rtelo en el canal para que todos podamos disfrutarlo! \ud83e\udef6","text_length":567},{"channel_id":1548742618,"post_id":381,"date":1749050613000},{"channel_id":1548742618,"post_id":380,"date":1749050607000},{"channel_id":1548742618,"post_id":379,"date":1747192261000,"views":"59","text":"<b>\ud83e\udde0 LIBRO DEL D\u00cdA PARA LA ATENCI\u00d3N PLENA \ud83e\uddd8<\/b><br><br>-&quot;<a target=\"_blank\" rel=\"noreferrer nofollow\" href=\"https:\/\/www.amazon.es\/milagro-mindfulness-Biblioteca-Thich-Nhat\/dp\/8497547659\">El Milagro de Mindfullness<\/a>&quot;, Thich Nhat Hanh<br><br>-Un libro \ud83d\udcd5 que te invita a vivir con plena presencia y descubrir la paz interior \ud83c\udf31.<br><br>Thich Nhat Hanh, uno de los maestros zen m\u00e1s respetados del mundo \ud83c\udf0f, nos gu\u00eda a trav\u00e9s de la pr\u00e1ctica del mindfulness \ud83e\uddd8\u200d\u2640\ufe0f, una herramienta poderosa para vivir con calma y claridad.<br><br>Este libro te ayudar\u00e1 a:<br>\u2611 Cultivar una conexi\u00f3n profunda con el momento presente \ud83c\udf38<br>\u2611 Encontrar alegr\u00eda en las actividades m\u00e1s simples de la vida \ud83c\udf08<br>\u2611 Transformar el estr\u00e9s y la ansiedad en serenidad \ud83d\udd4a<br><br>Con ense\u00f1anzas simples pero profundas \u2728, aprender\u00e1s a integrar la atenci\u00f3n plena en tu d\u00eda a d\u00eda, desde c\u00f3mo comer \ud83c\udf7d y caminar \ud83d\udeb6 hasta c\u00f3mo enfrentar emociones dif\u00edciles \ud83d\udc94 con compasi\u00f3n y sabidur\u00eda.<br><br>Cuando est\u00e1s presente, todo se convierte en un milagro \ud83c\udf1f.","text_length":831,"media":{"root":"\/00b\/ewEAANrvT1wAAAAALLAz8eiqr30","webpage":{"url":"https:\/\/www.amazon.es\/milagro-mindfulness-Biblioteca-Thich-Nhat\/dp\/8497547659","type":"photo","title":"El milagro de mindfulness (Biblioteca Thich Nhat Hanh)","site_name":"Amazon","display_url":"amazon.es\/milagro-mindfulness-Biblioteca-Thich-Nhat\/dp\/8497547659","description":"El milagro de mindfulness (Biblioteca Thich Nhat Hanh)","thumbs":{"m":{"w":209,"h":320,"hash":"rzG_rdiPUl6_OP-OKDIgpA&ts=1777738041"},"x":{"w":290,"h":445,"hash":"-lP4W9ascRW-77rZ9QQ2PA&ts=1777738041"},"i":{"bytes":"AoABo|CKe5uBdTKskm1XI4PSm\/abj\/npN+dR3K5vZv8AfJ6+9GyPHbP++KQD2ubgA4kl6dSelbkGWgjJY5Kgn8q53YCcqOOnXNdHB\/qI\/wDdH8qBmHeL5d3IexY0LbkoWCZHtU105a4cSxbkDcUxZmQbEXaD2BzxTHG3UrscHy1XDeldBApEEY\/2R\/KsYSQRkOflfvznNbUTBokbHVQaTF6GfLA7TSfumOWznFQNZyE\/6lsfSiii+ghwscc+Sc1qxgrGq+gA6UUUMD\/\/2Q=="}}}}},{"channel_id":1548742618,"post_id":376,"date":1740291027000,"forwards":"1","views":"1.1K","comments":"3","text":"\ud83e\udde0 <b>LIBRO DEL DIA PARA ELEVAR TU CONSCIENCIA \ud83e\uddd8<\/b><br><br>- &quot;<a target=\"_blank\" rel=\"noreferrer nofollow\" href=\"https:\/\/amzn.to\/4icmyZO\">La Supraconciencia Existe: Vida despu\u00e9s de la Vida<\/a>&quot;, Dr. Manuel Sans Segarra<br><br>- El libro \ud83d\udcd5 definitivo sobre el fen\u00f3meno de las <b>Experiencias Cercanas a la Muerte \u2620 (ECM)<\/b> y su poder para transformar nuestras vidas. \u26a1<br>El\u00a0doctor \ud83d\udc68\u200d\u2695Manuel Sans Segarra, prestigioso cirujano \ud83e\ude7a y pionero en la investigaci\u00f3n de la supraconciencia \ud83e\udde0, junto con el periodista Juan Carlos Cebri\u00e1n, explora las\u00a0Experiencias Cercanas a la Muerte (ECM)\u00a0desde una perspectiva cient\u00edfica \ud83d\udc69\u200d\ud83d\udd2c y espiritual \u262f. A trav\u00e9s de casos documentados \ud83d\udcdd y el estudio de la f\u00edsica cu\u00e1ntica \u269b, este libro ofrece una\u00a0nueva comprensi\u00f3n de la conciencia y la vida despu\u00e9s de la muerte \ud83d\udc7b, desafiando las concepciones tradicionales y proporcionando una gu\u00eda \u2611 para superar los miedos \ud83d\ude28 y ayudarnos a reflexionar sobre nuestra propia vida. \ud83e\udd14<br><br><b>La Supraconciencia<\/b> es un concepto \ud83d\udca1 que se refiere a la conciencia que existe m\u00e1s all\u00e1 de la mente y el cuerpo f\u00edsico \ud83d\udc68. Es un tema que ha fascinado a la humanidad durante siglos, ya que plantea preguntas fundamentales sobre la <b>naturaleza de la realidad <\/b>\u269b y el destino de la humanidad. \ud83c\udf0e","text_length":1142,"media":{"root":"\/001\/eAEAANrvT1wAAAAAJGQ-lP_ECFU","webpage":{"url":"https:\/\/amzn.to\/4icmyZO","type":"photo","title":"La Supraconciencia existe: Vida despu\u00e9s de la vida (No Ficci\u00f3n)","site_name":"Amazon","display_url":"amazon.es\/Supraconciencia-existe-Vida-despu\u00e9s-Ficci\u00f3n\/dp\/8408291289","description":"La Supraconciencia existe: Vida despu\u00e9s de la vida (No Ficci\u00f3n) : Dr. Manuel Sans Segarra, Cebri\u00e1n, Juan Carlos: Amazon.es: Libros","thumbs":{"m":{"w":211,"h":320,"hash":"bUT4hO5bshLa5u0qNLe0TA&ts=1777738041"},"x":{"w":294,"h":445,"hash":"ZkaBKhOrsSu-UThIJ-KR0Q&ts=1777738041"},"i":{"bytes":"AoABo|ChFtwN0Jb3yeakxHkn7Pxj1akhz5LMY2YD+INjFO81CpZY5cDqd3ApDGN5QTAhy31NV8VOZ02nCMGxwd\/SoMmgROt00cJjAHsfSrNrMBa7fTOR61SAyeasRyBInGOT0osO5UPFFSMMoTjoetRZpiJAwzyeO9OeWP7sakDuSetFFACGVmj2lsKOgqLiiigD\/9k="}}}}},{"channel_id":1548742618,"post_id":374,"date":1735827481000,"views":"113","media":{"root":"\/003\/dgEAANrvT1wAAAAAbw-bqQ2iOF0","video":{"duration":5,"w":320,"h":270,"is_animation":true,"is_round":false,"mime_type":"video\/mp4","size":65480,"streamable":true,"televisor_hash":"kuPiRa4a4e7iZpD0b6F52g&ts=1777738041"}}},{"channel_id":1548742618,"post_id":373,"date":1735819469000,"views":"33","text":"<b>FELIZ<\/b> 2\u20e30\u20e32\u20e35\u20e3 \ud83e\udd73\ud83d\udcab<br><br><b>\u262f\ufe0f\ud83e\uddd8\u200d\u2642\ufe0f EMPIEZA EL A\u00d1O CON UN LIBRO PARA EL \u00c9XITO ESPIRITUAL \ud83e\uddd8\u200d\u2642\ufe0f\u262f\ufe0f<br><br><\/b>- &quot;<a target=\"_blank\" rel=\"noreferrer nofollow\" href=\"https:\/\/amzn.to\/3PlRcno\">Las 7 Leyes espirituales del \u00c9xito: Una gu\u00eda pr\u00e1ctica para la realizaci\u00f3n de tus sue\u00f1os<\/a>&quot;, Deepak Chopra<br><br>- El \u00e9xito \u2705 tiene muchas caras \ud83c\udfad, tantas como personas habitan en el mundo. Es un concepto subjetivo. Cada persona tiene su propia concepci\u00f3n sobre el \u00e9xito, sobre aquello que es importante en su vida y c\u00f3mo conseguirlo \u270d\ufe0f. Aunque bien es cierto que a nivel social suelen transmitirnos la idea de que para alcanzarlo tenemos que trabajar mucho \ud83d\udee0, ser persistentes e incluso, ambiciosos. De aqu\u00ed nacen las leyes espirituales del \u00e9xito. \ud83d\ude4f<br><br>De alguna forma, el \u00e9xito se encuentra asociado con el poder, el dinero \ud83d\udcb8 y el materialismo \ud83d\udc8d. El m\u00e9dico \ud83d\udc68\u200d\u2695\ufe0f, escritor \ud83d\udcdd y conferenciante \ud83d\udde3 Deepak Chopra no piensa lo mismo \u274c. Est\u00e1 convencido de que esforzarse demasiado puede llegar a ser contraproducente en relaci\u00f3n con el \u00e9xito \ud83d\ude45. Seg\u00fan afirma, el esfuerzo desesperado no es necesario ni deseable porque en el mundo, <b>la creaci\u00f3n surge con facilidad<\/b>. Por ejemplo, una semilla \ud83c\udf31 no lucha para convertirse en un \u00e1rbol \ud83c\udf33, sino que simplemente se despliega en la gracia. \ud83d\udd49\ud83c\udf38<br><br>\u201c<i>Todos tienen un prop\u00f3sito en la vida, un regalo \u00fanico o talento especial para dar a los dem\u00e1s. Y cuando combinamos este talento \u00fanico con el servicio a los dem\u00e1s, experimentamos el \u00e9xtasis y la exaltaci\u00f3n de nuestro propio esp\u00edritu, que es el objetivo final<\/i>\u201d.<br><br>-<code>Deepak Chopra<\/code>-","text_length":1452},{"channel_id":1548742618,"post_id":372,"date":1735471028000,"views":"112","fwd_from":[],"text":"<img class='tg-emoji' loading='lazy' src='https:\/\/televisor.tlgrm.dev\/emoji\/5355313550795490720\/thumb.webp?hash=I5VMxgJffaSusvecKSgzvw&ts=1777738041' alt='\ud83c\udf1a'> <b>Luna nueva en Capricornio el 30 de diciembre.<\/b> Acaba el a\u00f1o civil y la cl\u00e1sica energ\u00eda que cierra un ciclo social y da comienzo al siguiente se expresa en esta \u00faltima fase lunar. Examinemos sus caracter\u00edsticas. <br><br><img class='tg-emoji' loading='lazy' src='https:\/\/televisor.tlgrm.dev\/emoji\/5427168083074628963\/thumb.webp?hash=TVnwmbLSDzKvzz776sV8SA&ts=1777738041' alt='\ud83d\udc8e'> <b>Esta es una fase de acci\u00f3n y plasmaci\u00f3n de metas que llevan tiempo fragu\u00e1ndose, as\u00ed como la redirecci\u00f3n de otras que se encuentran en un momento m\u00e1s embrionario. <\/b>Capricornio invita a poner en pr\u00e1ctica lo que predicamos y a llevarlo al m\u00e1ximo nivel de profesionalidad. Evaluemos c\u00f3mo anda nuestro dep\u00f3sito de energ\u00eda y hagamos una dosificaci\u00f3n inteligente antes de la siguiente parada a repostar que ser\u00e1 en marzo. Porque ahora toca darlo todo en este \u00faltimo aceler\u00f3n.<br><br><img class='tg-emoji' loading='lazy' src='https:\/\/televisor.tlgrm.dev\/emoji\/5451646226975955576\/thumb.webp?hash=hhdQd-9YPbA-ZyA7lU7oPQ&ts=1777738041' alt='\u231b\ufe0f'><b>El tiempo juega a nuestro favor cuando el trabajo est\u00e1 hecho y en contra cuando est\u00e1 por hacer. <\/b>Evaluar la madurez de cada proceso que est\u00e1 en marcha en nuestra vida nos permite comprender d\u00f3nde es m\u00e1s apremiante actuar y d\u00f3nde podemos limitarnos a observar para ver c\u00f3mo se desarrollan los acontecimientos cuya inercia depende de la mecha que prendimos en su d\u00eda. Prestemos atenci\u00f3n a las que \u00e1reas que ahora mismo requieren de nuestra intervenci\u00f3n directa y dejemos en barbecho las que ya funcionan adecuadamente. <br><br><img class='tg-emoji' loading='lazy' src='https:\/\/televisor.tlgrm.dev\/emoji\/5397972596203462916\/thumb.webp?hash=ysvzYqZV48WzgLjo5Fy3mQ&ts=1777738041' alt='\ud83e\udd81'> <b>La presencia de Marte en Leo tensionado con Plut\u00f3n revela un principio arquet\u00edpico que, con independencia de cu\u00e1nto nos resuene, requiere su particular tributo: <\/b>todos necesitamos cierta dosis de reconocimiento de nuestro poder personal. No basta con saberlo en la m\u00e1s estricta intimidad. Este emplazamiento nos pide ser capaces de demostrarlo ante otros y bajo ciertas condiciones de presi\u00f3n. Si renegamos de ese principio por considerarlo ajeno a nosotros ser\u00e1 nuestro entorno quien lo exprese, ya sea de una forma altanera y arrogante, gener\u00e1ndonos repulsi\u00f3n, o mediante desaf\u00edos frontales que acaben acorral\u00e1ndonos. Por m\u00e1s que el ego juegue al escondite sigue siendo un personaje fundamental en esta partida. <br><br>\u00a1Feliz entrada de a\u00f1o a todos!","text_length":1955},{"channel_id":1548742618,"post_id":371,"date":1732865303000,"views":"32","fwd_from":[],"media":{"root":"\/003\/cwEAANrvT1wAAAAAbw-bqQ2iOF0","photo":{"thumbs":{"m":{"w":320,"h":280,"hash":"FavBoMFa-B9m3mkQaiQVSA&ts=1777738041"},"x":{"w":800,"h":699,"hash":"NKQStxxlyBmi5Y1dbYZkcA&ts=1777738041"},"y":{"w":1179,"h":1030,"hash":"oIOPsAgsl4PBXATWUgJV5Q&ts=1777738041"},"i":{"bytes":"AjACg|DZooooAQsAMk0tM2\/N1OPrT6AA9KKD0ooAKPakZgooyAuaADil9qTI20ZBGaAFPSikDAg0UABVW6gH60bRjGBj0oooANoxjAx6UbVxjAx6UUUAAVVB2gD6UUUUAf\/Z"}}}}},{"channel_id":1548742618,"post_id":370,"date":1732865278000,"views":"34","fwd_from":[],"media":{"root":"\/00e\/cgEAANrvT1wAAAAAq-chd32LX6U","photo":{"thumbs":{"m":{"w":261,"h":320,"hash":"zvP8qRHCPPFCxI59ErCrvw&ts=1777738041"},"x":{"w":653,"h":800,"hash":"6oSJ9hQ-opcV78CcScOyKQ&ts=1777738041"},"y":{"w":1045,"h":1280,"hash":"OXlclvu2um1NnRvTVDNHCA&ts=1777738041"},"i":{"bytes":"AoACA|CLFGKeQBScetAEYGfzoxRGchue5p1MRPE3zbQRnk1JnKEZHPrUAkZRjaD9TR5xI24wwOeDSKsSqRhiCp7Y+h4qK5lEaANzk5yDTRcEoAqZ24696ZPK8sRQxqPfNAgL80zP71m9RRRSKGo+M0u8ZoopkpH\/2Q=="}}}}}]