[{"channel_id":1675827569,"post_id":38835,"date":1788344953000,"forwards":"18","views":"1.4K","comments":"27","text":"\ud83c\uddea\ud83c\uddf8\ud83c\uddf2\ud83c\udde6 | S\u00e1nchez reconoce su incapacidad en Ceuta: admite que el Estado \u00abes insuficiente\u00bb y recurre al talonario para tapar el caos fronterizo.","text_length":145,"media":{"root":"\/00e\/s5cAAHEZ42MAAAAAtv0EnFu9BNs.kSAAAATzwVBnbG7hagVxmQQ.AmPjGXEAAJezapgH1Hfqxfd_EdzQ5dEjXq8INTw","video":{"duration":85,"w":848,"h":464,"is_animation":false,"is_round":false,"mime_type":"video\/mp4","size":31877630,"thumbs":{"m":{"w":320,"h":180,"hash":"-AdEAF8FJeWBSDI84EhA-g&ts=1788393954"},"i":{"bytes":"AWACg|Cc0xyQkqZxkA\/5\/KjfmRhngAUiKXm2sQwXOffFIaGyMxuIyxODjvVvP7t89Qahfi4jXtg0+R8W79MEUWEyvLc7B8uN3vRWcxyaKALUbHcRnqR\/jTrF9lw0bchgQaKKEMtSODcocHABFLPyhUDjOKKKbBmXgJOB15ooopCP\/9k="}},"streamable":true,"televisor_hash":"tOjALfY9e-Eo8beS3e2vmA&ts=1788393954"}}},{"channel_id":1675827569,"post_id":38834,"date":1788344351000,"forwards":"3","views":"1.5K","comments":"2","text":"\ud83c\uddfa\ud83c\uddf8\ud83c\uddfb\ud83c\uddea\ud83c\uddf7\ud83c\uddfa\ud83c\udde8\ud83c\uddf3 | La Casa Blanca defiende su acuerdo petrolero en Venezuela con el empresario Alejandro Betancourt.\n\nLa Administraci\u00f3n Trump justifica la pol\u00e9mica operaci\u00f3n con Caracas por motivos geoestrat\u00e9gicos: \u00abNo queremos que China y Rusia controlen esa riqueza\u00bb. Fuentes oficiales estadounidenses respaldan la figura de Betancourt al calificarlo como \u00abun operador probado\u00bb clave para gestionar el negocio y frenar la influencia de Pek\u00edn y Mosc\u00fa.","text_length":452,"media":{"root":"\/00e\/spcAAHEZ42MAAAAAtv0EnFu9BNs.qg9rGwTzuVCaVEIrOMlgUQQ.AmPjGXEAAJeyapgH1CikZcB4uU2Fsp50xVV6TmY","photo":{"thumbs":{"m":{"w":320,"h":196,"hash":"WWTx2CvnyGl5cFefIiSsCg&ts=1788393954"},"x":{"w":800,"h":489,"hash":"U-oPPS2YnoIFT3TU84a5KQ&ts=1788393954"},"y":{"w":1206,"h":737,"hash":"990x8cntbHjskYtbVEk8zw&ts=1788393954"},"i":{"bytes":"AYACg|CY0iD98Poaar5qGS8SOT5RuIGPalYnqWJC4Gex61Tj4uVXHFSrMZolbA3EkVWhl3yjc5U1LVjTQe5\/ePiiofNy23qSetFRYtMl87CGqZPNFFboxJIpjGeOmc1Gx+c49aKKBirgODnjrRRRUFH\/2Q=="}}}}},{"channel_id":1675827569,"post_id":38833,"date":1788339149000,"forwards":"24","views":"1.7K","comments":"26","text":"\ud83c\uddfa\ud83c\uddf8\ud83c\uddf2\ud83c\udde6 #Urgente | La OTAN refuerza el papel de Marruecos como centro de formaci\u00f3n militar para \u00c1frica.\n\nEl pa\u00eds acoger\u00e1 entre finales de 2026 y principios de 2027 una sesi\u00f3n del programa DEEP de la Alianza Atl\u00e1ntica, destinado a mejorar la capacitaci\u00f3n de las fuerzas armadas de pa\u00edses socios.\n\nLa iniciativa se suma al acuerdo entre Marruecos y el mando estadounidense AFRICOM para desarrollar en Tan-Tan un gran centro de entrenamiento militar africano. El complejo contar\u00e1 con instalaciones multidisciplinares, una academia de drones y un centro de innovaci\u00f3n.\n\nCon estos proyectos, Marruecos consolida su posici\u00f3n como uno de los principales socios militares de Estados Unidos y la OTAN en el norte de \u00c1frica.","text_length":715,"media":{"root":"\/003\/sZcAAHEZ42MAAAAAjogJgo6uTtw.nw9rGwTzuVAFgWkN9YP2oAQ.AmPjGXEAAJexapf4JqxQdXeh4P1AKvdEBtgF-E4","photo":{"thumbs":{"m":{"w":320,"h":180,"hash":"VVNkh6DDR4GpamoeGGRSZQ&ts=1788393954"},"x":{"w":800,"h":450,"hash":"uHqtcL2o9GLfApwIizdf9w&ts=1788393954"},"y":{"w":1200,"h":675,"hash":"yPcktE4QS40WKF8uUJoQFw&ts=1788393954"},"i":{"bytes":"AXACg|C1E+Y8dx1p8TgoWzx61mLI5cgEjKndU0DH7K209\/0pJWG3cfctulzu46ilhlAdHIx2JpkuPsyPk5zjAHb\/ACKjmBFvE\/TrQht3L11JsjBB6kfzoqrMhezjGTkAEUUmNJNDUH7+csABj60qjFsxCjt+HAoopkDXGLEEqAeoPrTpwrWSlVGeO1FFAE6RgquUXGOoooopDP\/Z"}}}}},{"channel_id":1675827569,"post_id":38832,"date":1788338674000,"forwards":"10","views":"1.7K","text":"<a target=\"_blank\" rel=\"noreferrer nofollow\" href=\"https:\/\/herqles.com\/2026\/09\/02\/albares-insiste-en-culpar-a-redes-rusas-de-la-crisis-de-ceuta-pese-al-desmentido-del-informe-de-la-union-europea\/\">https:\/\/herqles.com\/2026\/09\/02\/albares-insiste-en-culpar-a-redes-rusas-de-la-crisis-de-ceuta-pese-al-desmentido-del-informe-de-la-union-europea\/<\/a>","text_length":144,"media":{"root":"\/00d\/sJcAAHEZ42MAAAAAPNMt-RG22Cw","webpage":{"url":"https:\/\/herqles.com\/2026\/09\/02\/albares-insiste-en-culpar-a-redes-rusas-de-la-crisis-de-ceuta-pese-al-desmentido-del-informe-de-la-union-europea","type":"photo","title":"Albares insiste en culpar a redes rusas de la crisis de Ceuta pese al desmentido del informe de la Uni\u00f3n Europea. - Herqles","site_name":"Herqles","display_url":"herqles.com\/2026\/09\/02\/albares-insiste-en-culpar-a-redes-rusas-de-la-crisis-de-ceuta-pese-al-desmentido-del-informe-de-la-union-europea","description":"El ministro de Asuntos Exteriores, Jos\u00e9 Manuel Albares, ha vuelto a responsabilizar a Rusa de instigar la crisis migratoria en Ceuta, desoyendo las conclusiones del informe oficial emitido por el Servicio Europeo de Acci\u00f3n Exterior. A su llegada a la reuni\u00f3n informal de ministros de Exteriores de la UE, Albares defendi\u00f3 que plataformas afines a [\u2026]","author":"Antonia Bonaque Padilla","thumbs":{"m":{"w":320,"h":213,"hash":"h8Rc4fOsXhCEaTpO-WJOfQ&ts=1788393954"},"x":{"w":800,"h":533,"hash":"d11QQ8yctIIauG0O1Jhz8g&ts=1788393954"},"y":{"w":1280,"h":853,"hash":"baRABGsOCdtFULPCh6GqqA&ts=1788393954"},"w":{"w":2048,"h":1365,"hash":"nantzTFsyZALwTJXeCi2fw&ts=1788393954"},"i":{"bytes":"AbACg|CPBckCnpES49PrUA5YAnvVktHGwIwCDn9KTKW9iS4RmwyDknGPWqrp+7HYg4Oaeb0vNsXATPpz0qFpzIWiIBTJ6U6aaTTJm769hjRk\/wB38xRQRGB05waKmxVxu\/ngVIsgd13qCM5NKD\/sr\/3yKRXO7ov\/AHyKOYOUnaKy8zcHYH+6BVWQxiXdECP9kj+ualaRgei\/98imlz\/s\/wDfIo5gauQls9Rx7UU5nYZ6fkKKLjsz\/9k="}}}}},{"channel_id":1675827569,"post_id":38831,"date":1788335186000,"forwards":"2","views":"708","comments":"7","text":"\ud83c\uddea\ud83c\uddfa\ud83c\uddea\ud83c\uddf8\ud83c\uddf2\ud83c\udde6 | Los eurodiputados del ECR, liderados por Nora Junco y Diego Solier, se vuelcan con Ceuta tras la invasi\u00f3n de Marruecos: \n\n\u00abCeuta es Espa\u00f1a, Ceuta es Europa\u00bb.","text_length":172,"media":{"root":"\/012\/r5cAAHEZ42MAAAAAKSHtAu47aNQ.YB8AAATzuVDHQLZTeDBFkAQ.AmPjGXEAAJevapfZ6q6D8zxT5M7bT_1ReDcWKO0","video":{"duration":74,"w":464,"h":848,"is_animation":false,"is_round":false,"mime_type":"video\/mp4","size":28084102,"thumbs":{"m":{"w":180,"h":320,"hash":"ubovKj3wYE5I41dhOtMs7g&ts=1788393954"},"i":{"bytes":"AoABY|COw\/1zf7pq4V+lU7MYmb\/dNOjZhI+W2kE5PWiWjGtUWNp9vyoqFpX27kfIzjkDP1oosK5SluHjlIQhSRgmrDoyWnmAnLKpz71QfDTMS2BnrWjMytp8a7wBxzg80S3BDLZ5Z9yZBI5oqG0kMcrHnpjiigCGWJt+eu44z71adT9kjiHLg9KKKTKSH2MewuzfeHGKKKKZJ\/\/Z"}},"streamable":true,"televisor_hash":"PuMGHQ2sDhLsOQiF2Uc0VQ&ts=1788393954"}}},{"channel_id":1675827569,"post_id":38830,"date":1788332838000,"forwards":"34","views":"1.6K","comments":"9","text":"\ud83c\uddea\ud83c\uddf8\ud83c\uddf2\ud83c\udde6 | Juan Ruiz caza con un IPhone 17 ProMax a uno de los invasores de Ceuta que se hace pasar por necesitado.","text_length":115,"media":{"root":"\/012\/rpcAAHEZ42MAAAAAKSHtAu47aNQ.WB8AAATzuVCWQbLDJzELFgQ.AmPjGXEAAJeuapfZ6pRIevGkOt6Ju4oLnrDMXpo","video":{"duration":59,"w":464,"h":848,"is_animation":false,"is_round":false,"mime_type":"video\/mp4","size":22693507,"thumbs":{"m":{"w":180,"h":320,"hash":"dHkNI4VaLPPlEU4ElVm91A&ts=1788393954"},"i":{"bytes":"AoABY|Cuqho+2cc1U2mrLkpGxUnoDUKhnYDqTwKaGSWsjRsdqbsjpRWxa2wgiA\/i7migauY8TiTPmdMYwKns03XC4HAOagQbgGPsOKu2Q\/eqRwKQGmDRRmimBhdTkdRSiQo4K8EUUUkMuLqHHzJz7GiiimI\/\/9k="}},"streamable":true,"televisor_hash":"KKrqiR8Uc4Sm5LUxUwObEw&ts=1788393954"}}},{"channel_id":1675827569,"post_id":38829,"date":1788322901000,"forwards":"3","views":"562","comments":"4","text":"\ud83c\uddea\ud83c\uddf8 | M\u00e1s de una treintena de alcaldes socialistas desafiar\u00e1n a S\u00e1nchez en las manifestaciones por Ceuta\n\nCasi 40 alcaldes del PSOE, muchos de ellos procedentes de Andaluc\u00eda, han mostrado su intenci\u00f3n de participar en las concentraciones convocadas en apoyo a Ceuta, pese a las recomendaciones de la direcci\u00f3n socialista para que no acudan. El partido considera que estas movilizaciones tienen un marcado car\u00e1cter partidista y que, adem\u00e1s de respaldar a la ciudad aut\u00f3noma, pueden convertirse en un acto de protesta contra el presidente del Gobierno, Pedro S\u00e1nchez.\n\nLa direcci\u00f3n del PSOE tambi\u00e9n ha cuestionado la decisi\u00f3n de la FEMP de promover las concentraciones de forma unilateral, al considerar que una organizaci\u00f3n de car\u00e1cter colegiado no deber\u00eda haber tomado esta iniciativa sin el consenso de sus \u00f3rganos.","text_length":817,"media":{"root":"\/001\/rZcAAHEZ42MAAAAANG_xtkYnnv8.ZQ9rGwTzuVCB6PvZfrahBQQ.AmPjGXEAAJetapev-WG1ULOZBrK0Ijojy7_59_c","photo":{"thumbs":{"m":{"w":320,"h":180,"hash":"yyuizxwr2hX0szj8SyQWRQ&ts=1788393954"},"x":{"w":800,"h":450,"hash":"4sLMJimaWyIh-datAFEFcQ&ts=1788393954"},"y":{"w":1280,"h":720,"hash":"ZJhzFdCip_osXf2lxtjqnw&ts=1788393954"},"i":{"bytes":"AXACg|BsZ61LK5Fs2Op4qFOOtKzlrYuMY3YrNIsqLC5AYY+lWYN6x4b14pqgnBEmM8YqYgiNdxyabYWKtz1opLk84ooFcUvuX0p9u+19p5VuCKKK1toSNCAAPjGSRj6VIjE5zRRUtaDIp0JbNFFFQOx\/\/9k="}}}}},{"channel_id":1675827569,"post_id":38828,"date":1788297146000,"forwards":"30","views":"4.6K","comments":"15","text":"\ud83c\uddea\ud83c\uddf8\ud83c\uddf2\ud83c\udde6 | Detenido un var\u00f3n marroqu\u00ed tras atrincherarse y prender fuego a una vivienda en Anna.\n\nLa Guardia Civil evit\u00f3 una aut\u00e9ntica tragedia en el municipio valenciano de Anna, en la comarca de la Canal de Navarr\u00e9s, tras detener a un var\u00f3n de 36 a\u00f1os y origen marroqu\u00ed por provocar un grave incendio intencionado.\n\nSeg\u00fan fuentes policiales, el sospechoso se atrincher\u00f3 con llave en una segunda planta e inici\u00f3 el fuego, arrojando colchones y ropa a las llamas para avivarlo. Agentes del puesto de Canals derribaron la puerta, redujeron al individuo y sofocaron el incendio junto a varios vecinos, evitando que alcanzase la planta baja donde se encontraba una familia.\n\nEl suceso se sald\u00f3 con dos guardias civiles atendidos por quemaduras leves y varios residentes intoxicados por humo. El arrestado est\u00e1 acusado de incendio con peligro para la vida y da\u00f1os.","text_length":860,"media":{"root":"\/00d\/rJcAAHEZ42MAAAAAPNMt-RG22Cw.6A5rGwTzuVAEoc1D18iagQQ.AmPjGXEAAJesapdNgfWlzUP7knH7v9bv8uslwpU","photo":{"thumbs":{"m":{"w":320,"h":280,"hash":"B5VrsFqNRv5o6Be3KBBPwg&ts=1788393954"},"x":{"w":800,"h":700,"hash":"uensPB8JIZhSPbSo0jDyBg&ts=1788393954"},"y":{"w":1053,"h":922,"hash":"CM1BLu0iw1QbyV-xp8vScA&ts=1788393954"},"i":{"bytes":"AjACg|CLBB459jSgOOWQgetE5KbWQdeSaJJGaE8mkgbLOOKoyp5l35adf61LFdgOsbge7ZqW2Qb2lP3mOfw9Ktu6JRG9u7MY0z5aHGffFFaCusefVz0Hc0VJRlqGltjhTtHGcfnTXDiIjII9KtW6mPT255Y9PTmoGjYoxD8DHFCBjYLd5Iw+M5qUM0ahM84655p1tGYbbJyPm9aU8ZYY60gBC+UZAW2nP+NFSwSbi3TiimA1D\/oWO3P86ZH\/AMez+5\/woopAJLxYHH+eaZGSWAJ4K0UUASgBZVxxkc0UUUAf\/9k="}}}}},{"channel_id":1675827569,"post_id":38827,"date":1788292374000,"forwards":"63","views":"5.2K","comments":"183","text":"\ud83c\uddea\ud83c\uddf8 | Cuatro j\u00f3venes de origen marroqu\u00ed matan a un padre de familia en Manresa para robarle: \n\nCarles Vilajosana, padre de dos hijos, mor\u00eda apu\u00f1alado esta madrugada en Manresa durante la Fiesta Mayor. El vecino de Castellnou de Bages, jardinero de profesi\u00f3n y padre de dos hijos de cinco a\u00f1os, ha sido apu\u00f1alado en el centro de Manresa, en la \u00faltima noche de la Fiesta Mayor. Los Mossos d\u2019Esquadra recibieron el aviso alrededor de las 5:00 horas y encontraron a la v\u00edctima gravemente herida en el pecho, aunque los sanitarios no pudieron salvarle la vida. La investigaci\u00f3n apunta a que habr\u00edan participado cuatro j\u00f3venes en el crimen y, por el momento, dos menores de 16 a\u00f1os han sido detenidos como presuntos implicados; uno de ellos estar\u00eda se\u00f1alado como autor material de la cuchillada.","text_length":790,"media":{"root":"\/00e\/q5cAAHEZ42MAAAAAtv0EnFu9BNs.tw5rGwTzuVCaOSknFfDckwQ.AmPjGXEAAJerapcv_k61K0sREXIlsw86lHMKxsg","photo":{"thumbs":{"m":{"w":320,"h":200,"hash":"9xwDZN6yzWXr1EcOuym6DA&ts=1788393954"},"x":{"w":480,"h":300,"hash":"EDyfoUxQLD_MvoildZ9lWg&ts=1788393954"},"i":{"bytes":"AZACg|B3lSIP3bsRnoeaqXH7+5xJ8qJxTw0eO+fanLJHvOBnPrUvQtbleaBYjvjbOOoqNyeMGrlwx8hhxz7VTJDcZ7UIGJnFFTxQf31z9DRTJuho+lRyE54p\/YUw00huVxVOdoIPvSMuDlPyoX74px+8Kdib3HLO6gKB+NFA+9RUhyo\/\/9k="}}}}},{"channel_id":1675827569,"post_id":38826,"date":1788290391000,"forwards":"43","views":"5.2K","comments":"50","text":"\ud83c\uddea\ud83c\uddf8 | #Urgente El delegado del gobierno en Madrid niega ahora haber prohibido la manifestaci\u00f3n frente al Ayuntamiento:\n\nEn un comunicado, aclara que no ha prohibido el acto y que las marchas \u00abpodr\u00e1n desarrollarse con normalidad si han sido organizados por un Ayuntamiento o comunicados a esta Delegaci\u00f3n por un particular\u00bb.","text_length":324,"media":{"root":"\/00e\/qpcAAHEZ42MAAAAAtv0EnFu9BNs.qA5rGwTzuVDKJshsIpQ1HQQ.AmPjGXEAAJeqapcv_pn7w7hW01wfhvly-C5THjk","photo":{"thumbs":{"m":{"w":320,"h":320,"hash":"EPGl5N5YLdd5AqDM0ucEUA&ts=1788393954"},"x":{"w":800,"h":800,"hash":"wb36-3LEWbI96FGnMfa4YQ&ts=1788393954"},"y":{"w":1200,"h":1200,"hash":"UqYojDWO-cFHWIWwT7lSyw&ts=1788393954"},"i":{"bytes":"AoACg|C2R7imke4pcjHWgtgHB\/SmSRsKYwqPzXMgGR19KmYUJ3HJWGKMuB6mipYFzOn1oqZK7BERkPmhRknPSiWfy8gRszewplhKJbmNujZPH4VrOcLTvYbRkAuY3kETBgAQPXnnilinkkcK8LLnvg1oQuT1z\/OpMt6UloD1K9shE4JBoq1RQJHMRSmAq8T\/AD\/TpU\/9p3ZOPMH\/AHyKKKYwOoXKnhwP+Aj\/AApRqV2VJ83p\/sj\/AAoooA1LGZ5bMySHcfpRRRQB\/9k="}}}}},{"channel_id":1675827569,"post_id":38825,"date":1788285371000,"forwards":"40","views":"5.3K","comments":"172","text":"\ud83c\uddea\ud83c\uddf8 #\u00daltimaHora | La Delegaci\u00f3n del Gobierno proh\u00edbe en Cibeles la concentraci\u00f3n de apoyo a Ceuta.","text_length":99,"media":{"root":"\/012\/qZcAAHEZ42MAAAAAKSHtAu47aNQ","photo":{"thumbs":{"m":{"w":320,"h":213,"hash":"1vJqlo3XQ-bdsC5X2xo_2g&ts=1788393954"},"x":{"w":800,"h":533,"hash":"EFhQVuWLgsJ6yaNX8UMCtg&ts=1788393954"},"y":{"w":1280,"h":853,"hash":"ncQ35Cbx3dmTMKRGSX-FSA&ts=1788393954"},"i":{"bytes":"AbACg|BPOWSFo3J9iO9Vo2bbtw+CcDg020X\/AEho3PGP69asCKQysqOAinqe9TsXuHKswDMCDgcdR9Kcl2ctgjGcEnsKYA89yVdlZc8AGmyiNyEGEB4JxRcLFyRZGVSsgAznIHX0oqKOeMJ5SqXReM5zRU6jsiJAVuWlboBj1qWB1Zi23kVPFxwAMfSkVQEdgMHd1p82gKNncrJKYpioT5jwPap50hZcTP8A4moY1HzP\/FnrSWiLKzmQBjnvQDY4BAoESbV96KhvSQyqDx6UU7E8x\/\/Z"}}}}},{"channel_id":1675827569,"post_id":38824,"date":1788280514000,"forwards":"11","views":"1.5K","comments":"19","text":"\ud83c\uddfa\ud83c\uddf8 | La Polic\u00eda de Nueva York abate en Times Square a una mujer latina, identificada como Pamela Cisneros, tras apu\u00f1alar por sorpresa a un hombre de 68 a\u00f1os y una mujer de 32 que muri\u00f3.","text_length":187,"media":{"root":"\/006\/qJcAAHEZ42MAAAAA46LTcl6t1zo","video":{"duration":75,"w":464,"h":848,"is_animation":false,"is_round":false,"mime_type":"video\/mp4","size":15748692,"thumbs":{"m":{"w":175,"h":320,"hash":"6HzhKdz3Z_GM9oSdg2gWdQ&ts=1788393954"},"i":{"bytes":"AoABY|B0k6vbxjpjOahttq5WTAIIxmoYIWM20sw+XOaJIiLkKckEZ470AW3nQRhSwPPY0VQQksQNvHc0UWHcugYkD+2KGHzh85\/yf8aUZ60hJH0oENeGNzkqM0U7r0ooAQHFAbPFFFAAMUUUUAf\/2Q=="}},"streamable":true,"televisor_hash":"ZEgtkpUXCRhVZLY3KIq8gA&ts=1788393954"}}},{"channel_id":1675827569,"post_id":38823,"date":1788279330000,"forwards":"41","views":"5.9K","comments":"28","text":"\ud83c\uddea\ud83c\uddf8 | Defensa autoriza a los militares desplegados en Ceuta a usar sus armas en defensa propia, aunque \u00fanicamente uno de cada cuatro o cinco efectivos podr\u00e1 portar una pistola o un fusil cargado.","text_length":196,"media":{"root":"\/00d\/p5cAAHEZ42MAAAAAPNMt-RG22Cw","photo":{"thumbs":{"m":{"w":320,"h":310,"hash":"g7MTNEusMb1VMZhnuywNLg&ts=1788393954"},"x":{"w":800,"h":774,"hash":"A3_s53VYQ93l1DM79-AHFQ&ts=1788393954"},"y":{"w":1151,"h":1114,"hash":"dzvQeM9YI1hX4o24dF5ZhQ&ts=1788393954"},"i":{"bytes":"AnACg|ACAjI5FHl0gwgwrjHtSxMzJkyDPcY6Vr7Ux9kL5ftShOD7CohO+TkDH0qQTAsuRgH7xz0puomNU2g2UVKHhP8Ay0UUVXtETyMglTER+UZ\/Wo4oAbZ5Ae+KsywlIHJK5xzxTYkcIyLGWXJ2knAIrmOixBbJm5GTlcYOKjlkdtznOTzVmCRLaIlzyTjAGaYxje5WWQFBkHDjHGKAHMhQAOuPeircc8VwWRfmHfjiii7QWQ\/FKKKKQ7DVjRTnaN3rSPEjuGcZx2PSiigB444FFFFAj\/\/Z"}}}}},{"channel_id":1675827569,"post_id":38822,"date":1788279060000,"forwards":"21","views":"5.1K","comments":"42","text":"\ud83c\uddfa\ud83c\uddf8 | El jurado del caso de Lindsay Clancy, compuesto por nueve mujeres y tres hombres, no alcanza un veredicto un\u00e1nime y el juez ordena continuar deliberando:\n\nLa enfermera de Massachusetts se enfrenta a una posible cadena perpetua o a su ingreso en un centro psiqui\u00e1trico tras haber acabado con la vida de sus tres hijos.","text_length":324,"media":{"root":"\/012\/ppcAAHEZ42MAAAAAKSHtAu47aNQ","photo":{"thumbs":{"m":{"w":320,"h":157,"hash":"0bY1NDIvqBXt0jSI98pFlA&ts=1788393954"},"x":{"w":448,"h":220,"hash":"Sy_Zqg8zWI2cz4C9lXDbKw&ts=1788393954"},"i":{"bytes":"AUACg|CsOtWbcR7XaVGZemR2quKswTCOIgyAHP3alDK9yvkygKSY26E0gORRdyCUg5JYd6jjPJoewLcfRRRSSBsQGmZ\/fE+1FFUIkt1E0xD8ioc7ZsCiigZJniiiihAf\/9k="}}}}},{"channel_id":1675827569,"post_id":38821,"date":1788269166000,"forwards":"49","views":"5.8K","comments":"34","text":"\ud83c\uddea\ud83c\uddf8\ud83c\uddf2\ud83c\udde6 | Miedo entre las educadoras de una guarder\u00eda en Ceuta ante un asentamiento de inmigrantes pegado al centro: \u00abHemos tenido que comprar sprays de pimienta\u00bb.","text_length":164,"media":{"root":"\/006\/pZcAAHEZ42MAAAAA46LTcl6t1zo","video":{"duration":64,"w":464,"h":848,"is_animation":false,"is_round":false,"mime_type":"video\/mp4","size":24765517,"thumbs":{"m":{"w":180,"h":320,"hash":"10mzEB6JwN3Ip8ZeisxG2w&ts=1788393954"},"i":{"bytes":"AoABY|DSyqjJIx6mjIxkYqpct5lqTtOOtJHMsMCqQ2AM0BYtk0VTW9V8\/KeKKLisEc4IPIX\/AGTUV1OAjZAYKMAVTupnSUqrYGOlSRljbBnOec5NIslG1UQquGZfmop0aBoQzKFfOM56iiiwFC7+aZ\/bFXNv7rZ6DFFFJghRnnnjPGaKKKQz\/9k="}},"streamable":true,"televisor_hash":"xeA9dzecOJbyYdguXDuZ7g&ts=1788393954"}}}]